{"id":4514,"date":"2025-10-16T15:43:33","date_gmt":"2025-10-16T15:43:33","guid":{"rendered":"https:\/\/youthmatchpoint.eu\/?page_id=4514"},"modified":"2025-10-16T15:56:02","modified_gmt":"2025-10-16T15:56:02","slug":"european-solidarity-corps","status":"publish","type":"page","link":"https:\/\/youthmatchpoint.eu\/es\/european-solidarity-corps\/","title":{"rendered":"European Solidarity Corps"},"content":{"rendered":"<div data-elementor-type=\"wp-page\" data-elementor-id=\"4514\" class=\"elementor elementor-4514\" data-elementor-post-type=\"page\">\n\t\t\t\t<div class=\"elementor-element elementor-element-2e3f5cdf e-flex e-con-boxed wpr-particle-no wpr-jarallax-no wpr-parallax-no wpr-sticky-section-no e-con e-parent\" data-id=\"2e3f5cdf\" data-element_type=\"container\" data-e-type=\"container\">\n\t\t\t\t\t<div class=\"e-con-inner\">\n\t\t\t\t<div class=\"elementor-element elementor-element-6d34c8f9 elementor-mobile-align-center elementor-widget elementor-widget-button\" data-id=\"6d34c8f9\" data-element_type=\"widget\" data-e-type=\"widget\" data-widget_type=\"button.default\">\n\t\t\t\t<div class=\"elementor-widget-container\">\n\t\t\t\t\t\t\t\t\t<div class=\"elementor-button-wrapper\">\n\t\t\t\t\t<a class=\"elementor-button elementor-button-link elementor-size-sm elementor-animation-pop\" href=\"\/es\/good-practices\/\">\n\t\t\t\t\t\t<span class=\"elementor-button-content-wrapper\">\n\t\t\t\t\t\t\t\t\t<span class=\"elementor-button-text\">Volver a las buenas pr\u00e1cticas<\/span>\n\t\t\t\t\t<\/span>\n\t\t\t\t\t<\/a>\n\t\t\t\t<\/div>\n\t\t\t\t\t\t\t\t<\/div>\n\t\t\t\t<\/div>\n\t\t\t\t\t<\/div>\n\t\t\t\t<\/div>\n\t\t\t\t<section class=\"elementor-section elementor-top-section elementor-element elementor-element-73a9e015 elementor-section-stretched elementor-section-boxed elementor-section-height-default elementor-section-height-default wpr-particle-no wpr-jarallax-no wpr-parallax-no wpr-sticky-section-no\" data-id=\"73a9e015\" data-element_type=\"section\" data-e-type=\"section\" data-settings=\"{&quot;stretch_section&quot;:&quot;section-stretched&quot;,&quot;background_background&quot;:&quot;classic&quot;}\">\n\t\t\t\t\t\t<div class=\"elementor-container elementor-column-gap-default\">\n\t\t\t\t\t<div class=\"elementor-column elementor-col-100 elementor-top-column elementor-element elementor-element-251213b6\" data-id=\"251213b6\" data-element_type=\"column\" data-e-type=\"column\">\n\t\t\t<div class=\"elementor-widget-wrap elementor-element-populated\">\n\t\t\t\t\t\t<div class=\"elementor-element elementor-element-4df558d4 elementor-widget elementor-widget-heading\" data-id=\"4df558d4\" data-element_type=\"widget\" data-e-type=\"widget\" data-widget_type=\"heading.default\">\n\t\t\t\t<div class=\"elementor-widget-container\">\n\t\t\t\t\t<h2 class=\"elementor-heading-title elementor-size-default\">European Solidarity Corps<\/h2>\t\t\t\t<\/div>\n\t\t\t\t<\/div>\n\t\t\t\t<section class=\"elementor-section elementor-inner-section elementor-element elementor-element-556f326c elementor-section-boxed elementor-section-height-default elementor-section-height-default wpr-particle-no wpr-jarallax-no wpr-parallax-no wpr-sticky-section-no\" data-id=\"556f326c\" data-element_type=\"section\" data-e-type=\"section\">\n\t\t\t\t\t\t<div class=\"elementor-container elementor-column-gap-default\">\n\t\t\t\t\t<div class=\"elementor-column elementor-col-50 elementor-inner-column elementor-element elementor-element-1c4125ba\" data-id=\"1c4125ba\" data-element_type=\"column\" data-e-type=\"column\" data-settings=\"{&quot;background_background&quot;:&quot;classic&quot;}\">\n\t\t\t<div class=\"elementor-widget-wrap elementor-element-populated\">\n\t\t\t\t\t\t<div class=\"elementor-element elementor-element-4100aedd elementor-widget elementor-widget-text-editor\" data-id=\"4100aedd\" data-element_type=\"widget\" data-e-type=\"widget\" data-widget_type=\"text-editor.default\">\n\t\t\t\t<div class=\"elementor-widget-container\">\n\t\t\t\t\t<div class=\"bb-theme-elementor-wrap bb-elementor-custom-color bb-elementor-custom-family bb-elementor-custom-size bb-elementor-custom-line-height\">\t\t\t\t<p>INFORMACI\u00d3N GENERAL<\/p>\t\t\t\t<\/div>\t\t\t\t<\/div>\n\t\t\t\t<\/div>\n\t\t\t\t\t<\/div>\n\t\t<\/div>\n\t\t\t\t<div class=\"elementor-column elementor-col-50 elementor-inner-column elementor-element elementor-element-35303b80\" data-id=\"35303b80\" data-element_type=\"column\" data-e-type=\"column\" data-settings=\"{&quot;background_background&quot;:&quot;classic&quot;}\">\n\t\t\t<div class=\"elementor-widget-wrap elementor-element-populated\">\n\t\t\t\t\t\t<div class=\"elementor-element elementor-element-18544f86 elementor-widget elementor-widget-text-editor\" data-id=\"18544f86\" data-element_type=\"widget\" data-e-type=\"widget\" data-widget_type=\"text-editor.default\">\n\t\t\t\t<div class=\"elementor-widget-container\">\n\t\t\t\t\t<div class=\"bb-theme-elementor-wrap bb-elementor-custom-family\">\t\t\t\t<p>El Cuerpo Europeo de Solidaridad es una iniciativa de la Uni\u00f3n Europea que tiene como objetivo crear oportunidades para que los j\u00f3venes participen en actividades de solidaridad en toda Europa. Apoya el voluntariado, las pr\u00e1cticas profesionales, los empleos y los proyectos de solidaridad que benefician a las comunidades y contribuyen a la cohesi\u00f3n social.<\/p>\t\t\t\t<\/div>\t\t\t\t<\/div>\n\t\t\t\t<\/div>\n\t\t\t\t\t<\/div>\n\t\t<\/div>\n\t\t\t\t\t<\/div>\n\t\t<\/section>\n\t\t\t\t<section class=\"elementor-section elementor-inner-section elementor-element elementor-element-936f4b elementor-section-boxed elementor-section-height-default elementor-section-height-default wpr-particle-no wpr-jarallax-no wpr-parallax-no wpr-sticky-section-no\" data-id=\"936f4b\" data-element_type=\"section\" data-e-type=\"section\">\n\t\t\t\t\t\t<div class=\"elementor-container elementor-column-gap-default\">\n\t\t\t\t\t<div class=\"elementor-column elementor-col-50 elementor-inner-column elementor-element elementor-element-400e6f28\" data-id=\"400e6f28\" data-element_type=\"column\" data-e-type=\"column\" data-settings=\"{&quot;background_background&quot;:&quot;classic&quot;}\">\n\t\t\t<div class=\"elementor-widget-wrap elementor-element-populated\">\n\t\t\t\t\t\t<div class=\"elementor-element elementor-element-5b6dde30 elementor-widget elementor-widget-text-editor\" data-id=\"5b6dde30\" data-element_type=\"widget\" data-e-type=\"widget\" data-widget_type=\"text-editor.default\">\n\t\t\t\t<div class=\"elementor-widget-container\">\n\t\t\t\t\t<div class=\"bb-theme-elementor-wrap bb-elementor-custom-color bb-elementor-custom-family bb-elementor-custom-size bb-elementor-custom-line-height\">\t\t\t\t<p>ENLACES \u00daTILES<\/p>\t\t\t\t<\/div>\t\t\t\t<\/div>\n\t\t\t\t<\/div>\n\t\t\t\t\t<\/div>\n\t\t<\/div>\n\t\t\t\t<div class=\"elementor-column elementor-col-50 elementor-inner-column elementor-element elementor-element-735395b5\" data-id=\"735395b5\" data-element_type=\"column\" data-e-type=\"column\" data-settings=\"{&quot;background_background&quot;:&quot;classic&quot;}\">\n\t\t\t<div class=\"elementor-widget-wrap elementor-element-populated\">\n\t\t\t\t\t\t<div class=\"elementor-element elementor-element-1d1e1d4c elementor-widget elementor-widget-text-editor\" data-id=\"1d1e1d4c\" data-element_type=\"widget\" data-e-type=\"widget\" data-widget_type=\"text-editor.default\">\n\t\t\t\t<div class=\"elementor-widget-container\">\n\t\t\t\t\t<div class=\"bb-theme-elementor-wrap bb-elementor-custom-family\">\t\t\t\t<p><a href=\"https:\/\/youth.europa.eu\/solidarity_is\">https:\/\/youth.europa.eu\/solidarity_is<\/a><\/p>\t\t\t\t<\/div>\t\t\t\t<\/div>\n\t\t\t\t<\/div>\n\t\t\t\t\t<\/div>\n\t\t<\/div>\n\t\t\t\t\t<\/div>\n\t\t<\/section>\n\t\t\t\t<section class=\"elementor-section elementor-inner-section elementor-element elementor-element-75fea239 elementor-section-boxed elementor-section-height-default elementor-section-height-default wpr-particle-no wpr-jarallax-no wpr-parallax-no wpr-sticky-section-no\" data-id=\"75fea239\" data-element_type=\"section\" data-e-type=\"section\">\n\t\t\t\t\t\t<div class=\"elementor-container elementor-column-gap-default\">\n\t\t\t\t\t<div class=\"elementor-column elementor-col-50 elementor-inner-column elementor-element elementor-element-3782d0a3\" data-id=\"3782d0a3\" data-element_type=\"column\" data-e-type=\"column\" data-settings=\"{&quot;background_background&quot;:&quot;classic&quot;}\">\n\t\t\t<div class=\"elementor-widget-wrap elementor-element-populated\">\n\t\t\t\t\t\t<div class=\"elementor-element elementor-element-1c3dd115 elementor-widget elementor-widget-text-editor\" data-id=\"1c3dd115\" data-element_type=\"widget\" data-e-type=\"widget\" data-widget_type=\"text-editor.default\">\n\t\t\t\t<div class=\"elementor-widget-container\">\n\t\t\t\t\t<div class=\"bb-theme-elementor-wrap bb-elementor-custom-color bb-elementor-custom-family bb-elementor-custom-size bb-elementor-custom-line-height\">\t\t\t\t<p>RESUMEN<\/p>\t\t\t\t<\/div>\t\t\t\t<\/div>\n\t\t\t\t<\/div>\n\t\t\t\t\t<\/div>\n\t\t<\/div>\n\t\t\t\t<div class=\"elementor-column elementor-col-50 elementor-inner-column elementor-element elementor-element-685b9784\" data-id=\"685b9784\" data-element_type=\"column\" data-e-type=\"column\" data-settings=\"{&quot;background_background&quot;:&quot;classic&quot;}\">\n\t\t\t<div class=\"elementor-widget-wrap elementor-element-populated\">\n\t\t\t\t\t\t<div class=\"elementor-element elementor-element-3761401 elementor-widget elementor-widget-text-editor\" data-id=\"3761401\" data-element_type=\"widget\" data-e-type=\"widget\" data-widget_type=\"text-editor.default\">\n\t\t\t\t<div class=\"elementor-widget-container\">\n\t\t\t\t\t<div class=\"bb-theme-elementor-wrap bb-elementor-custom-family\">\t\t\t\t<p>DiscoverEU es una iniciativa del programa Erasmus+ que te permite explorar la diversidad de Europa, el patrimonio cultural e hist\u00f3rico del continente y establecer conexiones con personas de toda Europa.<\/p>\t\t\t\t<\/div>\t\t\t\t<\/div>\n\t\t\t\t<\/div>\n\t\t\t\t\t<\/div>\n\t\t<\/div>\n\t\t\t\t\t<\/div>\n\t\t<\/section>\n\t\t\t\t<section class=\"elementor-section elementor-inner-section elementor-element elementor-element-54a8074d elementor-section-boxed elementor-section-height-default elementor-section-height-default wpr-particle-no wpr-jarallax-no wpr-parallax-no wpr-sticky-section-no\" data-id=\"54a8074d\" data-element_type=\"section\" data-e-type=\"section\">\n\t\t\t\t\t\t<div class=\"elementor-container elementor-column-gap-default\">\n\t\t\t\t\t<div class=\"elementor-column elementor-col-50 elementor-inner-column elementor-element elementor-element-561b958e\" data-id=\"561b958e\" data-element_type=\"column\" data-e-type=\"column\" data-settings=\"{&quot;background_background&quot;:&quot;classic&quot;}\">\n\t\t\t<div class=\"elementor-widget-wrap elementor-element-populated\">\n\t\t\t\t\t\t<div class=\"elementor-element elementor-element-6ad8e553 elementor-widget elementor-widget-text-editor\" data-id=\"6ad8e553\" data-element_type=\"widget\" data-e-type=\"widget\" data-widget_type=\"text-editor.default\">\n\t\t\t\t<div class=\"elementor-widget-container\">\n\t\t\t\t\t<div class=\"bb-theme-elementor-wrap bb-elementor-custom-color bb-elementor-custom-family bb-elementor-custom-size bb-elementor-custom-line-height\">\t\t\t\t<p>OBJETIVOS<\/p>\t\t\t\t<\/div>\t\t\t\t<\/div>\n\t\t\t\t<\/div>\n\t\t\t\t\t<\/div>\n\t\t<\/div>\n\t\t\t\t<div class=\"elementor-column elementor-col-50 elementor-inner-column elementor-element elementor-element-767e1b6a\" data-id=\"767e1b6a\" data-element_type=\"column\" data-e-type=\"column\" data-settings=\"{&quot;background_background&quot;:&quot;classic&quot;}\">\n\t\t\t<div class=\"elementor-widget-wrap elementor-element-populated\">\n\t\t\t\t\t\t<div class=\"elementor-element elementor-element-61af45d8 elementor-widget elementor-widget-text-editor\" data-id=\"61af45d8\" data-element_type=\"widget\" data-e-type=\"widget\" data-widget_type=\"text-editor.default\">\n\t\t\t\t<div class=\"elementor-widget-container\">\n\t\t\t\t\t<div class=\"bb-theme-elementor-wrap bb-elementor-custom-family\">\t\t\t\t<ul><li>Ofrecer a los j\u00f3venes oportunidades para participar en actividades de solidaridad que beneficien a las comunidades.<\/li><li>Promover los valores europeos como la inclusi\u00f3n social, la diversidad y la sostenibilidad ambiental.<\/li><li>Apoyar el desarrollo personal y profesional de los j\u00f3venes mediante el voluntariado, las pr\u00e1cticas profesionales y las colocaciones laborales.<\/li><li>Fomentar la comprensi\u00f3n intercultural y la cooperaci\u00f3n entre los j\u00f3venes en Europa.\"<\/li><\/ul>\t\t\t\t<\/div>\t\t\t\t<\/div>\n\t\t\t\t<\/div>\n\t\t\t\t\t<\/div>\n\t\t<\/div>\n\t\t\t\t\t<\/div>\n\t\t<\/section>\n\t\t\t\t<section class=\"elementor-section elementor-inner-section elementor-element elementor-element-22e32d3c elementor-section-boxed elementor-section-height-default elementor-section-height-default wpr-particle-no wpr-jarallax-no wpr-parallax-no wpr-sticky-section-no\" data-id=\"22e32d3c\" data-element_type=\"section\" data-e-type=\"section\">\n\t\t\t\t\t\t<div class=\"elementor-container elementor-column-gap-default\">\n\t\t\t\t\t<div class=\"elementor-column elementor-col-50 elementor-inner-column elementor-element elementor-element-5982e2e7\" data-id=\"5982e2e7\" data-element_type=\"column\" data-e-type=\"column\" data-settings=\"{&quot;background_background&quot;:&quot;classic&quot;}\">\n\t\t\t<div class=\"elementor-widget-wrap elementor-element-populated\">\n\t\t\t\t\t\t<div class=\"elementor-element elementor-element-21c04986 elementor-widget elementor-widget-text-editor\" data-id=\"21c04986\" data-element_type=\"widget\" data-e-type=\"widget\" data-widget_type=\"text-editor.default\">\n\t\t\t\t<div class=\"elementor-widget-container\">\n\t\t\t\t\t<div class=\"bb-theme-elementor-wrap bb-elementor-custom-color bb-elementor-custom-family bb-elementor-custom-size bb-elementor-custom-line-height\">\t\t\t\t<p>CONTEXTO Y ANTECEDENTES<\/p>\t\t\t\t<\/div>\t\t\t\t<\/div>\n\t\t\t\t<\/div>\n\t\t\t\t\t<\/div>\n\t\t<\/div>\n\t\t\t\t<div class=\"elementor-column elementor-col-50 elementor-inner-column elementor-element elementor-element-1d48bd38\" data-id=\"1d48bd38\" data-element_type=\"column\" data-e-type=\"column\" data-settings=\"{&quot;background_background&quot;:&quot;classic&quot;}\">\n\t\t\t<div class=\"elementor-widget-wrap elementor-element-populated\">\n\t\t\t\t\t\t<div class=\"elementor-element elementor-element-572f072f elementor-widget elementor-widget-text-editor\" data-id=\"572f072f\" data-element_type=\"widget\" data-e-type=\"widget\" data-widget_type=\"text-editor.default\">\n\t\t\t\t<div class=\"elementor-widget-container\">\n\t\t\t\t\t<div class=\"bb-theme-elementor-wrap bb-elementor-custom-family\">\t\t\t\t<p>Lanzado en 2016 por la Comisi\u00f3n Europea, el Cuerpo Europeo de Solidaridad se basa en el \u00e9xito de programas anteriores de la UE, como el Servicio Voluntario Europeo (SVE). Responde al deseo de los j\u00f3venes de participar en actividades significativas que contribuyan a la sociedad, al mismo tiempo que promueve la solidaridad y la unidad europeas.<\/p>\t\t\t\t<\/div>\t\t\t\t<\/div>\n\t\t\t\t<\/div>\n\t\t\t\t\t<\/div>\n\t\t<\/div>\n\t\t\t\t\t<\/div>\n\t\t<\/section>\n\t\t\t\t<section class=\"elementor-section elementor-inner-section elementor-element elementor-element-25b0d55f elementor-section-boxed elementor-section-height-default elementor-section-height-default wpr-particle-no wpr-jarallax-no wpr-parallax-no wpr-sticky-section-no\" data-id=\"25b0d55f\" data-element_type=\"section\" data-e-type=\"section\">\n\t\t\t\t\t\t<div class=\"elementor-container elementor-column-gap-default\">\n\t\t\t\t\t<div class=\"elementor-column elementor-col-50 elementor-inner-column elementor-element elementor-element-2565135c\" data-id=\"2565135c\" data-element_type=\"column\" data-e-type=\"column\" data-settings=\"{&quot;background_background&quot;:&quot;classic&quot;}\">\n\t\t\t<div class=\"elementor-widget-wrap elementor-element-populated\">\n\t\t\t\t\t\t<div class=\"elementor-element elementor-element-7c8449e0 elementor-widget elementor-widget-text-editor\" data-id=\"7c8449e0\" data-element_type=\"widget\" data-e-type=\"widget\" data-widget_type=\"text-editor.default\">\n\t\t\t\t<div class=\"elementor-widget-container\">\n\t\t\t\t\t<div class=\"bb-theme-elementor-wrap bb-elementor-custom-color bb-elementor-custom-family bb-elementor-custom-size bb-elementor-custom-line-height\">\t\t\t\t<p>IMPLEMENTACI\u00d3N: ACTIVIDADES Y METODOLOG\u00cdAS<\/p>\t\t\t\t<\/div>\t\t\t\t<\/div>\n\t\t\t\t<\/div>\n\t\t\t\t\t<\/div>\n\t\t<\/div>\n\t\t\t\t<div class=\"elementor-column elementor-col-50 elementor-inner-column elementor-element elementor-element-73ac4b1b\" data-id=\"73ac4b1b\" data-element_type=\"column\" data-e-type=\"column\" data-settings=\"{&quot;background_background&quot;:&quot;classic&quot;}\">\n\t\t\t<div class=\"elementor-widget-wrap elementor-element-populated\">\n\t\t\t\t\t\t<div class=\"elementor-element elementor-element-323a43e elementor-widget elementor-widget-text-editor\" data-id=\"323a43e\" data-element_type=\"widget\" data-e-type=\"widget\" data-widget_type=\"text-editor.default\">\n\t\t\t\t<div class=\"elementor-widget-container\">\n\t\t\t\t\t<div class=\"bb-theme-elementor-wrap bb-elementor-custom-family\">\t\t\t\t<p>Las actividades del Cuerpo Europeo de Solidaridad incluyen:<\/p><ul><li>Voluntariado: Los j\u00f3venes pueden ofrecerse como voluntarios en diversos \u00e1mbitos, como el cuidado social, la educaci\u00f3n, el medio ambiente y el patrimonio cultural.<\/li><li>Pr\u00e1cticas y Empleos: Oportunidades de pr\u00e1cticas laborales y empleos que contribuyen a las necesidades de la sociedad.<\/li><li>Proyectos de Solidaridad: Iniciativas que abordan desaf\u00edos espec\u00edficos en las comunidades, fomentando la cooperaci\u00f3n y la solidaridad.<\/li><li>Las metodolog\u00edas incluyen el aprendizaje basado en proyectos, la educaci\u00f3n no formal y la orientaci\u00f3n para apoyar el crecimiento personal y profesional.<\/li><\/ul>\t\t\t\t<\/div>\t\t\t\t<\/div>\n\t\t\t\t<\/div>\n\t\t\t\t\t<\/div>\n\t\t<\/div>\n\t\t\t\t\t<\/div>\n\t\t<\/section>\n\t\t\t\t<section class=\"elementor-section elementor-inner-section elementor-element elementor-element-38fa03de elementor-section-boxed elementor-section-height-default elementor-section-height-default wpr-particle-no wpr-jarallax-no wpr-parallax-no wpr-sticky-section-no\" data-id=\"38fa03de\" data-element_type=\"section\" data-e-type=\"section\" data-settings=\"{&quot;background_background&quot;:&quot;classic&quot;}\">\n\t\t\t\t\t\t<div class=\"elementor-container elementor-column-gap-default\">\n\t\t\t\t\t<div class=\"elementor-column elementor-col-50 elementor-inner-column elementor-element elementor-element-31d92835\" data-id=\"31d92835\" data-element_type=\"column\" data-e-type=\"column\" data-settings=\"{&quot;background_background&quot;:&quot;classic&quot;}\">\n\t\t\t<div class=\"elementor-widget-wrap elementor-element-populated\">\n\t\t\t\t\t\t<div class=\"elementor-element elementor-element-13bb5dba elementor-widget elementor-widget-text-editor\" data-id=\"13bb5dba\" data-element_type=\"widget\" data-e-type=\"widget\" data-widget_type=\"text-editor.default\">\n\t\t\t\t<div class=\"elementor-widget-container\">\n\t\t\t\t\t<div class=\"bb-theme-elementor-wrap bb-elementor-custom-color bb-elementor-custom-family bb-elementor-custom-size bb-elementor-custom-line-height\">\t\t\t\t<p>RESULTADOS DEL PROYECTO Y LECCIONES APRENDIDAS<\/p>\t\t\t\t<\/div>\t\t\t\t<\/div>\n\t\t\t\t<\/div>\n\t\t\t\t\t<\/div>\n\t\t<\/div>\n\t\t\t\t<div class=\"elementor-column elementor-col-50 elementor-inner-column elementor-element elementor-element-830d523\" data-id=\"830d523\" data-element_type=\"column\" data-e-type=\"column\" data-settings=\"{&quot;background_background&quot;:&quot;classic&quot;}\">\n\t\t\t<div class=\"elementor-widget-wrap elementor-element-populated\">\n\t\t\t\t\t\t<div class=\"elementor-element elementor-element-40b393a7 elementor-widget elementor-widget-text-editor\" data-id=\"40b393a7\" data-element_type=\"widget\" data-e-type=\"widget\" data-widget_type=\"text-editor.default\">\n\t\t\t\t<div class=\"elementor-widget-container\">\n\t\t\t\t\t<div class=\"bb-theme-elementor-wrap bb-elementor-custom-family\">\t\t\t\t<p>Resultados: aumento de la participaci\u00f3n c\u00edvica entre los j\u00f3venes, fortalecimiento de los lazos comunitarios, contribuciones tangibles a los desaf\u00edos sociales, mejora de la empleabilidad mediante el desarrollo de habilidades.<br \/><br \/>Lecciones aprendidas: Importancia de la flexibilidad en el dise\u00f1o del proyecto, necesidad de modelos sostenibles de financiaci\u00f3n, impacto de los intercambios interculturales en el desarrollo personal.<\/p>\t\t\t\t<\/div>\t\t\t\t<\/div>\n\t\t\t\t<\/div>\n\t\t\t\t\t<\/div>\n\t\t<\/div>\n\t\t\t\t\t<\/div>\n\t\t<\/section>\n\t\t\t\t<section class=\"elementor-section elementor-inner-section elementor-element elementor-element-563260d elementor-section-boxed elementor-section-height-default elementor-section-height-default wpr-particle-no wpr-jarallax-no wpr-parallax-no wpr-sticky-section-no\" data-id=\"563260d\" data-element_type=\"section\" data-e-type=\"section\">\n\t\t\t\t\t\t<div class=\"elementor-container elementor-column-gap-default\">\n\t\t\t\t\t<div class=\"elementor-column elementor-col-50 elementor-inner-column elementor-element elementor-element-55216005\" data-id=\"55216005\" data-element_type=\"column\" data-e-type=\"column\" data-settings=\"{&quot;background_background&quot;:&quot;classic&quot;}\">\n\t\t\t<div class=\"elementor-widget-wrap elementor-element-populated\">\n\t\t\t\t\t\t<div class=\"elementor-element elementor-element-4bf341fa elementor-widget elementor-widget-text-editor\" data-id=\"4bf341fa\" data-element_type=\"widget\" data-e-type=\"widget\" data-widget_type=\"text-editor.default\">\n\t\t\t\t<div class=\"elementor-widget-container\">\n\t\t\t\t\t<div class=\"bb-theme-elementor-wrap bb-elementor-custom-color bb-elementor-custom-family bb-elementor-custom-size bb-elementor-custom-line-height\">\t\t\t\t<p>IMPACTO<\/p>\t\t\t\t<\/div>\t\t\t\t<\/div>\n\t\t\t\t<\/div>\n\t\t\t\t\t<\/div>\n\t\t<\/div>\n\t\t\t\t<div class=\"elementor-column elementor-col-50 elementor-inner-column elementor-element elementor-element-4bbcd733\" data-id=\"4bbcd733\" data-element_type=\"column\" data-e-type=\"column\" data-settings=\"{&quot;background_background&quot;:&quot;classic&quot;}\">\n\t\t\t<div class=\"elementor-widget-wrap elementor-element-populated\">\n\t\t\t\t\t\t<div class=\"elementor-element elementor-element-5670b067 elementor-widget elementor-widget-text-editor\" data-id=\"5670b067\" data-element_type=\"widget\" data-e-type=\"widget\" data-widget_type=\"text-editor.default\">\n\t\t\t\t<div class=\"elementor-widget-container\">\n\t\t\t\t\t<div class=\"bb-theme-elementor-wrap bb-elementor-custom-family\">\t\t\t\t<p>El Cuerpo Europeo de Solidaridad ha impactado a miles de j\u00f3venes y comunidades en toda Europa al fomentar la solidaridad, promoviendo la ciudadan\u00eda activa y abordando los desaf\u00edos locales y regionales a trav\u00e9s de iniciativas dirigidas por j\u00f3venes.<\/p>\t\t\t\t<\/div>\t\t\t\t<\/div>\n\t\t\t\t<\/div>\n\t\t\t\t\t<\/div>\n\t\t<\/div>\n\t\t\t\t\t<\/div>\n\t\t<\/section>\n\t\t\t\t\t<\/div>\n\t\t<\/div>\n\t\t\t\t\t<\/div>\n\t\t<\/section>\n\t\t\t\t<\/div>","protected":false},"excerpt":{"rendered":"<p>Back to the Good Practices European Solidarity Corps GENERAL INFORMATION The European Solidarity Corps is an initiative by the European Union that aims to create&hellip;<\/p>","protected":false},"author":140,"featured_media":0,"parent":0,"menu_order":0,"comment_status":"closed","ping_status":"closed","template":"","meta":{"_uag_custom_page_level_css":"","footnotes":""},"class_list":["post-4514","page","type-page","status-publish","hentry"],"uagb_featured_image_src":{"full":false,"thumbnail":false,"medium":false,"medium_large":false,"large":false,"1536x1536":false,"2048x2048":false,"trp-custom-language-flag":false,"post-thumbnail":false},"uagb_author_info":{"display_name":"L\u00e1szl\u00f3 Viniczai","author_link":"https:\/\/youthmatchpoint.eu\/es\/author\/viniczailaszlo\/"},"uagb_comment_info":0,"uagb_excerpt":"Back to the Good Practices European Solidarity Corps GENERAL INFORMATION The European Solidarity Corps is an initiative by the European Union that aims to create&hellip;","_links":{"self":[{"href":"https:\/\/youthmatchpoint.eu\/es\/wp-json\/wp\/v2\/pages\/4514","targetHints":{"allow":["GET"]}}],"collection":[{"href":"https:\/\/youthmatchpoint.eu\/es\/wp-json\/wp\/v2\/pages"}],"about":[{"href":"https:\/\/youthmatchpoint.eu\/es\/wp-json\/wp\/v2\/types\/page"}],"author":[{"embeddable":true,"href":"https:\/\/youthmatchpoint.eu\/es\/wp-json\/wp\/v2\/users\/140"}],"replies":[{"embeddable":true,"href":"https:\/\/youthmatchpoint.eu\/es\/wp-json\/wp\/v2\/comments?post=4514"}],"version-history":[{"count":22,"href":"https:\/\/youthmatchpoint.eu\/es\/wp-json\/wp\/v2\/pages\/4514\/revisions"}],"predecessor-version":[{"id":4550,"href":"https:\/\/youthmatchpoint.eu\/es\/wp-json\/wp\/v2\/pages\/4514\/revisions\/4550"}],"wp:attachment":[{"href":"https:\/\/youthmatchpoint.eu\/es\/wp-json\/wp\/v2\/media?parent=4514"}],"curies":[{"name":"wp","href":"https:\/\/api.w.org\/{rel}","templated":true}]}}