{"id":4576,"date":"2025-10-16T16:09:38","date_gmt":"2025-10-16T16:09:38","guid":{"rendered":"https:\/\/youthmatchpoint.eu\/?page_id=4576"},"modified":"2025-10-17T06:27:01","modified_gmt":"2025-10-17T06:27:01","slug":"eurolibrary-2-0","status":"publish","type":"page","link":"https:\/\/youthmatchpoint.eu\/es\/eurolibrary-2-0\/","title":{"rendered":"Eurolibrary 2.0"},"content":{"rendered":"<div data-elementor-type=\"wp-page\" data-elementor-id=\"4576\" class=\"elementor elementor-4576\" data-elementor-post-type=\"page\">\n\t\t\t\t<div class=\"elementor-element elementor-element-ff2d42b e-flex e-con-boxed wpr-particle-no wpr-jarallax-no wpr-parallax-no wpr-sticky-section-no e-con e-parent\" data-id=\"ff2d42b\" data-element_type=\"container\" data-e-type=\"container\">\n\t\t\t\t\t<div class=\"e-con-inner\">\n\t\t\t\t<div class=\"elementor-element elementor-element-702a3c98 elementor-mobile-align-center elementor-widget elementor-widget-button\" data-id=\"702a3c98\" data-element_type=\"widget\" data-e-type=\"widget\" data-widget_type=\"button.default\">\n\t\t\t\t<div class=\"elementor-widget-container\">\n\t\t\t\t\t\t\t\t\t<div class=\"elementor-button-wrapper\">\n\t\t\t\t\t<a class=\"elementor-button elementor-button-link elementor-size-sm elementor-animation-pop\" href=\"\/es\/good-practices\/\">\n\t\t\t\t\t\t<span class=\"elementor-button-content-wrapper\">\n\t\t\t\t\t\t\t\t\t<span class=\"elementor-button-text\">Volver a las buenas pr\u00e1cticas<\/span>\n\t\t\t\t\t<\/span>\n\t\t\t\t\t<\/a>\n\t\t\t\t<\/div>\n\t\t\t\t\t\t\t\t<\/div>\n\t\t\t\t<\/div>\n\t\t\t\t\t<\/div>\n\t\t\t\t<\/div>\n\t\t\t\t<section class=\"elementor-section elementor-top-section elementor-element elementor-element-70f55431 elementor-section-stretched elementor-section-boxed elementor-section-height-default elementor-section-height-default wpr-particle-no wpr-jarallax-no wpr-parallax-no wpr-sticky-section-no\" data-id=\"70f55431\" data-element_type=\"section\" data-e-type=\"section\" data-settings=\"{&quot;stretch_section&quot;:&quot;section-stretched&quot;,&quot;background_background&quot;:&quot;classic&quot;}\">\n\t\t\t\t\t\t<div class=\"elementor-container elementor-column-gap-default\">\n\t\t\t\t\t<div class=\"elementor-column elementor-col-100 elementor-top-column elementor-element elementor-element-74cbed63\" data-id=\"74cbed63\" data-element_type=\"column\" data-e-type=\"column\">\n\t\t\t<div class=\"elementor-widget-wrap elementor-element-populated\">\n\t\t\t\t\t\t<div class=\"elementor-element elementor-element-45e6e50c elementor-widget elementor-widget-heading\" data-id=\"45e6e50c\" data-element_type=\"widget\" data-e-type=\"widget\" data-widget_type=\"heading.default\">\n\t\t\t\t<div class=\"elementor-widget-container\">\n\t\t\t\t\t<h2 class=\"elementor-heading-title elementor-size-default\">Eurolibrary 2.0<\/h2>\t\t\t\t<\/div>\n\t\t\t\t<\/div>\n\t\t\t\t<section class=\"elementor-section elementor-inner-section elementor-element elementor-element-5461bbd6 elementor-section-boxed elementor-section-height-default elementor-section-height-default wpr-particle-no wpr-jarallax-no wpr-parallax-no wpr-sticky-section-no\" data-id=\"5461bbd6\" data-element_type=\"section\" data-e-type=\"section\">\n\t\t\t\t\t\t<div class=\"elementor-container elementor-column-gap-default\">\n\t\t\t\t\t<div class=\"elementor-column elementor-col-50 elementor-inner-column elementor-element elementor-element-41717238\" data-id=\"41717238\" data-element_type=\"column\" data-e-type=\"column\" data-settings=\"{&quot;background_background&quot;:&quot;classic&quot;}\">\n\t\t\t<div class=\"elementor-widget-wrap elementor-element-populated\">\n\t\t\t\t\t\t<div class=\"elementor-element elementor-element-66c5684a elementor-widget elementor-widget-text-editor\" data-id=\"66c5684a\" data-element_type=\"widget\" data-e-type=\"widget\" data-widget_type=\"text-editor.default\">\n\t\t\t\t<div class=\"elementor-widget-container\">\n\t\t\t\t\t<div class=\"bb-theme-elementor-wrap bb-elementor-custom-color bb-elementor-custom-family bb-elementor-custom-size bb-elementor-custom-line-height\">\t\t\t\t<p>INFORMACI\u00d3N GENERAL<\/p>\t\t\t\t<\/div>\t\t\t\t<\/div>\n\t\t\t\t<\/div>\n\t\t\t\t\t<\/div>\n\t\t<\/div>\n\t\t\t\t<div class=\"elementor-column elementor-col-50 elementor-inner-column elementor-element elementor-element-3e95267d\" data-id=\"3e95267d\" data-element_type=\"column\" data-e-type=\"column\" data-settings=\"{&quot;background_background&quot;:&quot;classic&quot;}\">\n\t\t\t<div class=\"elementor-widget-wrap elementor-element-populated\">\n\t\t\t\t\t\t<div class=\"elementor-element elementor-element-28321c2a elementor-widget elementor-widget-text-editor\" data-id=\"28321c2a\" data-element_type=\"widget\" data-e-type=\"widget\" data-widget_type=\"text-editor.default\">\n\t\t\t\t<div class=\"elementor-widget-container\">\n\t\t\t\t\t<div class=\"bb-theme-elementor-wrap bb-elementor-custom-family\">\t\t\t\t<p>Eurolibrary 2.0 es un proyecto Erasmus+ que se basa en el concepto innovador de la Biblioteca Humana, donde las personas act\u00faan como \u201clibros\u201d, compartiendo sus experiencias e historias personales para fomentar la comprensi\u00f3n, romper estereotipos y promover el di\u00e1logo intercultural.<\/p>\t\t\t\t<\/div>\t\t\t\t<\/div>\n\t\t\t\t<\/div>\n\t\t\t\t\t<\/div>\n\t\t<\/div>\n\t\t\t\t\t<\/div>\n\t\t<\/section>\n\t\t\t\t<section class=\"elementor-section elementor-inner-section elementor-element elementor-element-652e7917 elementor-section-boxed elementor-section-height-default elementor-section-height-default wpr-particle-no wpr-jarallax-no wpr-parallax-no wpr-sticky-section-no\" data-id=\"652e7917\" data-element_type=\"section\" data-e-type=\"section\">\n\t\t\t\t\t\t<div class=\"elementor-container elementor-column-gap-default\">\n\t\t\t\t\t<div class=\"elementor-column elementor-col-50 elementor-inner-column elementor-element elementor-element-2dec2403\" data-id=\"2dec2403\" data-element_type=\"column\" data-e-type=\"column\" data-settings=\"{&quot;background_background&quot;:&quot;classic&quot;}\">\n\t\t\t<div class=\"elementor-widget-wrap elementor-element-populated\">\n\t\t\t\t\t\t<div class=\"elementor-element elementor-element-4a237ce9 elementor-widget elementor-widget-text-editor\" data-id=\"4a237ce9\" data-element_type=\"widget\" data-e-type=\"widget\" data-widget_type=\"text-editor.default\">\n\t\t\t\t<div class=\"elementor-widget-container\">\n\t\t\t\t\t<div class=\"bb-theme-elementor-wrap bb-elementor-custom-color bb-elementor-custom-family bb-elementor-custom-size bb-elementor-custom-line-height\">\t\t\t\t<p>ENLACES \u00daTILES<\/p>\t\t\t\t<\/div>\t\t\t\t<\/div>\n\t\t\t\t<\/div>\n\t\t\t\t\t<\/div>\n\t\t<\/div>\n\t\t\t\t<div class=\"elementor-column elementor-col-50 elementor-inner-column elementor-element elementor-element-2708b445\" data-id=\"2708b445\" data-element_type=\"column\" data-e-type=\"column\" data-settings=\"{&quot;background_background&quot;:&quot;classic&quot;}\">\n\t\t\t<div class=\"elementor-widget-wrap elementor-element-populated\">\n\t\t\t\t\t\t<div class=\"elementor-element elementor-element-1987f56f elementor-widget elementor-widget-text-editor\" data-id=\"1987f56f\" data-element_type=\"widget\" data-e-type=\"widget\" data-widget_type=\"text-editor.default\">\n\t\t\t\t<div class=\"elementor-widget-container\">\n\t\t\t\t\t<div class=\"bb-theme-elementor-wrap bb-elementor-custom-family\">\t\t\t\t<p><a href=\"https:\/\/www.salto-youth.net\/tools\/european-training-calendar\/training\/eurolibrary-2-0-an-erasmus-training-course-on-the-road.11505\/\">https:\/\/www.salto-youth.net\/tools\/european-training-calendar\/training\/eurolibrary-2-0-an-erasmus-training-course-on-the-road.11505\/<\/a><\/p>\t\t\t\t<\/div>\t\t\t\t<\/div>\n\t\t\t\t<\/div>\n\t\t\t\t\t<\/div>\n\t\t<\/div>\n\t\t\t\t\t<\/div>\n\t\t<\/section>\n\t\t\t\t<section class=\"elementor-section elementor-inner-section elementor-element elementor-element-1b01ee31 elementor-section-boxed elementor-section-height-default elementor-section-height-default wpr-particle-no wpr-jarallax-no wpr-parallax-no wpr-sticky-section-no\" data-id=\"1b01ee31\" data-element_type=\"section\" data-e-type=\"section\">\n\t\t\t\t\t\t<div class=\"elementor-container elementor-column-gap-default\">\n\t\t\t\t\t<div class=\"elementor-column elementor-col-50 elementor-inner-column elementor-element elementor-element-dc7eed2\" data-id=\"dc7eed2\" data-element_type=\"column\" data-e-type=\"column\" data-settings=\"{&quot;background_background&quot;:&quot;classic&quot;}\">\n\t\t\t<div class=\"elementor-widget-wrap elementor-element-populated\">\n\t\t\t\t\t\t<div class=\"elementor-element elementor-element-605c4ccc elementor-widget elementor-widget-text-editor\" data-id=\"605c4ccc\" data-element_type=\"widget\" data-e-type=\"widget\" data-widget_type=\"text-editor.default\">\n\t\t\t\t<div class=\"elementor-widget-container\">\n\t\t\t\t\t<div class=\"bb-theme-elementor-wrap bb-elementor-custom-color bb-elementor-custom-family bb-elementor-custom-size bb-elementor-custom-line-height\">\t\t\t\t<p>RESUMEN<\/p>\t\t\t\t<\/div>\t\t\t\t<\/div>\n\t\t\t\t<\/div>\n\t\t\t\t\t<\/div>\n\t\t<\/div>\n\t\t\t\t<div class=\"elementor-column elementor-col-50 elementor-inner-column elementor-element elementor-element-63a894b2\" data-id=\"63a894b2\" data-element_type=\"column\" data-e-type=\"column\" data-settings=\"{&quot;background_background&quot;:&quot;classic&quot;}\">\n\t\t\t<div class=\"elementor-widget-wrap elementor-element-populated\">\n\t\t\t\t\t\t<div class=\"elementor-element elementor-element-6bcfc8f6 elementor-widget elementor-widget-text-editor\" data-id=\"6bcfc8f6\" data-element_type=\"widget\" data-e-type=\"widget\" data-widget_type=\"text-editor.default\">\n\t\t\t\t<div class=\"elementor-widget-container\">\n\t\t\t\t\t<div class=\"bb-theme-elementor-wrap bb-elementor-custom-family\">\t\t\t\t<p>Eurolibrary 2 es un proyecto que re\u00fane a j\u00f3venes trabajadores de diferentes pa\u00edses europeos para actividades de desarrollo profesional. Esta iniciativa ayuda a los participantes a mejorar sus habilidades de narraci\u00f3n y storytelling digital, al mismo tiempo que fomenta la participaci\u00f3n juvenil y la educaci\u00f3n en comunicaci\u00f3n. Los participantes tendr\u00e1n la oportunidad \u00fanica de colaborar mientras viajan en autocaravanas. La idea tambi\u00e9n incluye el concepto de una biblioteca humana, en la que los participantes comparten sus historias y experiencias con los habitantes locales durante el viaje. Esto les brinda la oportunidad de experimentar un entorno de aprendizaje m\u00f3vil, interactuar entre ellos y fomentar la participaci\u00f3n juvenil.<\/p>\t\t\t\t<\/div>\t\t\t\t<\/div>\n\t\t\t\t<\/div>\n\t\t\t\t\t<\/div>\n\t\t<\/div>\n\t\t\t\t\t<\/div>\n\t\t<\/section>\n\t\t\t\t<section class=\"elementor-section elementor-inner-section elementor-element elementor-element-6596a84c elementor-section-boxed elementor-section-height-default elementor-section-height-default wpr-particle-no wpr-jarallax-no wpr-parallax-no wpr-sticky-section-no\" data-id=\"6596a84c\" data-element_type=\"section\" data-e-type=\"section\">\n\t\t\t\t\t\t<div class=\"elementor-container elementor-column-gap-default\">\n\t\t\t\t\t<div class=\"elementor-column elementor-col-50 elementor-inner-column elementor-element elementor-element-4ebfd0f7\" data-id=\"4ebfd0f7\" data-element_type=\"column\" data-e-type=\"column\" data-settings=\"{&quot;background_background&quot;:&quot;classic&quot;}\">\n\t\t\t<div class=\"elementor-widget-wrap elementor-element-populated\">\n\t\t\t\t\t\t<div class=\"elementor-element elementor-element-3279a449 elementor-widget elementor-widget-text-editor\" data-id=\"3279a449\" data-element_type=\"widget\" data-e-type=\"widget\" data-widget_type=\"text-editor.default\">\n\t\t\t\t<div class=\"elementor-widget-container\">\n\t\t\t\t\t<div class=\"bb-theme-elementor-wrap bb-elementor-custom-color bb-elementor-custom-family bb-elementor-custom-size bb-elementor-custom-line-height\">\t\t\t\t<p>OBJETIVOS<\/p>\t\t\t\t<\/div>\t\t\t\t<\/div>\n\t\t\t\t<\/div>\n\t\t\t\t\t<\/div>\n\t\t<\/div>\n\t\t\t\t<div class=\"elementor-column elementor-col-50 elementor-inner-column elementor-element elementor-element-10c2f913\" data-id=\"10c2f913\" data-element_type=\"column\" data-e-type=\"column\" data-settings=\"{&quot;background_background&quot;:&quot;classic&quot;}\">\n\t\t\t<div class=\"elementor-widget-wrap elementor-element-populated\">\n\t\t\t\t\t\t<div class=\"elementor-element elementor-element-34bb4691 elementor-widget elementor-widget-text-editor\" data-id=\"34bb4691\" data-element_type=\"widget\" data-e-type=\"widget\" data-widget_type=\"text-editor.default\">\n\t\t\t\t<div class=\"elementor-widget-container\">\n\t\t\t\t\t<div class=\"bb-theme-elementor-wrap bb-elementor-custom-family\">\t\t\t\t<ul><li>Promover el Di\u00e1logo Intercultural: Al reunir a j\u00f3venes de diferentes contextos culturales, el proyecto tiene como objetivo fomentar la comprensi\u00f3n y el respeto mutuos. Los participantes comparten sus historias y experiencias personales, ayudando a romper estereotipos y a promover la empat\u00eda.<br \/><br \/><\/li><li>Potenciar las Habilidades Creativas y Digitales: Ofrece oportunidades para desarrollar y mejorar sus habilidades creativas y de comunicaci\u00f3n digital. Actividades como la fotograf\u00eda, la creaci\u00f3n de videos y el storytelling son partes integrales del proyecto, ayudando a los participantes a documentar y compartir sus experiencias de manera efectiva.<br \/><br \/><\/li><li>Participaci\u00f3n Comunitaria: Anima a los participantes a interactuar con las comunidades locales a trav\u00e9s del voluntariado y eventos p\u00fablicos. Esta interacci\u00f3n ayuda a fortalecer los lazos comunitarios y brinda a los participantes una comprensi\u00f3n m\u00e1s profunda de las culturas y problem\u00e1ticas locales.<br \/><br \/><\/li><li>Desarrollo Personal: Tiene como objetivo ofrecer una experiencia transformadora para los participantes, fomentando el crecimiento personal y la autorreflexi\u00f3n. A trav\u00e9s de la narraci\u00f3n de historias y la interacci\u00f3n con grupos diversos, los participantes pueden obtener nuevas perspectivas y conocimientos.<\/li><\/ul>\t\t\t\t<\/div>\t\t\t\t<\/div>\n\t\t\t\t<\/div>\n\t\t\t\t\t<\/div>\n\t\t<\/div>\n\t\t\t\t\t<\/div>\n\t\t<\/section>\n\t\t\t\t<section class=\"elementor-section elementor-inner-section elementor-element elementor-element-10033a4e elementor-section-boxed elementor-section-height-default elementor-section-height-default wpr-particle-no wpr-jarallax-no wpr-parallax-no wpr-sticky-section-no\" data-id=\"10033a4e\" data-element_type=\"section\" data-e-type=\"section\">\n\t\t\t\t\t\t<div class=\"elementor-container elementor-column-gap-default\">\n\t\t\t\t\t<div class=\"elementor-column elementor-col-50 elementor-inner-column elementor-element elementor-element-7b77b12c\" data-id=\"7b77b12c\" data-element_type=\"column\" data-e-type=\"column\" data-settings=\"{&quot;background_background&quot;:&quot;classic&quot;}\">\n\t\t\t<div class=\"elementor-widget-wrap elementor-element-populated\">\n\t\t\t\t\t\t<div class=\"elementor-element elementor-element-1d954e1f elementor-widget elementor-widget-text-editor\" data-id=\"1d954e1f\" data-element_type=\"widget\" data-e-type=\"widget\" data-widget_type=\"text-editor.default\">\n\t\t\t\t<div class=\"elementor-widget-container\">\n\t\t\t\t\t<div class=\"bb-theme-elementor-wrap bb-elementor-custom-color bb-elementor-custom-family bb-elementor-custom-size bb-elementor-custom-line-height\">\t\t\t\t<p>CONTEXTO Y ANTECEDENTES<\/p>\t\t\t\t<\/div>\t\t\t\t<\/div>\n\t\t\t\t<\/div>\n\t\t\t\t\t<\/div>\n\t\t<\/div>\n\t\t\t\t<div class=\"elementor-column elementor-col-50 elementor-inner-column elementor-element elementor-element-5c8dcc7e\" data-id=\"5c8dcc7e\" data-element_type=\"column\" data-e-type=\"column\" data-settings=\"{&quot;background_background&quot;:&quot;classic&quot;}\">\n\t\t\t<div class=\"elementor-widget-wrap elementor-element-populated\">\n\t\t\t\t\t\t<div class=\"elementor-element elementor-element-74da84ca elementor-widget elementor-widget-text-editor\" data-id=\"74da84ca\" data-element_type=\"widget\" data-e-type=\"widget\" data-widget_type=\"text-editor.default\">\n\t\t\t\t<div class=\"elementor-widget-container\">\n\t\t\t\t\t<div class=\"bb-theme-elementor-wrap bb-elementor-custom-family\">\t\t\t\t<p>Eurolibrary 2.0 es un proyecto Erasmus+ que forma parte de una iniciativa m\u00e1s amplia para promover el intercambio cultural, el desarrollo personal y la participaci\u00f3n comunitaria entre los j\u00f3venes en Europa. Tras la exitosa implementaci\u00f3n de Eurolibrary 1, se propuso la creaci\u00f3n de Eurolibrary 2.0. La idea de Eurolibrary 2.0 surgi\u00f3 del deseo de combinar el concepto de Biblioteca Humana con el potencial de movilidad y alcance del programa Erasmus+. Al organizar eventos en m\u00faltiples lugares, el proyecto pretende llegar a un p\u00fablico m\u00e1s amplio y generar experiencias impactantes tanto para los participantes como para las comunidades locales.<\/p>\t\t\t\t<\/div>\t\t\t\t<\/div>\n\t\t\t\t<\/div>\n\t\t\t\t\t<\/div>\n\t\t<\/div>\n\t\t\t\t\t<\/div>\n\t\t<\/section>\n\t\t\t\t<section class=\"elementor-section elementor-inner-section elementor-element elementor-element-1d01c6c5 elementor-section-boxed elementor-section-height-default elementor-section-height-default wpr-particle-no wpr-jarallax-no wpr-parallax-no wpr-sticky-section-no\" data-id=\"1d01c6c5\" data-element_type=\"section\" data-e-type=\"section\">\n\t\t\t\t\t\t<div class=\"elementor-container elementor-column-gap-default\">\n\t\t\t\t\t<div class=\"elementor-column elementor-col-50 elementor-inner-column elementor-element elementor-element-369b2785\" data-id=\"369b2785\" data-element_type=\"column\" data-e-type=\"column\" data-settings=\"{&quot;background_background&quot;:&quot;classic&quot;}\">\n\t\t\t<div class=\"elementor-widget-wrap elementor-element-populated\">\n\t\t\t\t\t\t<div class=\"elementor-element elementor-element-30785a49 elementor-widget elementor-widget-text-editor\" data-id=\"30785a49\" data-element_type=\"widget\" data-e-type=\"widget\" data-widget_type=\"text-editor.default\">\n\t\t\t\t<div class=\"elementor-widget-container\">\n\t\t\t\t\t<div class=\"bb-theme-elementor-wrap bb-elementor-custom-color bb-elementor-custom-family bb-elementor-custom-size bb-elementor-custom-line-height\">\t\t\t\t<p>IMPLEMENTACI\u00d3N: ACTIVIDADES Y METODOLOG\u00cdAS<\/p>\t\t\t\t<\/div>\t\t\t\t<\/div>\n\t\t\t\t<\/div>\n\t\t\t\t\t<\/div>\n\t\t<\/div>\n\t\t\t\t<div class=\"elementor-column elementor-col-50 elementor-inner-column elementor-element elementor-element-40d5313a\" data-id=\"40d5313a\" data-element_type=\"column\" data-e-type=\"column\" data-settings=\"{&quot;background_background&quot;:&quot;classic&quot;}\">\n\t\t\t<div class=\"elementor-widget-wrap elementor-element-populated\">\n\t\t\t\t\t\t<div class=\"elementor-element elementor-element-35aff058 elementor-widget elementor-widget-text-editor\" data-id=\"35aff058\" data-element_type=\"widget\" data-e-type=\"widget\" data-widget_type=\"text-editor.default\">\n\t\t\t\t<div class=\"elementor-widget-container\">\n\t\t\t\t\t<div class=\"bb-theme-elementor-wrap bb-elementor-custom-family\">\t\t\t\t<p>Actividades y Participaci\u00f3n: Las actividades de Eurolibrary 2.0 incluyen:<\/p><ul><li>Eventos de Biblioteca Humana: Los participantes comparten sus historias personales con los \u201clectores\u201d, fomentando el di\u00e1logo y la comprensi\u00f3n.<br \/><br \/><\/li><li>Participaci\u00f3n Comunitaria: Actividades como el voluntariado en centros locales y la organizaci\u00f3n de eventos p\u00fablicos ayudan a integrar a los participantes en las comunidades locales.<br \/><br \/><\/li><li>Desarrollo de Habilidades: Talleres de fotograf\u00eda, creaci\u00f3n de videos y otras habilidades en medios digitales permiten a los participantes documentar y compartir sus experiencias.<br \/><br \/><\/li><li>Intercambio Cultural: La interacci\u00f3n con los residentes y la participaci\u00f3n en actividades culturales fomentan la comprensi\u00f3n y el respeto mutuo.<\/li><\/ul>\t\t\t\t<\/div>\t\t\t\t<\/div>\n\t\t\t\t<\/div>\n\t\t\t\t\t<\/div>\n\t\t<\/div>\n\t\t\t\t\t<\/div>\n\t\t<\/section>\n\t\t\t\t<section class=\"elementor-section elementor-inner-section elementor-element elementor-element-7afa0a58 elementor-section-boxed elementor-section-height-default elementor-section-height-default wpr-particle-no wpr-jarallax-no wpr-parallax-no wpr-sticky-section-no\" data-id=\"7afa0a58\" data-element_type=\"section\" data-e-type=\"section\" data-settings=\"{&quot;background_background&quot;:&quot;classic&quot;}\">\n\t\t\t\t\t\t<div class=\"elementor-container elementor-column-gap-default\">\n\t\t\t\t\t<div class=\"elementor-column elementor-col-50 elementor-inner-column elementor-element elementor-element-63fc068c\" data-id=\"63fc068c\" data-element_type=\"column\" data-e-type=\"column\" data-settings=\"{&quot;background_background&quot;:&quot;classic&quot;}\">\n\t\t\t<div class=\"elementor-widget-wrap elementor-element-populated\">\n\t\t\t\t\t\t<div class=\"elementor-element elementor-element-58170f97 elementor-widget elementor-widget-text-editor\" data-id=\"58170f97\" data-element_type=\"widget\" data-e-type=\"widget\" data-widget_type=\"text-editor.default\">\n\t\t\t\t<div class=\"elementor-widget-container\">\n\t\t\t\t\t<div class=\"bb-theme-elementor-wrap bb-elementor-custom-color bb-elementor-custom-family bb-elementor-custom-size bb-elementor-custom-line-height\">\t\t\t\t<p>RESULTADOS DEL PROYECTO Y LECCIONES APRENDIDAS<\/p>\t\t\t\t<\/div>\t\t\t\t<\/div>\n\t\t\t\t<\/div>\n\t\t\t\t\t<\/div>\n\t\t<\/div>\n\t\t\t\t<div class=\"elementor-column elementor-col-50 elementor-inner-column elementor-element elementor-element-4b77b954\" data-id=\"4b77b954\" data-element_type=\"column\" data-e-type=\"column\" data-settings=\"{&quot;background_background&quot;:&quot;classic&quot;}\">\n\t\t\t<div class=\"elementor-widget-wrap elementor-element-populated\">\n\t\t\t\t\t\t<div class=\"elementor-element elementor-element-6410ba0e elementor-widget elementor-widget-text-editor\" data-id=\"6410ba0e\" data-element_type=\"widget\" data-e-type=\"widget\" data-widget_type=\"text-editor.default\">\n\t\t\t\t<div class=\"elementor-widget-container\">\n\t\t\t\t\t<div class=\"bb-theme-elementor-wrap bb-elementor-custom-family\">\t\t\t\t<p>Resultados del Proyecto<\/p><ul><li>Mayor Comprensi\u00f3n Intercultural: Los participantes de diversos contextos tuvieron la oportunidad de compartir sus historias y experiencias, promoviendo la empat\u00eda y rompiendo estereotipos. El proyecto facilit\u00f3 interacciones significativas que fomentaron una mayor conciencia cultural y respeto mutuo.<br \/><br \/><\/li><li>Desarrollo de Habilidades: Los participantes adquirieron habilidades valiosas en medios digitales y narraci\u00f3n de historias. Los talleres de fotograf\u00eda, creaci\u00f3n de videos y otras habilidades de comunicaci\u00f3n les permitieron documentar y compartir sus experiencias de manera efectiva. Estas habilidades son transferibles y beneficiosas para futuros proyectos personales y profesionales.<br \/><br \/><\/li><li>Participaci\u00f3n Comunitaria: El proyecto involucr\u00f3 con \u00e9xito a las comunidades locales a trav\u00e9s de diversas actividades. Los participantes realizaron voluntariado en centros locales, interactuaron con estudiantes de secundaria y organizaron eventos p\u00fablicos en parques. Esta participaci\u00f3n ayud\u00f3 a fortalecer los lazos comunitarios y proporcion\u00f3 a los participantes una comprensi\u00f3n m\u00e1s profunda de las culturas y problem\u00e1ticas locales.<br \/><br \/><\/li><li>Experiencias Memorables: El proyecto cre\u00f3 experiencias memorables y transformadoras para los participantes. Actividades como fiestas en la playa, sesiones de yoga y eventos \u00fanicos de narraci\u00f3n de historias fueron dise\u00f1adas para ser divertidas e impactantes, dejando impresiones duraderas en los participantes.<\/li><\/ul><p>Lecciones aprendidas<\/p><ul><li>Importancia de la Narraci\u00f3n de Historias: Las historias personales son herramientas poderosas para fomentar la comprensi\u00f3n y la empat\u00eda. El concepto de Biblioteca Humana demostr\u00f3 ser eficaz para crear conexiones entre personas de diferentes contextos, destacando el valor de la narraci\u00f3n de historias en el di\u00e1logo intercultural.<br \/><br \/><\/li><li>Participaci\u00f3n Comunitaria: Involucrar a las comunidades locales y establecer asociaciones con organizaciones locales aument\u00f3 el impacto del proyecto. La participaci\u00f3n comunitaria fue clave para crear experiencias significativas para los participantes y fomentar conexiones duraderas.<\/li><\/ul>\t\t\t\t<\/div>\t\t\t\t<\/div>\n\t\t\t\t<\/div>\n\t\t\t\t\t<\/div>\n\t\t<\/div>\n\t\t\t\t\t<\/div>\n\t\t<\/section>\n\t\t\t\t<section class=\"elementor-section elementor-inner-section elementor-element elementor-element-2bd93447 elementor-section-boxed elementor-section-height-default elementor-section-height-default wpr-particle-no wpr-jarallax-no wpr-parallax-no wpr-sticky-section-no\" data-id=\"2bd93447\" data-element_type=\"section\" data-e-type=\"section\">\n\t\t\t\t\t\t<div class=\"elementor-container elementor-column-gap-default\">\n\t\t\t\t\t<div class=\"elementor-column elementor-col-50 elementor-inner-column elementor-element elementor-element-62a2b263\" data-id=\"62a2b263\" data-element_type=\"column\" data-e-type=\"column\" data-settings=\"{&quot;background_background&quot;:&quot;classic&quot;}\">\n\t\t\t<div class=\"elementor-widget-wrap elementor-element-populated\">\n\t\t\t\t\t\t<div class=\"elementor-element elementor-element-7c48d733 elementor-widget elementor-widget-text-editor\" data-id=\"7c48d733\" data-element_type=\"widget\" data-e-type=\"widget\" data-widget_type=\"text-editor.default\">\n\t\t\t\t<div class=\"elementor-widget-container\">\n\t\t\t\t\t<div class=\"bb-theme-elementor-wrap bb-elementor-custom-color bb-elementor-custom-family bb-elementor-custom-size bb-elementor-custom-line-height\">\t\t\t\t<p>MATERIALES VISUALES Y DE APOYO<\/p>\t\t\t\t<\/div>\t\t\t\t<\/div>\n\t\t\t\t<\/div>\n\t\t\t\t\t<\/div>\n\t\t<\/div>\n\t\t\t\t<div class=\"elementor-column elementor-col-50 elementor-inner-column elementor-element elementor-element-3074014d\" data-id=\"3074014d\" data-element_type=\"column\" data-e-type=\"column\" data-settings=\"{&quot;background_background&quot;:&quot;classic&quot;}\">\n\t\t\t<div class=\"elementor-widget-wrap elementor-element-populated\">\n\t\t\t\t\t\t<div class=\"elementor-element elementor-element-41a96683 elementor-widget elementor-widget-text-editor\" data-id=\"41a96683\" data-element_type=\"widget\" data-e-type=\"widget\" data-widget_type=\"text-editor.default\">\n\t\t\t\t<div class=\"elementor-widget-container\">\n\t\t\t\t\t<div class=\"bb-theme-elementor-wrap bb-elementor-custom-family\">\t\t\t\t<p><a href=\"https:\/\/www.youtube.com\/watch?v=MjNqcVQ5q0U\">https:\/\/www.youtube.com\/watch?v=MjNqcVQ5q0U<\/a><\/p>\t\t\t\t<\/div>\t\t\t\t<\/div>\n\t\t\t\t<\/div>\n\t\t\t\t\t<\/div>\n\t\t<\/div>\n\t\t\t\t\t<\/div>\n\t\t<\/section>\n\t\t\t\t\t<\/div>\n\t\t<\/div>\n\t\t\t\t\t<\/div>\n\t\t<\/section>\n\t\t\t\t<\/div>","protected":false},"excerpt":{"rendered":"<p>Back to the Good Practices Eurolibrary 2.0 GENERAL INFORMATION Eurolibrary 2.0 is an Erasmus+ project that builds on the innovative concept of the Human Library,&hellip;<\/p>","protected":false},"author":140,"featured_media":0,"parent":0,"menu_order":0,"comment_status":"closed","ping_status":"closed","template":"","meta":{"_uag_custom_page_level_css":"","footnotes":""},"class_list":["post-4576","page","type-page","status-publish","hentry"],"uagb_featured_image_src":{"full":false,"thumbnail":false,"medium":false,"medium_large":false,"large":false,"1536x1536":false,"2048x2048":false,"trp-custom-language-flag":false,"post-thumbnail":false},"uagb_author_info":{"display_name":"L\u00e1szl\u00f3 Viniczai","author_link":"https:\/\/youthmatchpoint.eu\/es\/author\/viniczailaszlo\/"},"uagb_comment_info":0,"uagb_excerpt":"Back to the Good Practices Eurolibrary 2.0 GENERAL INFORMATION Eurolibrary 2.0 is an Erasmus+ project that builds on the innovative concept of the Human Library,&hellip;","_links":{"self":[{"href":"https:\/\/youthmatchpoint.eu\/es\/wp-json\/wp\/v2\/pages\/4576","targetHints":{"allow":["GET"]}}],"collection":[{"href":"https:\/\/youthmatchpoint.eu\/es\/wp-json\/wp\/v2\/pages"}],"about":[{"href":"https:\/\/youthmatchpoint.eu\/es\/wp-json\/wp\/v2\/types\/page"}],"author":[{"embeddable":true,"href":"https:\/\/youthmatchpoint.eu\/es\/wp-json\/wp\/v2\/users\/140"}],"replies":[{"embeddable":true,"href":"https:\/\/youthmatchpoint.eu\/es\/wp-json\/wp\/v2\/comments?post=4576"}],"version-history":[{"count":16,"href":"https:\/\/youthmatchpoint.eu\/es\/wp-json\/wp\/v2\/pages\/4576\/revisions"}],"predecessor-version":[{"id":4728,"href":"https:\/\/youthmatchpoint.eu\/es\/wp-json\/wp\/v2\/pages\/4576\/revisions\/4728"}],"wp:attachment":[{"href":"https:\/\/youthmatchpoint.eu\/es\/wp-json\/wp\/v2\/media?parent=4576"}],"curies":[{"name":"wp","href":"https:\/\/api.w.org\/{rel}","templated":true}]}}