{"id":4576,"date":"2025-10-16T16:09:38","date_gmt":"2025-10-16T16:09:38","guid":{"rendered":"https:\/\/youthmatchpoint.eu\/?page_id=4576"},"modified":"2025-10-17T06:27:01","modified_gmt":"2025-10-17T06:27:01","slug":"eurolibrary-2-0","status":"publish","type":"page","link":"https:\/\/youthmatchpoint.eu\/hu\/eurolibrary-2-0\/","title":{"rendered":"Eurolibrary 2.0"},"content":{"rendered":"<div data-elementor-type=\"wp-page\" data-elementor-id=\"4576\" class=\"elementor elementor-4576\" data-elementor-post-type=\"page\">\n\t\t\t\t<div class=\"elementor-element elementor-element-ff2d42b e-flex e-con-boxed wpr-particle-no wpr-jarallax-no wpr-parallax-no wpr-sticky-section-no e-con e-parent\" data-id=\"ff2d42b\" data-element_type=\"container\" data-e-type=\"container\">\n\t\t\t\t\t<div class=\"e-con-inner\">\n\t\t\t\t<div class=\"elementor-element elementor-element-702a3c98 elementor-mobile-align-center elementor-widget elementor-widget-button\" data-id=\"702a3c98\" data-element_type=\"widget\" data-e-type=\"widget\" data-widget_type=\"button.default\">\n\t\t\t\t<div class=\"elementor-widget-container\">\n\t\t\t\t\t\t\t\t\t<div class=\"elementor-button-wrapper\">\n\t\t\t\t\t<a class=\"elementor-button elementor-button-link elementor-size-sm elementor-animation-pop\" href=\"\/hu\/good-practices\/\">\n\t\t\t\t\t\t<span class=\"elementor-button-content-wrapper\">\n\t\t\t\t\t\t\t\t\t<span class=\"elementor-button-text\">Back to the Good Practices<\/span>\n\t\t\t\t\t<\/span>\n\t\t\t\t\t<\/a>\n\t\t\t\t<\/div>\n\t\t\t\t\t\t\t\t<\/div>\n\t\t\t\t<\/div>\n\t\t\t\t\t<\/div>\n\t\t\t\t<\/div>\n\t\t\t\t<section class=\"elementor-section elementor-top-section elementor-element elementor-element-70f55431 elementor-section-stretched elementor-section-boxed elementor-section-height-default elementor-section-height-default wpr-particle-no wpr-jarallax-no wpr-parallax-no wpr-sticky-section-no\" data-id=\"70f55431\" data-element_type=\"section\" data-e-type=\"section\" data-settings=\"{&quot;stretch_section&quot;:&quot;section-stretched&quot;,&quot;background_background&quot;:&quot;classic&quot;}\">\n\t\t\t\t\t\t<div class=\"elementor-container elementor-column-gap-default\">\n\t\t\t\t\t<div class=\"elementor-column elementor-col-100 elementor-top-column elementor-element elementor-element-74cbed63\" data-id=\"74cbed63\" data-element_type=\"column\" data-e-type=\"column\">\n\t\t\t<div class=\"elementor-widget-wrap elementor-element-populated\">\n\t\t\t\t\t\t<div class=\"elementor-element elementor-element-45e6e50c elementor-widget elementor-widget-heading\" data-id=\"45e6e50c\" data-element_type=\"widget\" data-e-type=\"widget\" data-widget_type=\"heading.default\">\n\t\t\t\t<div class=\"elementor-widget-container\">\n\t\t\t\t\t<h2 class=\"elementor-heading-title elementor-size-default\">Eurolibrary 2.0<\/h2>\t\t\t\t<\/div>\n\t\t\t\t<\/div>\n\t\t\t\t<section class=\"elementor-section elementor-inner-section elementor-element elementor-element-5461bbd6 elementor-section-boxed elementor-section-height-default elementor-section-height-default wpr-particle-no wpr-jarallax-no wpr-parallax-no wpr-sticky-section-no\" data-id=\"5461bbd6\" data-element_type=\"section\" data-e-type=\"section\">\n\t\t\t\t\t\t<div class=\"elementor-container elementor-column-gap-default\">\n\t\t\t\t\t<div class=\"elementor-column elementor-col-50 elementor-inner-column elementor-element elementor-element-41717238\" data-id=\"41717238\" data-element_type=\"column\" data-e-type=\"column\" data-settings=\"{&quot;background_background&quot;:&quot;classic&quot;}\">\n\t\t\t<div class=\"elementor-widget-wrap elementor-element-populated\">\n\t\t\t\t\t\t<div class=\"elementor-element elementor-element-66c5684a elementor-widget elementor-widget-text-editor\" data-id=\"66c5684a\" data-element_type=\"widget\" data-e-type=\"widget\" data-widget_type=\"text-editor.default\">\n\t\t\t\t<div class=\"elementor-widget-container\">\n\t\t\t\t\t<div class=\"bb-theme-elementor-wrap bb-elementor-custom-color bb-elementor-custom-family bb-elementor-custom-size bb-elementor-custom-line-height\">\t\t\t\t<p>\u00c1LTAL\u00c1NOS INFORM\u00c1CI\u00d3K<\/p>\t\t\t\t<\/div>\t\t\t\t<\/div>\n\t\t\t\t<\/div>\n\t\t\t\t\t<\/div>\n\t\t<\/div>\n\t\t\t\t<div class=\"elementor-column elementor-col-50 elementor-inner-column elementor-element elementor-element-3e95267d\" data-id=\"3e95267d\" data-element_type=\"column\" data-e-type=\"column\" data-settings=\"{&quot;background_background&quot;:&quot;classic&quot;}\">\n\t\t\t<div class=\"elementor-widget-wrap elementor-element-populated\">\n\t\t\t\t\t\t<div class=\"elementor-element elementor-element-28321c2a elementor-widget elementor-widget-text-editor\" data-id=\"28321c2a\" data-element_type=\"widget\" data-e-type=\"widget\" data-widget_type=\"text-editor.default\">\n\t\t\t\t<div class=\"elementor-widget-container\">\n\t\t\t\t\t<div class=\"bb-theme-elementor-wrap bb-elementor-custom-family\">\t\t\t\t<p>Az Eurolibrary 2.0 egy Erasmus+ projekt, amely a Human Library innovat\u00edv koncepci\u00f3j\u00e1n alapul, ahol az egy\u00e9nek \u201ek\u00f6nyvek\u201dk\u00e9nt m\u0171k\u00f6dnek, megosztva szem\u00e9lyes tapasztalataikat \u00e9s t\u00f6rt\u00e9neteiket a meg\u00e9rt\u00e9s el\u0151seg\u00edt\u00e9se, a sztereot\u00edpi\u00e1k lebont\u00e1sa \u00e9s az interkultur\u00e1lis p\u00e1rbesz\u00e9d el\u0151mozd\u00edt\u00e1sa \u00e9rdek\u00e9ben.<\/p>\t\t\t\t<\/div>\t\t\t\t<\/div>\n\t\t\t\t<\/div>\n\t\t\t\t\t<\/div>\n\t\t<\/div>\n\t\t\t\t\t<\/div>\n\t\t<\/section>\n\t\t\t\t<section class=\"elementor-section elementor-inner-section elementor-element elementor-element-652e7917 elementor-section-boxed elementor-section-height-default elementor-section-height-default wpr-particle-no wpr-jarallax-no wpr-parallax-no wpr-sticky-section-no\" data-id=\"652e7917\" data-element_type=\"section\" data-e-type=\"section\">\n\t\t\t\t\t\t<div class=\"elementor-container elementor-column-gap-default\">\n\t\t\t\t\t<div class=\"elementor-column elementor-col-50 elementor-inner-column elementor-element elementor-element-2dec2403\" data-id=\"2dec2403\" data-element_type=\"column\" data-e-type=\"column\" data-settings=\"{&quot;background_background&quot;:&quot;classic&quot;}\">\n\t\t\t<div class=\"elementor-widget-wrap elementor-element-populated\">\n\t\t\t\t\t\t<div class=\"elementor-element elementor-element-4a237ce9 elementor-widget elementor-widget-text-editor\" data-id=\"4a237ce9\" data-element_type=\"widget\" data-e-type=\"widget\" data-widget_type=\"text-editor.default\">\n\t\t\t\t<div class=\"elementor-widget-container\">\n\t\t\t\t\t<div class=\"bb-theme-elementor-wrap bb-elementor-custom-color bb-elementor-custom-family bb-elementor-custom-size bb-elementor-custom-line-height\">\t\t\t\t<p>HASZNOS LINKEK<\/p>\t\t\t\t<\/div>\t\t\t\t<\/div>\n\t\t\t\t<\/div>\n\t\t\t\t\t<\/div>\n\t\t<\/div>\n\t\t\t\t<div class=\"elementor-column elementor-col-50 elementor-inner-column elementor-element elementor-element-2708b445\" data-id=\"2708b445\" data-element_type=\"column\" data-e-type=\"column\" data-settings=\"{&quot;background_background&quot;:&quot;classic&quot;}\">\n\t\t\t<div class=\"elementor-widget-wrap elementor-element-populated\">\n\t\t\t\t\t\t<div class=\"elementor-element elementor-element-1987f56f elementor-widget elementor-widget-text-editor\" data-id=\"1987f56f\" data-element_type=\"widget\" data-e-type=\"widget\" data-widget_type=\"text-editor.default\">\n\t\t\t\t<div class=\"elementor-widget-container\">\n\t\t\t\t\t<div class=\"bb-theme-elementor-wrap bb-elementor-custom-family\">\t\t\t\t<p><a href=\"https:\/\/www.salto-youth.net\/tools\/european-training-calendar\/training\/eurolibrary-2-0-an-erasmus-training-course-on-the-road.11505\/\">https:\/\/www.salto-youth.net\/tools\/european-training-calendar\/training\/eurolibrary-2-0-an-erasmus-training-course-on-the-road.11505\/<\/a><\/p>\t\t\t\t<\/div>\t\t\t\t<\/div>\n\t\t\t\t<\/div>\n\t\t\t\t\t<\/div>\n\t\t<\/div>\n\t\t\t\t\t<\/div>\n\t\t<\/section>\n\t\t\t\t<section class=\"elementor-section elementor-inner-section elementor-element elementor-element-1b01ee31 elementor-section-boxed elementor-section-height-default elementor-section-height-default wpr-particle-no wpr-jarallax-no wpr-parallax-no wpr-sticky-section-no\" data-id=\"1b01ee31\" data-element_type=\"section\" data-e-type=\"section\">\n\t\t\t\t\t\t<div class=\"elementor-container elementor-column-gap-default\">\n\t\t\t\t\t<div class=\"elementor-column elementor-col-50 elementor-inner-column elementor-element elementor-element-dc7eed2\" data-id=\"dc7eed2\" data-element_type=\"column\" data-e-type=\"column\" data-settings=\"{&quot;background_background&quot;:&quot;classic&quot;}\">\n\t\t\t<div class=\"elementor-widget-wrap elementor-element-populated\">\n\t\t\t\t\t\t<div class=\"elementor-element elementor-element-605c4ccc elementor-widget elementor-widget-text-editor\" data-id=\"605c4ccc\" data-element_type=\"widget\" data-e-type=\"widget\" data-widget_type=\"text-editor.default\">\n\t\t\t\t<div class=\"elementor-widget-container\">\n\t\t\t\t\t<div class=\"bb-theme-elementor-wrap bb-elementor-custom-color bb-elementor-custom-family bb-elementor-custom-size bb-elementor-custom-line-height\">\t\t\t\t<p>\u00d6SSZEFOGLAL\u00d3<\/p>\t\t\t\t<\/div>\t\t\t\t<\/div>\n\t\t\t\t<\/div>\n\t\t\t\t\t<\/div>\n\t\t<\/div>\n\t\t\t\t<div class=\"elementor-column elementor-col-50 elementor-inner-column elementor-element elementor-element-63a894b2\" data-id=\"63a894b2\" data-element_type=\"column\" data-e-type=\"column\" data-settings=\"{&quot;background_background&quot;:&quot;classic&quot;}\">\n\t\t\t<div class=\"elementor-widget-wrap elementor-element-populated\">\n\t\t\t\t\t\t<div class=\"elementor-element elementor-element-6bcfc8f6 elementor-widget elementor-widget-text-editor\" data-id=\"6bcfc8f6\" data-element_type=\"widget\" data-e-type=\"widget\" data-widget_type=\"text-editor.default\">\n\t\t\t\t<div class=\"elementor-widget-container\">\n\t\t\t\t\t<div class=\"bb-theme-elementor-wrap bb-elementor-custom-family\">\t\t\t\t<p>Az Eurolibrary 2 egy olyan projekt, amely k\u00fcl\u00f6nb\u00f6z\u0151 eur\u00f3pai orsz\u00e1gokb\u00f3l sz\u00e1rmaz\u00f3 fiatal munkav\u00e1llal\u00f3kat hoz \u00f6ssze szakmai fejleszt\u00e9si tev\u00e9kenys\u00e9gek c\u00e9lj\u00e1b\u00f3l. Ez a kezdem\u00e9nyez\u00e9s seg\u00edt a r\u00e9sztvev\u0151knek jav\u00edtani narrat\u00edv \u00e9s digit\u00e1lis t\u00f6rt\u00e9netmes\u00e9l\u00e9si k\u00e9szs\u00e9geiket, mik\u00f6zben \u00f6szt\u00f6nzi a fiatalok elk\u00f6telezetts\u00e9g\u00e9t \u00e9s a kommunik\u00e1ci\u00f3s oktat\u00e1st. A r\u00e9sztvev\u0151k egyed\u00fcl\u00e1ll\u00f3 lehet\u0151s\u00e9get kapnak arra, hogy kempingaut\u00f3kkal utazva egy\u00fcttm\u0171k\u00f6djenek egym\u00e1ssal. Az \u00f6tlet mag\u00e1ban foglalja a \u201ehum\u00e1n k\u00f6nyvt\u00e1r\u201d koncepci\u00f3j\u00e1t is, amelynek keret\u00e9ben a r\u00e9sztvev\u0151k az \u00fat sor\u00e1n megosztj\u00e1k t\u00f6rt\u00e9neteiket \u00e9s tapasztalataikat a helyiekkel. Ez lehet\u0151s\u00e9get biztos\u00edt a r\u00e9sztvev\u0151knek, hogy mobil tanul\u00e1si k\u00f6rnyezetet tapasztaljanak meg, mik\u00f6zben egym\u00e1ssal is kapcsolatba ker\u00fclnek \u00e9s jav\u00edtj\u00e1k a fiatalok bevon\u00e1s\u00e1t.<\/p>\t\t\t\t<\/div>\t\t\t\t<\/div>\n\t\t\t\t<\/div>\n\t\t\t\t\t<\/div>\n\t\t<\/div>\n\t\t\t\t\t<\/div>\n\t\t<\/section>\n\t\t\t\t<section class=\"elementor-section elementor-inner-section elementor-element elementor-element-6596a84c elementor-section-boxed elementor-section-height-default elementor-section-height-default wpr-particle-no wpr-jarallax-no wpr-parallax-no wpr-sticky-section-no\" data-id=\"6596a84c\" data-element_type=\"section\" data-e-type=\"section\">\n\t\t\t\t\t\t<div class=\"elementor-container elementor-column-gap-default\">\n\t\t\t\t\t<div class=\"elementor-column elementor-col-50 elementor-inner-column elementor-element elementor-element-4ebfd0f7\" data-id=\"4ebfd0f7\" data-element_type=\"column\" data-e-type=\"column\" data-settings=\"{&quot;background_background&quot;:&quot;classic&quot;}\">\n\t\t\t<div class=\"elementor-widget-wrap elementor-element-populated\">\n\t\t\t\t\t\t<div class=\"elementor-element elementor-element-3279a449 elementor-widget elementor-widget-text-editor\" data-id=\"3279a449\" data-element_type=\"widget\" data-e-type=\"widget\" data-widget_type=\"text-editor.default\">\n\t\t\t\t<div class=\"elementor-widget-container\">\n\t\t\t\t\t<div class=\"bb-theme-elementor-wrap bb-elementor-custom-color bb-elementor-custom-family bb-elementor-custom-size bb-elementor-custom-line-height\">\t\t\t\t<p>C\u00c9LKIT\u0170Z\u00c9SEK<\/p>\t\t\t\t<\/div>\t\t\t\t<\/div>\n\t\t\t\t<\/div>\n\t\t\t\t\t<\/div>\n\t\t<\/div>\n\t\t\t\t<div class=\"elementor-column elementor-col-50 elementor-inner-column elementor-element elementor-element-10c2f913\" data-id=\"10c2f913\" data-element_type=\"column\" data-e-type=\"column\" data-settings=\"{&quot;background_background&quot;:&quot;classic&quot;}\">\n\t\t\t<div class=\"elementor-widget-wrap elementor-element-populated\">\n\t\t\t\t\t\t<div class=\"elementor-element elementor-element-34bb4691 elementor-widget elementor-widget-text-editor\" data-id=\"34bb4691\" data-element_type=\"widget\" data-e-type=\"widget\" data-widget_type=\"text-editor.default\">\n\t\t\t\t<div class=\"elementor-widget-container\">\n\t\t\t\t\t<div class=\"bb-theme-elementor-wrap bb-elementor-custom-family\">\t\t\t\t<ul><li>Az interkultur\u00e1lis p\u00e1rbesz\u00e9d el\u0151mozd\u00edt\u00e1sa: A projekt k\u00fcl\u00f6nb\u00f6z\u0151 kultur\u00e1lis h\u00e1tt\u00e9rrel rendelkez\u0151 fiatalokat hoz \u00f6ssze, hogy el\u0151seg\u00edtse a k\u00f6lcs\u00f6n\u00f6s meg\u00e9rt\u00e9st \u00e9s tiszteletet. A r\u00e9sztvev\u0151k megosztj\u00e1k szem\u00e9lyes t\u00f6rt\u00e9neteiket \u00e9s tapasztalataikat, ezzel seg\u00edtve a sztereot\u00edpi\u00e1k lebont\u00e1s\u00e1t \u00e9s az emp\u00e1tia el\u0151mozd\u00edt\u00e1s\u00e1t.<br \/><br \/><\/li><li>Kreat\u00edv \u00e9s digit\u00e1lis k\u00e9szs\u00e9gek fejleszt\u00e9se: Lehet\u0151s\u00e9get biztos\u00edt a kreat\u00edv \u00e9s digit\u00e1lis kommunik\u00e1ci\u00f3s k\u00e9szs\u00e9gek fejleszt\u00e9s\u00e9re \u00e9s t\u00f6k\u00e9letes\u00edt\u00e9s\u00e9re. Az olyan tev\u00e9kenys\u00e9gek, mint a fot\u00f3z\u00e1s, videok\u00e9sz\u00edt\u00e9s \u00e9s t\u00f6rt\u00e9netmes\u00e9l\u00e9s a projekt szerves r\u00e9sz\u00e9t k\u00e9pezik, \u00e9s seg\u00edtik a r\u00e9sztvev\u0151ket abban, hogy hat\u00e9konyan dokument\u00e1lj\u00e1k \u00e9s megossz\u00e1k tapasztalataikat.<br \/><br \/><\/li><li>K\u00f6z\u00f6ss\u00e9gi elk\u00f6telezetts\u00e9g: \u00d6szt\u00f6nzi a r\u00e9sztvev\u0151ket, hogy \u00f6nk\u00e9ntes munk\u00e1val \u00e9s nyilv\u00e1nos rendezv\u00e9nyeken vegyenek r\u00e9szt a helyi k\u00f6z\u00f6ss\u00e9gek \u00e9let\u00e9ben. Ez az interakci\u00f3 seg\u00edt meger\u0151s\u00edteni a k\u00f6z\u00f6ss\u00e9gi k\u00f6tel\u00e9keket, \u00e9s a r\u00e9sztvev\u0151knek m\u00e9lyebb betekint\u00e9st ny\u00fajt a helyi kult\u00far\u00e1kba \u00e9s k\u00e9rd\u00e9sekbe.<br \/><br \/><\/li><li>Szem\u00e9lyes fejl\u0151d\u00e9s: C\u00e9lja, hogy a r\u00e9sztvev\u0151knek \u00e1talak\u00edt\u00f3 \u00e9lm\u00e9nyt ny\u00fajtson, \u00f6szt\u00f6n\u00f6zve a szem\u00e9lyes fejl\u0151d\u00e9st \u00e9s az \u00f6nreflexi\u00f3t. A t\u00f6rt\u00e9netmes\u00e9l\u00e9s \u00e9s a k\u00fcl\u00f6nb\u00f6z\u0151 csoportokkal val\u00f3 interakci\u00f3 r\u00e9v\u00e9n a r\u00e9sztvev\u0151k \u00faj perspekt\u00edv\u00e1kat \u00e9s betekint\u00e9st nyerhetnek.<\/li><\/ul>\t\t\t\t<\/div>\t\t\t\t<\/div>\n\t\t\t\t<\/div>\n\t\t\t\t\t<\/div>\n\t\t<\/div>\n\t\t\t\t\t<\/div>\n\t\t<\/section>\n\t\t\t\t<section class=\"elementor-section elementor-inner-section elementor-element elementor-element-10033a4e elementor-section-boxed elementor-section-height-default elementor-section-height-default wpr-particle-no wpr-jarallax-no wpr-parallax-no wpr-sticky-section-no\" data-id=\"10033a4e\" data-element_type=\"section\" data-e-type=\"section\">\n\t\t\t\t\t\t<div class=\"elementor-container elementor-column-gap-default\">\n\t\t\t\t\t<div class=\"elementor-column elementor-col-50 elementor-inner-column elementor-element elementor-element-7b77b12c\" data-id=\"7b77b12c\" data-element_type=\"column\" data-e-type=\"column\" data-settings=\"{&quot;background_background&quot;:&quot;classic&quot;}\">\n\t\t\t<div class=\"elementor-widget-wrap elementor-element-populated\">\n\t\t\t\t\t\t<div class=\"elementor-element elementor-element-1d954e1f elementor-widget elementor-widget-text-editor\" data-id=\"1d954e1f\" data-element_type=\"widget\" data-e-type=\"widget\" data-widget_type=\"text-editor.default\">\n\t\t\t\t<div class=\"elementor-widget-container\">\n\t\t\t\t\t<div class=\"bb-theme-elementor-wrap bb-elementor-custom-color bb-elementor-custom-family bb-elementor-custom-size bb-elementor-custom-line-height\">\t\t\t\t<p>KONTEXTUS \u00c9S H\u00c1TT\u00c9R<\/p>\t\t\t\t<\/div>\t\t\t\t<\/div>\n\t\t\t\t<\/div>\n\t\t\t\t\t<\/div>\n\t\t<\/div>\n\t\t\t\t<div class=\"elementor-column elementor-col-50 elementor-inner-column elementor-element elementor-element-5c8dcc7e\" data-id=\"5c8dcc7e\" data-element_type=\"column\" data-e-type=\"column\" data-settings=\"{&quot;background_background&quot;:&quot;classic&quot;}\">\n\t\t\t<div class=\"elementor-widget-wrap elementor-element-populated\">\n\t\t\t\t\t\t<div class=\"elementor-element elementor-element-74da84ca elementor-widget elementor-widget-text-editor\" data-id=\"74da84ca\" data-element_type=\"widget\" data-e-type=\"widget\" data-widget_type=\"text-editor.default\">\n\t\t\t\t<div class=\"elementor-widget-container\">\n\t\t\t\t\t<div class=\"bb-theme-elementor-wrap bb-elementor-custom-family\">\t\t\t\t<p>Az Eurolibrary 2.0 egy Erasmus+ projekt, amely egy sz\u00e9lesebb k\u00f6r\u0171 kezdem\u00e9nyez\u00e9s r\u00e9sze, amelynek c\u00e9lja a kultur\u00e1lis csere, a szem\u00e9lyes fejl\u0151d\u00e9s \u00e9s a k\u00f6z\u00f6ss\u00e9gi elk\u00f6telezetts\u00e9g el\u0151mozd\u00edt\u00e1sa az eur\u00f3pai fiatalok k\u00f6r\u00e9ben. Az Eurolibrary 1 sikeres megval\u00f3s\u00edt\u00e1sa ut\u00e1n javaslat sz\u00fcletett az Eurolibrary 2.0 l\u00e9trehoz\u00e1s\u00e1ra. Az Eurolibrary 2.0 \u00f6tlete abb\u00f3l a v\u00e1gyb\u00f3l fakadt, hogy \u00f6tv\u00f6zz\u00e9k a Hum\u00e1n K\u00f6nyvt\u00e1r koncepci\u00f3j\u00e1t az Erasmus+ program mobilit\u00e1si \u00e9s t\u00e1j\u00e9koztat\u00e1si potenci\u00e1lj\u00e1val. A projekt t\u00f6bb helysz\u00ednen szervezett rendezv\u00e9nyek r\u00e9v\u00e9n sz\u00e9lesebb k\u00f6z\u00f6ns\u00e9get k\u00edv\u00e1n el\u00e9rni, \u00e9s mind a r\u00e9sztvev\u0151k, mind a helyi k\u00f6z\u00f6ss\u00e9gek sz\u00e1m\u00e1ra hat\u00e9kony \u00e9lm\u00e9nyeket k\u00edv\u00e1n teremteni.<\/p>\t\t\t\t<\/div>\t\t\t\t<\/div>\n\t\t\t\t<\/div>\n\t\t\t\t\t<\/div>\n\t\t<\/div>\n\t\t\t\t\t<\/div>\n\t\t<\/section>\n\t\t\t\t<section class=\"elementor-section elementor-inner-section elementor-element elementor-element-1d01c6c5 elementor-section-boxed elementor-section-height-default elementor-section-height-default wpr-particle-no wpr-jarallax-no wpr-parallax-no wpr-sticky-section-no\" data-id=\"1d01c6c5\" data-element_type=\"section\" data-e-type=\"section\">\n\t\t\t\t\t\t<div class=\"elementor-container elementor-column-gap-default\">\n\t\t\t\t\t<div class=\"elementor-column elementor-col-50 elementor-inner-column elementor-element elementor-element-369b2785\" data-id=\"369b2785\" data-element_type=\"column\" data-e-type=\"column\" data-settings=\"{&quot;background_background&quot;:&quot;classic&quot;}\">\n\t\t\t<div class=\"elementor-widget-wrap elementor-element-populated\">\n\t\t\t\t\t\t<div class=\"elementor-element elementor-element-30785a49 elementor-widget elementor-widget-text-editor\" data-id=\"30785a49\" data-element_type=\"widget\" data-e-type=\"widget\" data-widget_type=\"text-editor.default\">\n\t\t\t\t<div class=\"elementor-widget-container\">\n\t\t\t\t\t<div class=\"bb-theme-elementor-wrap bb-elementor-custom-color bb-elementor-custom-family bb-elementor-custom-size bb-elementor-custom-line-height\">\t\t\t\t<p>MEGVAL\u00d3S\u00cdT\u00c1S: TEV\u00c9KENYS\u00c9GEK \u00c9S M\u00d3DSZEREK<\/p>\t\t\t\t<\/div>\t\t\t\t<\/div>\n\t\t\t\t<\/div>\n\t\t\t\t\t<\/div>\n\t\t<\/div>\n\t\t\t\t<div class=\"elementor-column elementor-col-50 elementor-inner-column elementor-element elementor-element-40d5313a\" data-id=\"40d5313a\" data-element_type=\"column\" data-e-type=\"column\" data-settings=\"{&quot;background_background&quot;:&quot;classic&quot;}\">\n\t\t\t<div class=\"elementor-widget-wrap elementor-element-populated\">\n\t\t\t\t\t\t<div class=\"elementor-element elementor-element-35aff058 elementor-widget elementor-widget-text-editor\" data-id=\"35aff058\" data-element_type=\"widget\" data-e-type=\"widget\" data-widget_type=\"text-editor.default\">\n\t\t\t\t<div class=\"elementor-widget-container\">\n\t\t\t\t\t<div class=\"bb-theme-elementor-wrap bb-elementor-custom-family\">\t\t\t\t<p>Tev\u00e9kenys\u00e9gek \u00e9s elk\u00f6telezetts\u00e9g: Az Eurolibrary 2.0 tev\u00e9kenys\u00e9gei a k\u00f6vetkez\u0151ket tartalmazz\u00e1k:<\/p><ul><li>Emberi k\u00f6nyvt\u00e1r rendezv\u00e9nyek: A r\u00e9sztvev\u0151k megosztj\u00e1k szem\u00e9lyes t\u00f6rt\u00e9neteiket az \u201eolvas\u00f3kkal\u201d, el\u0151seg\u00edtve ezzel a p\u00e1rbesz\u00e9det \u00e9s a meg\u00e9rt\u00e9st.<br \/><br \/><\/li><li>K\u00f6z\u00f6ss\u00e9gi szerepv\u00e1llal\u00e1s: Az olyan tev\u00e9kenys\u00e9gek, mint az \u00f6nk\u00e9ntes munka a helyi k\u00f6zpontokban \u00e9s nyilv\u00e1nos rendezv\u00e9nyek szervez\u00e9se, el\u0151seg\u00edtik a r\u00e9sztvev\u0151k beilleszked\u00e9s\u00e9t a helyi k\u00f6z\u00f6ss\u00e9gekbe.<br \/><br \/><\/li><li>K\u00e9szs\u00e9gfejleszt\u00e9s: A fot\u00f3z\u00e1s, videok\u00e9sz\u00edt\u00e9s \u00e9s egy\u00e9b digit\u00e1lis m\u00e9dia k\u00e9szs\u00e9gekr\u0151l sz\u00f3l\u00f3 m\u0171helyek lehet\u0151v\u00e9 teszik a r\u00e9sztvev\u0151k sz\u00e1m\u00e1ra, hogy dokument\u00e1lj\u00e1k \u00e9s megossz\u00e1k tapasztalataikat.<br \/><br \/><\/li><li>Kultur\u00e1lis egy\u00fcttm\u0171k\u00f6d\u00e9s: A lakosokkal val\u00f3 interakci\u00f3 \u00e9s a kultur\u00e1lis tev\u00e9kenys\u00e9gekben val\u00f3 r\u00e9szv\u00e9tel el\u0151seg\u00edti a k\u00f6lcs\u00f6n\u00f6s meg\u00e9rt\u00e9st \u00e9s tiszteletet.<\/li><\/ul>\t\t\t\t<\/div>\t\t\t\t<\/div>\n\t\t\t\t<\/div>\n\t\t\t\t\t<\/div>\n\t\t<\/div>\n\t\t\t\t\t<\/div>\n\t\t<\/section>\n\t\t\t\t<section class=\"elementor-section elementor-inner-section elementor-element elementor-element-7afa0a58 elementor-section-boxed elementor-section-height-default elementor-section-height-default wpr-particle-no wpr-jarallax-no wpr-parallax-no wpr-sticky-section-no\" data-id=\"7afa0a58\" data-element_type=\"section\" data-e-type=\"section\" data-settings=\"{&quot;background_background&quot;:&quot;classic&quot;}\">\n\t\t\t\t\t\t<div class=\"elementor-container elementor-column-gap-default\">\n\t\t\t\t\t<div class=\"elementor-column elementor-col-50 elementor-inner-column elementor-element elementor-element-63fc068c\" data-id=\"63fc068c\" data-element_type=\"column\" data-e-type=\"column\" data-settings=\"{&quot;background_background&quot;:&quot;classic&quot;}\">\n\t\t\t<div class=\"elementor-widget-wrap elementor-element-populated\">\n\t\t\t\t\t\t<div class=\"elementor-element elementor-element-58170f97 elementor-widget elementor-widget-text-editor\" data-id=\"58170f97\" data-element_type=\"widget\" data-e-type=\"widget\" data-widget_type=\"text-editor.default\">\n\t\t\t\t<div class=\"elementor-widget-container\">\n\t\t\t\t\t<div class=\"bb-theme-elementor-wrap bb-elementor-custom-color bb-elementor-custom-family bb-elementor-custom-size bb-elementor-custom-line-height\">\t\t\t\t<p>A PROJEKT EREDM\u00c9NYEI \u00c9S A TANULS\u00c1GOK<\/p>\t\t\t\t<\/div>\t\t\t\t<\/div>\n\t\t\t\t<\/div>\n\t\t\t\t\t<\/div>\n\t\t<\/div>\n\t\t\t\t<div class=\"elementor-column elementor-col-50 elementor-inner-column elementor-element elementor-element-4b77b954\" data-id=\"4b77b954\" data-element_type=\"column\" data-e-type=\"column\" data-settings=\"{&quot;background_background&quot;:&quot;classic&quot;}\">\n\t\t\t<div class=\"elementor-widget-wrap elementor-element-populated\">\n\t\t\t\t\t\t<div class=\"elementor-element elementor-element-6410ba0e elementor-widget elementor-widget-text-editor\" data-id=\"6410ba0e\" data-element_type=\"widget\" data-e-type=\"widget\" data-widget_type=\"text-editor.default\">\n\t\t\t\t<div class=\"elementor-widget-container\">\n\t\t\t\t\t<div class=\"bb-theme-elementor-wrap bb-elementor-custom-family\">\t\t\t\t<p>A projekt eredm\u00e9nyei<\/p><ul><li>Fokozott interkultur\u00e1lis meg\u00e9rt\u00e9s: A k\u00fcl\u00f6nb\u00f6z\u0151 h\u00e1tt\u00e9rrel rendelkez\u0151 r\u00e9sztvev\u0151knek lehet\u0151s\u00e9g\u00fck ny\u00edlt megosztani t\u00f6rt\u00e9neteiket \u00e9s tapasztalataikat, el\u0151seg\u00edtve ezzel az emp\u00e1ti\u00e1t \u00e9s a sztereot\u00edpi\u00e1k lebont\u00e1s\u00e1t. A projekt el\u0151seg\u00edtette a jelent\u0151s\u00e9gteljes interakci\u00f3kat, amelyek nagyobb kultur\u00e1lis tudatoss\u00e1got \u00e9s k\u00f6lcs\u00f6n\u00f6s tiszteletet eredm\u00e9nyeztek.<br \/><br \/><\/li><li>K\u00e9szs\u00e9gfejleszt\u00e9s: A r\u00e9sztvev\u0151k \u00e9rt\u00e9kes k\u00e9szs\u00e9geket saj\u00e1t\u00edtottak el a digit\u00e1lis m\u00e9dia \u00e9s a t\u00f6rt\u00e9netmes\u00e9l\u00e9s ter\u00e9n. A fot\u00f3z\u00e1sr\u00f3l, videok\u00e9sz\u00edt\u00e9sr\u0151l \u00e9s egy\u00e9b kommunik\u00e1ci\u00f3s k\u00e9szs\u00e9gekr\u0151l sz\u00f3l\u00f3 m\u0171helyek lehet\u0151v\u00e9 tett\u00e9k sz\u00e1mukra, hogy hat\u00e9konyan dokument\u00e1lj\u00e1k \u00e9s megossz\u00e1k tapasztalataikat. Ezek a k\u00e9szs\u00e9gek \u00e1tadhat\u00f3k \u00e9s hasznosak a j\u00f6v\u0151beli szem\u00e9lyes \u00e9s szakmai t\u00f6rekv\u00e9sekhez.<br \/><br \/><\/li><li>K\u00f6z\u00f6ss\u00e9gi szerepv\u00e1llal\u00e1s: A projekt k\u00fcl\u00f6nb\u00f6z\u0151 tev\u00e9kenys\u00e9gek r\u00e9v\u00e9n sikeresen bevonta a helyi k\u00f6z\u00f6ss\u00e9geket. A r\u00e9sztvev\u0151k \u00f6nk\u00e9nteskedtek a helyi k\u00f6zpontokban, kapcsolatba l\u00e9ptek k\u00f6z\u00e9piskol\u00e1s di\u00e1kokkal \u00e9s nyilv\u00e1nos rendezv\u00e9nyeket szerveztek parkokban. Ez a szerepv\u00e1llal\u00e1s seg\u00edtett meger\u0151s\u00edteni a k\u00f6z\u00f6ss\u00e9gi k\u00f6tel\u00e9keket, \u00e9s a r\u00e9sztvev\u0151knek m\u00e9lyebb betekint\u00e9st ny\u00fajtott a helyi kult\u00far\u00e1kba \u00e9s probl\u00e9m\u00e1kba.<br \/><br \/><\/li><li>Eml\u00e9kezetes \u00e9lm\u00e9nyek: A projekt eml\u00e9kezetes \u00e9s \u00e1talak\u00edt\u00f3 \u00e9lm\u00e9nyeket ny\u00fajtott a r\u00e9sztvev\u0151knek. Az olyan tev\u00e9kenys\u00e9geket, mint a tengerparti partik, a j\u00f3ga\u00f3r\u00e1k \u00e9s az egyedi t\u00f6rt\u00e9netmes\u00e9l\u0151 rendezv\u00e9nyek \u00fagy tervezt\u00e9k, hogy \u00e9lvezetesek \u00e9s hat\u00e9konyak legyenek, \u00e9s tart\u00f3s benyom\u00e1st hagyjanak a r\u00e9sztvev\u0151kben.<\/li><\/ul><p>Tanuls\u00e1gok:<\/p><ul><li>A t\u00f6rt\u00e9netmes\u00e9l\u00e9s fontoss\u00e1ga: A szem\u00e9lyes t\u00f6rt\u00e9netek hat\u00e9kony eszk\u00f6z\u00f6k a meg\u00e9rt\u00e9s \u00e9s az emp\u00e1tia el\u0151seg\u00edt\u00e9s\u00e9ben. A \u201eHum\u00e1n K\u00f6nyvt\u00e1r\u201d koncepci\u00f3 hat\u00e9konynak bizonyult a k\u00fcl\u00f6nb\u00f6z\u0151 h\u00e1tt\u00e9rrel rendelkez\u0151 emberek k\u00f6z\u00f6tti kapcsolatok kialak\u00edt\u00e1s\u00e1ban, kiemelve a t\u00f6rt\u00e9netmes\u00e9l\u00e9s \u00e9rt\u00e9k\u00e9t az interkultur\u00e1lis p\u00e1rbesz\u00e9dben.<br \/><br \/><\/li><li>K\u00f6z\u00f6ss\u00e9gi r\u00e9szv\u00e9tel: A helyi k\u00f6z\u00f6ss\u00e9gek bevon\u00e1sa \u00e9s a helyi szervezetekkel val\u00f3 partners\u00e9gek ki\u00e9p\u00edt\u00e9se n\u00f6velte a projekt hat\u00e1s\u00e1t. A k\u00f6z\u00f6ss\u00e9gi r\u00e9szv\u00e9tel kulcsfontoss\u00e1g\u00fa volt a r\u00e9sztvev\u0151k sz\u00e1m\u00e1ra \u00e9rtelmes \u00e9lm\u00e9nyek megteremt\u00e9s\u00e9ben \u00e9s tart\u00f3s kapcsolatok kialak\u00edt\u00e1s\u00e1ban.<\/li><\/ul>\t\t\t\t<\/div>\t\t\t\t<\/div>\n\t\t\t\t<\/div>\n\t\t\t\t\t<\/div>\n\t\t<\/div>\n\t\t\t\t\t<\/div>\n\t\t<\/section>\n\t\t\t\t<section class=\"elementor-section elementor-inner-section elementor-element elementor-element-2bd93447 elementor-section-boxed elementor-section-height-default elementor-section-height-default wpr-particle-no wpr-jarallax-no wpr-parallax-no wpr-sticky-section-no\" data-id=\"2bd93447\" data-element_type=\"section\" data-e-type=\"section\">\n\t\t\t\t\t\t<div class=\"elementor-container elementor-column-gap-default\">\n\t\t\t\t\t<div class=\"elementor-column elementor-col-50 elementor-inner-column elementor-element elementor-element-62a2b263\" data-id=\"62a2b263\" data-element_type=\"column\" data-e-type=\"column\" data-settings=\"{&quot;background_background&quot;:&quot;classic&quot;}\">\n\t\t\t<div class=\"elementor-widget-wrap elementor-element-populated\">\n\t\t\t\t\t\t<div class=\"elementor-element elementor-element-7c48d733 elementor-widget elementor-widget-text-editor\" data-id=\"7c48d733\" data-element_type=\"widget\" data-e-type=\"widget\" data-widget_type=\"text-editor.default\">\n\t\t\t\t<div class=\"elementor-widget-container\">\n\t\t\t\t\t<div class=\"bb-theme-elementor-wrap bb-elementor-custom-color bb-elementor-custom-family bb-elementor-custom-size bb-elementor-custom-line-height\">\t\t\t\t<p>VIZU\u00c1LIS \u00c9S KISEG\u00cdT\u0150 ANYAGOK<\/p>\t\t\t\t<\/div>\t\t\t\t<\/div>\n\t\t\t\t<\/div>\n\t\t\t\t\t<\/div>\n\t\t<\/div>\n\t\t\t\t<div class=\"elementor-column elementor-col-50 elementor-inner-column elementor-element elementor-element-3074014d\" data-id=\"3074014d\" data-element_type=\"column\" data-e-type=\"column\" data-settings=\"{&quot;background_background&quot;:&quot;classic&quot;}\">\n\t\t\t<div class=\"elementor-widget-wrap elementor-element-populated\">\n\t\t\t\t\t\t<div class=\"elementor-element elementor-element-41a96683 elementor-widget elementor-widget-text-editor\" data-id=\"41a96683\" data-element_type=\"widget\" data-e-type=\"widget\" data-widget_type=\"text-editor.default\">\n\t\t\t\t<div class=\"elementor-widget-container\">\n\t\t\t\t\t<div class=\"bb-theme-elementor-wrap bb-elementor-custom-family\">\t\t\t\t<p><a href=\"https:\/\/www.youtube.com\/watch?v=MjNqcVQ5q0U\">https:\/\/www.youtube.com\/watch?v=MjNqcVQ5q0U<\/a><\/p>\t\t\t\t<\/div>\t\t\t\t<\/div>\n\t\t\t\t<\/div>\n\t\t\t\t\t<\/div>\n\t\t<\/div>\n\t\t\t\t\t<\/div>\n\t\t<\/section>\n\t\t\t\t\t<\/div>\n\t\t<\/div>\n\t\t\t\t\t<\/div>\n\t\t<\/section>\n\t\t\t\t<\/div>","protected":false},"excerpt":{"rendered":"<p>Back to the Good Practices Eurolibrary 2.0 GENERAL INFORMATION Eurolibrary 2.0 is an Erasmus+ project that builds on the innovative concept of the Human Library,&hellip;<\/p>","protected":false},"author":140,"featured_media":0,"parent":0,"menu_order":0,"comment_status":"closed","ping_status":"closed","template":"","meta":{"_uag_custom_page_level_css":"","footnotes":""},"class_list":["post-4576","page","type-page","status-publish","hentry"],"uagb_featured_image_src":{"full":false,"thumbnail":false,"medium":false,"medium_large":false,"large":false,"1536x1536":false,"2048x2048":false,"trp-custom-language-flag":false,"post-thumbnail":false},"uagb_author_info":{"display_name":"L\u00e1szl\u00f3 Viniczai","author_link":"https:\/\/youthmatchpoint.eu\/hu\/author\/viniczailaszlo\/"},"uagb_comment_info":0,"uagb_excerpt":"Back to the Good Practices Eurolibrary 2.0 GENERAL INFORMATION Eurolibrary 2.0 is an Erasmus+ project that builds on the innovative concept of the Human Library,&hellip;","_links":{"self":[{"href":"https:\/\/youthmatchpoint.eu\/hu\/wp-json\/wp\/v2\/pages\/4576","targetHints":{"allow":["GET"]}}],"collection":[{"href":"https:\/\/youthmatchpoint.eu\/hu\/wp-json\/wp\/v2\/pages"}],"about":[{"href":"https:\/\/youthmatchpoint.eu\/hu\/wp-json\/wp\/v2\/types\/page"}],"author":[{"embeddable":true,"href":"https:\/\/youthmatchpoint.eu\/hu\/wp-json\/wp\/v2\/users\/140"}],"replies":[{"embeddable":true,"href":"https:\/\/youthmatchpoint.eu\/hu\/wp-json\/wp\/v2\/comments?post=4576"}],"version-history":[{"count":16,"href":"https:\/\/youthmatchpoint.eu\/hu\/wp-json\/wp\/v2\/pages\/4576\/revisions"}],"predecessor-version":[{"id":4728,"href":"https:\/\/youthmatchpoint.eu\/hu\/wp-json\/wp\/v2\/pages\/4576\/revisions\/4728"}],"wp:attachment":[{"href":"https:\/\/youthmatchpoint.eu\/hu\/wp-json\/wp\/v2\/media?parent=4576"}],"curies":[{"name":"wp","href":"https:\/\/api.w.org\/{rel}","templated":true}]}}