{"id":4888,"date":"2025-10-17T08:26:55","date_gmt":"2025-10-17T08:26:55","guid":{"rendered":"https:\/\/youthmatchpoint.eu\/?page_id=4888"},"modified":"2025-10-17T08:31:30","modified_gmt":"2025-10-17T08:31:30","slug":"international-summer-week-sardinia-isw","status":"publish","type":"page","link":"https:\/\/youthmatchpoint.eu\/hu\/international-summer-week-sardinia-isw\/","title":{"rendered":"Nemzetk\u00f6zi Ny\u00e1ri H\u00e9t Szard\u00ednia (ISW)"},"content":{"rendered":"<div data-elementor-type=\"wp-page\" data-elementor-id=\"4888\" class=\"elementor elementor-4888\" data-elementor-post-type=\"page\">\n\t\t\t\t<div class=\"elementor-element elementor-element-527b01f5 e-flex e-con-boxed wpr-particle-no wpr-jarallax-no wpr-parallax-no wpr-sticky-section-no e-con e-parent\" data-id=\"527b01f5\" data-element_type=\"container\" data-e-type=\"container\">\n\t\t\t\t\t<div class=\"e-con-inner\">\n\t\t\t\t<div class=\"elementor-element elementor-element-436c862a elementor-mobile-align-center elementor-widget elementor-widget-button\" data-id=\"436c862a\" data-element_type=\"widget\" data-e-type=\"widget\" data-widget_type=\"button.default\">\n\t\t\t\t<div class=\"elementor-widget-container\">\n\t\t\t\t\t\t\t\t\t<div class=\"elementor-button-wrapper\">\n\t\t\t\t\t<a class=\"elementor-button elementor-button-link elementor-size-sm elementor-animation-pop\" href=\"\/hu\/good-practices\/\">\n\t\t\t\t\t\t<span class=\"elementor-button-content-wrapper\">\n\t\t\t\t\t\t\t\t\t<span class=\"elementor-button-text\">Back to the Good Practices<\/span>\n\t\t\t\t\t<\/span>\n\t\t\t\t\t<\/a>\n\t\t\t\t<\/div>\n\t\t\t\t\t\t\t\t<\/div>\n\t\t\t\t<\/div>\n\t\t\t\t\t<\/div>\n\t\t\t\t<\/div>\n\t\t\t\t<section class=\"elementor-section elementor-top-section elementor-element elementor-element-6bdebdc7 elementor-section-stretched elementor-section-boxed elementor-section-height-default elementor-section-height-default wpr-particle-no wpr-jarallax-no wpr-parallax-no wpr-sticky-section-no\" data-id=\"6bdebdc7\" data-element_type=\"section\" data-e-type=\"section\" data-settings=\"{&quot;stretch_section&quot;:&quot;section-stretched&quot;,&quot;background_background&quot;:&quot;classic&quot;}\">\n\t\t\t\t\t\t<div class=\"elementor-container elementor-column-gap-default\">\n\t\t\t\t\t<div class=\"elementor-column elementor-col-100 elementor-top-column elementor-element elementor-element-53343acc\" data-id=\"53343acc\" data-element_type=\"column\" data-e-type=\"column\">\n\t\t\t<div class=\"elementor-widget-wrap elementor-element-populated\">\n\t\t\t\t\t\t<div class=\"elementor-element elementor-element-5b7d8828 elementor-widget elementor-widget-heading\" data-id=\"5b7d8828\" data-element_type=\"widget\" data-e-type=\"widget\" data-widget_type=\"heading.default\">\n\t\t\t\t<div class=\"elementor-widget-container\">\n\t\t\t\t\t<h2 class=\"elementor-heading-title elementor-size-default\">Nemzetk\u00f6zi Ny\u00e1ri H\u00e9t Szard\u00ednia (ISW)<\/h2>\t\t\t\t<\/div>\n\t\t\t\t<\/div>\n\t\t\t\t<section class=\"elementor-section elementor-inner-section elementor-element elementor-element-759aec14 elementor-section-boxed elementor-section-height-default elementor-section-height-default wpr-particle-no wpr-jarallax-no wpr-parallax-no wpr-sticky-section-no\" data-id=\"759aec14\" data-element_type=\"section\" data-e-type=\"section\">\n\t\t\t\t\t\t<div class=\"elementor-container elementor-column-gap-default\">\n\t\t\t\t\t<div class=\"elementor-column elementor-col-50 elementor-inner-column elementor-element elementor-element-705b2c1e\" data-id=\"705b2c1e\" data-element_type=\"column\" data-e-type=\"column\" data-settings=\"{&quot;background_background&quot;:&quot;classic&quot;}\">\n\t\t\t<div class=\"elementor-widget-wrap elementor-element-populated\">\n\t\t\t\t\t\t<div class=\"elementor-element elementor-element-3cdddd7b elementor-widget elementor-widget-text-editor\" data-id=\"3cdddd7b\" data-element_type=\"widget\" data-e-type=\"widget\" data-widget_type=\"text-editor.default\">\n\t\t\t\t<div class=\"elementor-widget-container\">\n\t\t\t\t\t<div class=\"bb-theme-elementor-wrap bb-elementor-custom-color bb-elementor-custom-family bb-elementor-custom-size bb-elementor-custom-line-height\">\t\t\t\t<p>\u00c1LTAL\u00c1NOS INFORM\u00c1CI\u00d3K<\/p>\t\t\t\t<\/div>\t\t\t\t<\/div>\n\t\t\t\t<\/div>\n\t\t\t\t\t<\/div>\n\t\t<\/div>\n\t\t\t\t<div class=\"elementor-column elementor-col-50 elementor-inner-column elementor-element elementor-element-70b1c9e5\" data-id=\"70b1c9e5\" data-element_type=\"column\" data-e-type=\"column\" data-settings=\"{&quot;background_background&quot;:&quot;classic&quot;}\">\n\t\t\t<div class=\"elementor-widget-wrap elementor-element-populated\">\n\t\t\t\t\t\t<div class=\"elementor-element elementor-element-5f53dca9 elementor-widget elementor-widget-text-editor\" data-id=\"5f53dca9\" data-element_type=\"widget\" data-e-type=\"widget\" data-widget_type=\"text-editor.default\">\n\t\t\t\t<div class=\"elementor-widget-container\">\n\t\t\t\t\t<div class=\"bb-theme-elementor-wrap bb-elementor-custom-family\">\t\t\t\t<p>Helysz\u00edn: Szard\u00ednia, Olaszorsz\u00e1g<br \/>R\u00e9szt vev\u0151 szervezet(ek): Associazione TDM 2000 ODV<br \/>Kapcsolattart\u00f3 szem\u00e9ly: <br \/>N\u00e9v: Antonio Martis<br \/>Poz\u00edci\u00f3: Rendezv\u00e9nymenedzser<br \/>Email: <a href=\"mailto:iswtdm@gmail.com\">iswtdm@gmail.com<\/a><br \/>Web: <a href=\"https:\/\/summerweeksardinia.com\">https:\/\/summerweeksardinia.com<\/a><\/p>\t\t\t\t<\/div>\t\t\t\t<\/div>\n\t\t\t\t<\/div>\n\t\t\t\t\t<\/div>\n\t\t<\/div>\n\t\t\t\t\t<\/div>\n\t\t<\/section>\n\t\t\t\t<section class=\"elementor-section elementor-inner-section elementor-element elementor-element-349b54c5 elementor-section-boxed elementor-section-height-default elementor-section-height-default wpr-particle-no wpr-jarallax-no wpr-parallax-no wpr-sticky-section-no\" data-id=\"349b54c5\" data-element_type=\"section\" data-e-type=\"section\">\n\t\t\t\t\t\t<div class=\"elementor-container elementor-column-gap-default\">\n\t\t\t\t\t<div class=\"elementor-column elementor-col-50 elementor-inner-column elementor-element elementor-element-623ece68\" data-id=\"623ece68\" data-element_type=\"column\" data-e-type=\"column\" data-settings=\"{&quot;background_background&quot;:&quot;classic&quot;}\">\n\t\t\t<div class=\"elementor-widget-wrap elementor-element-populated\">\n\t\t\t\t\t\t<div class=\"elementor-element elementor-element-49e15a04 elementor-widget elementor-widget-text-editor\" data-id=\"49e15a04\" data-element_type=\"widget\" data-e-type=\"widget\" data-widget_type=\"text-editor.default\">\n\t\t\t\t<div class=\"elementor-widget-container\">\n\t\t\t\t\t<div class=\"bb-theme-elementor-wrap bb-elementor-custom-color bb-elementor-custom-family bb-elementor-custom-size bb-elementor-custom-line-height\">\t\t\t\t<p>HASZNOS LINKEK<\/p>\t\t\t\t<\/div>\t\t\t\t<\/div>\n\t\t\t\t<\/div>\n\t\t\t\t\t<\/div>\n\t\t<\/div>\n\t\t\t\t<div class=\"elementor-column elementor-col-50 elementor-inner-column elementor-element elementor-element-47384204\" data-id=\"47384204\" data-element_type=\"column\" data-e-type=\"column\" data-settings=\"{&quot;background_background&quot;:&quot;classic&quot;}\">\n\t\t\t<div class=\"elementor-widget-wrap elementor-element-populated\">\n\t\t\t\t\t\t<div class=\"elementor-element elementor-element-3a466045 elementor-widget elementor-widget-text-editor\" data-id=\"3a466045\" data-element_type=\"widget\" data-e-type=\"widget\" data-widget_type=\"text-editor.default\">\n\t\t\t\t<div class=\"elementor-widget-container\">\n\t\t\t\t\t<div class=\"bb-theme-elementor-wrap bb-elementor-custom-family\">\t\t\t\t<p><a href=\"https:\/\/www.instagram.com\/summerweeksardinia\/\">https:\/\/www.instagram.com\/summerweeksardinia\/<\/a> <a href=\"https:\/\/www.facebook.com\/summerweeksardinia\">https:\/\/www.facebook.com\/summerweeksardinia<\/a><\/p>\t\t\t\t<\/div>\t\t\t\t<\/div>\n\t\t\t\t<\/div>\n\t\t\t\t\t<\/div>\n\t\t<\/div>\n\t\t\t\t\t<\/div>\n\t\t<\/section>\n\t\t\t\t<section class=\"elementor-section elementor-inner-section elementor-element elementor-element-c683dfa elementor-section-boxed elementor-section-height-default elementor-section-height-default wpr-particle-no wpr-jarallax-no wpr-parallax-no wpr-sticky-section-no\" data-id=\"c683dfa\" data-element_type=\"section\" data-e-type=\"section\">\n\t\t\t\t\t\t<div class=\"elementor-container elementor-column-gap-default\">\n\t\t\t\t\t<div class=\"elementor-column elementor-col-50 elementor-inner-column elementor-element elementor-element-2ab685ca\" data-id=\"2ab685ca\" data-element_type=\"column\" data-e-type=\"column\" data-settings=\"{&quot;background_background&quot;:&quot;classic&quot;}\">\n\t\t\t<div class=\"elementor-widget-wrap elementor-element-populated\">\n\t\t\t\t\t\t<div class=\"elementor-element elementor-element-55c9c2ff elementor-widget elementor-widget-text-editor\" data-id=\"55c9c2ff\" data-element_type=\"widget\" data-e-type=\"widget\" data-widget_type=\"text-editor.default\">\n\t\t\t\t<div class=\"elementor-widget-container\">\n\t\t\t\t\t<div class=\"bb-theme-elementor-wrap bb-elementor-custom-color bb-elementor-custom-family bb-elementor-custom-size bb-elementor-custom-line-height\">\t\t\t\t<p>\u00d6SSZEFOGLAL\u00d3<\/p>\t\t\t\t<\/div>\t\t\t\t<\/div>\n\t\t\t\t<\/div>\n\t\t\t\t\t<\/div>\n\t\t<\/div>\n\t\t\t\t<div class=\"elementor-column elementor-col-50 elementor-inner-column elementor-element elementor-element-13b2b3d6\" data-id=\"13b2b3d6\" data-element_type=\"column\" data-e-type=\"column\" data-settings=\"{&quot;background_background&quot;:&quot;classic&quot;}\">\n\t\t\t<div class=\"elementor-widget-wrap elementor-element-populated\">\n\t\t\t\t\t\t<div class=\"elementor-element elementor-element-396e3b2 elementor-widget elementor-widget-text-editor\" data-id=\"396e3b2\" data-element_type=\"widget\" data-e-type=\"widget\" data-widget_type=\"text-editor.default\">\n\t\t\t\t<div class=\"elementor-widget-container\">\n\t\t\t\t\t<div class=\"bb-theme-elementor-wrap bb-elementor-custom-family\">\t\t\t\t<p>Az International Summer Week (ISW) egy \u00e9ves rendezv\u00e9ny, amelyet a TDM 2000 szervezet szervez Szard\u00edni\u00e1n, 18-30 \u00e9ves fiatal feln\u0151tteknek, \u00e9s amelynek k\u00f6z\u00e9ppontj\u00e1ban a kultur\u00e1lis csere, a t\u00e1rsadalmi v\u00e1llalkoz\u00f3i szellem \u00e9s a k\u00f6rnyezeti fenntarthat\u00f3s\u00e1g \u00e1ll. F\u0151 c\u00e9lja a nemzetk\u00f6zi kapcsolatok \u00e1pol\u00e1sa, a szard\u00edniai \u00f6r\u00f6ks\u00e9g n\u00e9pszer\u0171s\u00edt\u00e9se, valamint a r\u00e9sztvev\u0151k bevon\u00e1sa m\u0171helymunk\u00e1kba, kir\u00e1ndul\u00e1sokba \u00e9s t\u00e1rsadalmi esem\u00e9nyekbe. Az esem\u00e9nyre t\u00f6bb mint 200 r\u00e9sztvev\u0151 \u00e9rkezik a vil\u00e1g minden t\u00e1j\u00e1r\u00f3l, \u00e9s olyan oktat\u00e1si \u00e9s szabadid\u0151s tev\u00e9kenys\u00e9geket k\u00edn\u00e1l, amelyek kiemelik Szard\u00ednia kultur\u00e1lis \u00e9s term\u00e9szeti sz\u00e9ps\u00e9g\u00e9t.<\/p>\t\t\t\t<\/div>\t\t\t\t<\/div>\n\t\t\t\t<\/div>\n\t\t\t\t\t<\/div>\n\t\t<\/div>\n\t\t\t\t\t<\/div>\n\t\t<\/section>\n\t\t\t\t<section class=\"elementor-section elementor-inner-section elementor-element elementor-element-5ace6249 elementor-section-boxed elementor-section-height-default elementor-section-height-default wpr-particle-no wpr-jarallax-no wpr-parallax-no wpr-sticky-section-no\" data-id=\"5ace6249\" data-element_type=\"section\" data-e-type=\"section\">\n\t\t\t\t\t\t<div class=\"elementor-container elementor-column-gap-default\">\n\t\t\t\t\t<div class=\"elementor-column elementor-col-50 elementor-inner-column elementor-element elementor-element-43dacb5d\" data-id=\"43dacb5d\" data-element_type=\"column\" data-e-type=\"column\" data-settings=\"{&quot;background_background&quot;:&quot;classic&quot;}\">\n\t\t\t<div class=\"elementor-widget-wrap elementor-element-populated\">\n\t\t\t\t\t\t<div class=\"elementor-element elementor-element-5399bf9e elementor-widget elementor-widget-text-editor\" data-id=\"5399bf9e\" data-element_type=\"widget\" data-e-type=\"widget\" data-widget_type=\"text-editor.default\">\n\t\t\t\t<div class=\"elementor-widget-container\">\n\t\t\t\t\t<div class=\"bb-theme-elementor-wrap bb-elementor-custom-color bb-elementor-custom-family bb-elementor-custom-size bb-elementor-custom-line-height\">\t\t\t\t<p>C\u00c9LKIT\u0170Z\u00c9SEK<\/p>\t\t\t\t<\/div>\t\t\t\t<\/div>\n\t\t\t\t<\/div>\n\t\t\t\t\t<\/div>\n\t\t<\/div>\n\t\t\t\t<div class=\"elementor-column elementor-col-50 elementor-inner-column elementor-element elementor-element-68b9a25b\" data-id=\"68b9a25b\" data-element_type=\"column\" data-e-type=\"column\" data-settings=\"{&quot;background_background&quot;:&quot;classic&quot;}\">\n\t\t\t<div class=\"elementor-widget-wrap elementor-element-populated\">\n\t\t\t\t\t\t<div class=\"elementor-element elementor-element-5e2bb5e5 elementor-widget elementor-widget-text-editor\" data-id=\"5e2bb5e5\" data-element_type=\"widget\" data-e-type=\"widget\" data-widget_type=\"text-editor.default\">\n\t\t\t\t<div class=\"elementor-widget-container\">\n\t\t\t\t\t<div class=\"bb-theme-elementor-wrap bb-elementor-custom-family\">\t\t\t\t<p>Az ISW f\u0151 c\u00e9lja a kult\u00far\u00e1k k\u00f6z\u00f6tti meg\u00e9rt\u00e9s el\u0151mozd\u00edt\u00e1sa \u00e9s a fiatalok \u00f6n\u00e1ll\u00f3s\u00e1g\u00e1nak t\u00e1mogat\u00e1sa. Emellett egy proakt\u00edv fiatalokb\u00f3l \u00e1ll\u00f3 h\u00e1l\u00f3zat l\u00e9trehoz\u00e1s\u00e1ra, a kreat\u00edv gondolkod\u00e1s \u00f6szt\u00f6nz\u00e9s\u00e9re workshopok r\u00e9v\u00e9n, valamint Szard\u00ednia t\u00f6rt\u00e9nelmi \u00e9s kultur\u00e1lis kincseinek bemutat\u00e1s\u00e1ra t\u00f6rekszik.<\/p>\t\t\t\t<\/div>\t\t\t\t<\/div>\n\t\t\t\t<\/div>\n\t\t\t\t\t<\/div>\n\t\t<\/div>\n\t\t\t\t\t<\/div>\n\t\t<\/section>\n\t\t\t\t<section class=\"elementor-section elementor-inner-section elementor-element elementor-element-24dc0746 elementor-section-boxed elementor-section-height-default elementor-section-height-default wpr-particle-no wpr-jarallax-no wpr-parallax-no wpr-sticky-section-no\" data-id=\"24dc0746\" data-element_type=\"section\" data-e-type=\"section\">\n\t\t\t\t\t\t<div class=\"elementor-container elementor-column-gap-default\">\n\t\t\t\t\t<div class=\"elementor-column elementor-col-50 elementor-inner-column elementor-element elementor-element-3a6e29f7\" data-id=\"3a6e29f7\" data-element_type=\"column\" data-e-type=\"column\" data-settings=\"{&quot;background_background&quot;:&quot;classic&quot;}\">\n\t\t\t<div class=\"elementor-widget-wrap elementor-element-populated\">\n\t\t\t\t\t\t<div class=\"elementor-element elementor-element-722232e4 elementor-widget elementor-widget-text-editor\" data-id=\"722232e4\" data-element_type=\"widget\" data-e-type=\"widget\" data-widget_type=\"text-editor.default\">\n\t\t\t\t<div class=\"elementor-widget-container\">\n\t\t\t\t\t<div class=\"bb-theme-elementor-wrap bb-elementor-custom-color bb-elementor-custom-family bb-elementor-custom-size bb-elementor-custom-line-height\">\t\t\t\t<p>KONTEXTUS \u00c9S H\u00c1TT\u00c9R<\/p>\t\t\t\t<\/div>\t\t\t\t<\/div>\n\t\t\t\t<\/div>\n\t\t\t\t\t<\/div>\n\t\t<\/div>\n\t\t\t\t<div class=\"elementor-column elementor-col-50 elementor-inner-column elementor-element elementor-element-12869146\" data-id=\"12869146\" data-element_type=\"column\" data-e-type=\"column\" data-settings=\"{&quot;background_background&quot;:&quot;classic&quot;}\">\n\t\t\t<div class=\"elementor-widget-wrap elementor-element-populated\">\n\t\t\t\t\t\t<div class=\"elementor-element elementor-element-697906f9 elementor-widget elementor-widget-text-editor\" data-id=\"697906f9\" data-element_type=\"widget\" data-e-type=\"widget\" data-widget_type=\"text-editor.default\">\n\t\t\t\t<div class=\"elementor-widget-container\">\n\t\t\t\t\t<div class=\"bb-theme-elementor-wrap bb-elementor-custom-family\">\t\t\t\t<p>A kezdem\u00e9nyez\u00e9s 2000-ben sz\u00fcletett meg, egy szard\u00edniai fiatalokb\u00f3l \u00e1ll\u00f3 csoport azon sz\u00e1nd\u00e9k\u00e1b\u00f3l, hogy \u00f6szt\u00f6n\u00f6zz\u00e9k a fiatalok glob\u00e1lis r\u00e9szv\u00e9tel\u00e9t \u00e9s n\u00e9pszer\u0171s\u00edts\u00e9k Szard\u00ednia gazdag kultur\u00e1lis, t\u00f6rt\u00e9nelmi \u00e9s k\u00f6rnyezeti \u00f6r\u00f6ks\u00e9g\u00e9t. C\u00e9lja az volt, hogy teret biztos\u00edtson a fiatalok sz\u00e1m\u00e1ra az eszmecser\u00e9re, nemzetk\u00f6zi bar\u00e1ts\u00e1gok kialak\u00edt\u00e1s\u00e1ra, h\u00e1l\u00f3zat\u00e9p\u00edt\u00e9sre \u00e9s gyakorlati ismeretek megszerz\u00e9s\u00e9re, amelyek mind szem\u00e9lyes, mind szakmai fejl\u0151d\u00e9s\u00fckh\u00f6z hasznosak lehetnek.<\/p>\t\t\t\t<\/div>\t\t\t\t<\/div>\n\t\t\t\t<\/div>\n\t\t\t\t\t<\/div>\n\t\t<\/div>\n\t\t\t\t\t<\/div>\n\t\t<\/section>\n\t\t\t\t<section class=\"elementor-section elementor-inner-section elementor-element elementor-element-4a6d5d57 elementor-section-boxed elementor-section-height-default elementor-section-height-default wpr-particle-no wpr-jarallax-no wpr-parallax-no wpr-sticky-section-no\" data-id=\"4a6d5d57\" data-element_type=\"section\" data-e-type=\"section\">\n\t\t\t\t\t\t<div class=\"elementor-container elementor-column-gap-default\">\n\t\t\t\t\t<div class=\"elementor-column elementor-col-50 elementor-inner-column elementor-element elementor-element-5709b8eb\" data-id=\"5709b8eb\" data-element_type=\"column\" data-e-type=\"column\" data-settings=\"{&quot;background_background&quot;:&quot;classic&quot;}\">\n\t\t\t<div class=\"elementor-widget-wrap elementor-element-populated\">\n\t\t\t\t\t\t<div class=\"elementor-element elementor-element-b492c2e elementor-widget elementor-widget-text-editor\" data-id=\"b492c2e\" data-element_type=\"widget\" data-e-type=\"widget\" data-widget_type=\"text-editor.default\">\n\t\t\t\t<div class=\"elementor-widget-container\">\n\t\t\t\t\t<div class=\"bb-theme-elementor-wrap bb-elementor-custom-color bb-elementor-custom-family bb-elementor-custom-size bb-elementor-custom-line-height\">\t\t\t\t<p>MEGVAL\u00d3S\u00cdT\u00c1S: TEV\u00c9KENYS\u00c9GEK \u00c9S M\u00d3DSZEREK<\/p>\t\t\t\t<\/div>\t\t\t\t<\/div>\n\t\t\t\t<\/div>\n\t\t\t\t\t<\/div>\n\t\t<\/div>\n\t\t\t\t<div class=\"elementor-column elementor-col-50 elementor-inner-column elementor-element elementor-element-632e806e\" data-id=\"632e806e\" data-element_type=\"column\" data-e-type=\"column\" data-settings=\"{&quot;background_background&quot;:&quot;classic&quot;}\">\n\t\t\t<div class=\"elementor-widget-wrap elementor-element-populated\">\n\t\t\t\t\t\t<div class=\"elementor-element elementor-element-3d176af1 elementor-widget elementor-widget-text-editor\" data-id=\"3d176af1\" data-element_type=\"widget\" data-e-type=\"widget\" data-widget_type=\"text-editor.default\">\n\t\t\t\t<div class=\"elementor-widget-container\">\n\t\t\t\t\t<div class=\"bb-theme-elementor-wrap bb-elementor-custom-family\">\t\t\t\t<p>Az ISW sz\u00e1mos tev\u00e9kenys\u00e9get k\u00edn\u00e1l, p\u00e9ld\u00e1ul k\u00fcl\u00f6nb\u00f6z\u0151 t\u00e9m\u00e1kr\u00f3l sz\u00f3l\u00f3 workshopokat (minden \u00e9vben van egy t\u00e9ma), kir\u00e1ndul\u00e1sokat kultur\u00e1lis nevezetess\u00e9gekhez, strandpartikat \u00e9s tematikus t\u00e1rsas\u00e1gi esem\u00e9nyeket. A r\u00e9sztvev\u0151k brainstorming \u00fcl\u00e9seken, vit\u00e1kon \u00e9s csoportos tev\u00e9kenys\u00e9geken is r\u00e9szt vesznek, amelyek el\u0151seg\u00edtik az egy\u00fcttm\u0171k\u00f6d\u00e9st. Az innovat\u00edv megk\u00f6zel\u00edt\u00e9sek k\u00f6z\u00e9 tartoznak a gyakorlati projektek, valamint olyan helyi val\u00f3s\u00e1gok \u00e9s v\u00e1llalkoz\u00e1sok megl\u00e1togat\u00e1sa, amelyek j\u00f3 gyakorlatokat mutatnak be a t\u00e1rsadalmi \u00e9s k\u00f6rnyezeti kezdem\u00e9nyez\u00e9sek ter\u00e9n. Az esem\u00e9nyt sz\u00e1mos helyi \u00e9s nemzetk\u00f6zi partner t\u00e1mogatja, t\u00f6bbek k\u00f6z\u00f6tt a Szard\u00edniai Region\u00e1lis Korm\u00e1ny \u00e9s Cagliari \u00f6nkorm\u00e1nyzata.<\/p>\t\t\t\t<\/div>\t\t\t\t<\/div>\n\t\t\t\t<\/div>\n\t\t\t\t\t<\/div>\n\t\t<\/div>\n\t\t\t\t\t<\/div>\n\t\t<\/section>\n\t\t\t\t<section class=\"elementor-section elementor-inner-section elementor-element elementor-element-81bb033 elementor-section-boxed elementor-section-height-default elementor-section-height-default wpr-particle-no wpr-jarallax-no wpr-parallax-no wpr-sticky-section-no\" data-id=\"81bb033\" data-element_type=\"section\" data-e-type=\"section\" data-settings=\"{&quot;background_background&quot;:&quot;classic&quot;}\">\n\t\t\t\t\t\t<div class=\"elementor-container elementor-column-gap-default\">\n\t\t\t\t\t<div class=\"elementor-column elementor-col-50 elementor-inner-column elementor-element elementor-element-35a423cc\" data-id=\"35a423cc\" data-element_type=\"column\" data-e-type=\"column\" data-settings=\"{&quot;background_background&quot;:&quot;classic&quot;}\">\n\t\t\t<div class=\"elementor-widget-wrap elementor-element-populated\">\n\t\t\t\t\t\t<div class=\"elementor-element elementor-element-2c3667e5 elementor-widget elementor-widget-text-editor\" data-id=\"2c3667e5\" data-element_type=\"widget\" data-e-type=\"widget\" data-widget_type=\"text-editor.default\">\n\t\t\t\t<div class=\"elementor-widget-container\">\n\t\t\t\t\t<div class=\"bb-theme-elementor-wrap bb-elementor-custom-color bb-elementor-custom-family bb-elementor-custom-size bb-elementor-custom-line-height\">\t\t\t\t<p>A PROJEKT EREDM\u00c9NYEI \u00c9S A TANULS\u00c1GOK<\/p>\t\t\t\t<\/div>\t\t\t\t<\/div>\n\t\t\t\t<\/div>\n\t\t\t\t\t<\/div>\n\t\t<\/div>\n\t\t\t\t<div class=\"elementor-column elementor-col-50 elementor-inner-column elementor-element elementor-element-3f8ab8f9\" data-id=\"3f8ab8f9\" data-element_type=\"column\" data-e-type=\"column\" data-settings=\"{&quot;background_background&quot;:&quot;classic&quot;}\">\n\t\t\t<div class=\"elementor-widget-wrap elementor-element-populated\">\n\t\t\t\t\t\t<div class=\"elementor-element elementor-element-5feee4c3 elementor-widget elementor-widget-text-editor\" data-id=\"5feee4c3\" data-element_type=\"widget\" data-e-type=\"widget\" data-widget_type=\"text-editor.default\">\n\t\t\t\t<div class=\"elementor-widget-container\">\n\t\t\t\t\t<div class=\"bb-theme-elementor-wrap bb-elementor-custom-family\">\t\t\t\t<p>Az ISW eddig sikeresen fel\u00e9p\u00edtett egy olyan fiatal vezet\u0151kb\u0151l \u00e1ll\u00f3 k\u00f6z\u00f6ss\u00e9get, akik t\u00f6bb ismerettel rendelkeznek. Az esem\u00e9ny sz\u00e1mos ifj\u00fas\u00e1gi szervezet sz\u00e1m\u00e1ra \u00e9rt\u00e9kes h\u00e1l\u00f3zati platformk\u00e9nt szolg\u00e1l, el\u0151seg\u00edtve az egy\u00fcttm\u0171k\u00f6d\u00e9st \u00e9s az \u00f6sszefog\u00e1st. Emellett \u00faj szervezetek \u00e9s inform\u00e1lis fiatalokb\u00f3l \u00e1ll\u00f3 csoportok l\u00e9trehoz\u00e1s\u00e1ra is inspir\u00e1lta a r\u00e9sztvev\u0151ket, el\u0151mozd\u00edtva a hossz\u00fa t\u00e1v\u00fa partners\u00e9geket \u00e9s az innovat\u00edv kezdem\u00e9nyez\u00e9seket. Az egyik legfontosabb tanuls\u00e1g az, hogy a tanul\u00e1st \u00e9s az elk\u00f6telezetts\u00e9get el\u0151seg\u00edti az oktat\u00e1si tartalom, a kultur\u00e1lis elm\u00e9ly\u00fcl\u00e9s \u00e9s a t\u00e1rsadalmi interakci\u00f3 k\u00f6z\u00f6tti egyens\u00faly megteremt\u00e9se.<\/p>\t\t\t\t<\/div>\t\t\t\t<\/div>\n\t\t\t\t<\/div>\n\t\t\t\t\t<\/div>\n\t\t<\/div>\n\t\t\t\t\t<\/div>\n\t\t<\/section>\n\t\t\t\t<section class=\"elementor-section elementor-inner-section elementor-element elementor-element-45d18bab elementor-section-boxed elementor-section-height-default elementor-section-height-default wpr-particle-no wpr-jarallax-no wpr-parallax-no wpr-sticky-section-no\" data-id=\"45d18bab\" data-element_type=\"section\" data-e-type=\"section\">\n\t\t\t\t\t\t<div class=\"elementor-container elementor-column-gap-default\">\n\t\t\t\t\t<div class=\"elementor-column elementor-col-50 elementor-inner-column elementor-element elementor-element-575e9f60\" data-id=\"575e9f60\" data-element_type=\"column\" data-e-type=\"column\" data-settings=\"{&quot;background_background&quot;:&quot;classic&quot;}\">\n\t\t\t<div class=\"elementor-widget-wrap elementor-element-populated\">\n\t\t\t\t\t\t<div class=\"elementor-element elementor-element-25961e65 elementor-widget elementor-widget-text-editor\" data-id=\"25961e65\" data-element_type=\"widget\" data-e-type=\"widget\" data-widget_type=\"text-editor.default\">\n\t\t\t\t<div class=\"elementor-widget-container\">\n\t\t\t\t\t<div class=\"bb-theme-elementor-wrap bb-elementor-custom-color bb-elementor-custom-family bb-elementor-custom-size bb-elementor-custom-line-height\">\t\t\t\t<p>HAT\u00c1S<\/p>\t\t\t\t<\/div>\t\t\t\t<\/div>\n\t\t\t\t<\/div>\n\t\t\t\t\t<\/div>\n\t\t<\/div>\n\t\t\t\t<div class=\"elementor-column elementor-col-50 elementor-inner-column elementor-element elementor-element-7f895a75\" data-id=\"7f895a75\" data-element_type=\"column\" data-e-type=\"column\" data-settings=\"{&quot;background_background&quot;:&quot;classic&quot;}\">\n\t\t\t<div class=\"elementor-widget-wrap elementor-element-populated\">\n\t\t\t\t\t\t<div class=\"elementor-element elementor-element-3bd1f76a elementor-widget elementor-widget-text-editor\" data-id=\"3bd1f76a\" data-element_type=\"widget\" data-e-type=\"widget\" data-widget_type=\"text-editor.default\">\n\t\t\t\t<div class=\"elementor-widget-container\">\n\t\t\t\t\t<div class=\"bb-theme-elementor-wrap bb-elementor-custom-family\">\t\t\t\t<p>Az ISW turisztikai tev\u00e9kenys\u00e9g\u00e9vel \u00e9s a helyi v\u00e1llalkoz\u00e1sok ismerts\u00e9g\u00e9nek n\u00f6vel\u00e9s\u00e9vel gazdas\u00e1gi el\u0151ny\u00f6ket hoz a szard\u00edniai k\u00f6z\u00f6ss\u00e9gnek. Emellett el\u0151seg\u00edti a kultur\u00e1lis cser\u00e9t is, lehet\u0151v\u00e9 t\u00e9ve a helyiek sz\u00e1m\u00e1ra, hogy kapcsolatba l\u00e9pjenek a nemzetk\u00f6zi k\u00f6z\u00f6ns\u00e9ggel. <br \/>A fiatalok, k\u00fcl\u00f6n\u00f6sen a c\u00e9lk\u00f6z\u00f6ns\u00e9g, \u00faj \u00f6tletek, gyakorlati k\u00e9szs\u00e9gek \u00e9s h\u00e1l\u00f3zat\u00e9p\u00edt\u00e9si lehet\u0151s\u00e9gek megismer\u00e9s\u00e9b\u0151l profit\u00e1lnak. Az ISW olyan tev\u00e9kenys\u00e9gekbe vonja be a r\u00e9sztvev\u0151ket, mint workshopok \u00e9s helyi l\u00e1togat\u00e1sok, \u00edgy \u00f6szt\u00f6n\u00f6zve a fiatalokat, hogy akt\u00edvan j\u00e1ruljanak hozz\u00e1 a k\u00f6z\u00f6ss\u00e9gfejleszt\u00e9shez \u00e9s a fenntarthat\u00f3s\u00e1gi t\u00f6rekv\u00e9sekhez. Az elm\u00falt \u00e9vekben az esem\u00e9ny az Eur\u00f3pai Szolidarit\u00e1si Test\u00fclet t\u00e1mogat\u00e1s\u00e1t \u00e9lvezte, 20 helyi \u00e9s nemzetk\u00f6zi \u00f6nk\u00e9ntes r\u00e9szv\u00e9tel\u00e9vel, akik az esem\u00e9ny szervez\u00e9s\u00e9nek \u00e9s lebonyol\u00edt\u00e1s\u00e1nak k\u00fcl\u00f6nb\u00f6z\u0151 ter\u00fcletein seg\u00edtettek. <br \/>Seg\u00edts\u00e9g\u00fckkel fokozz\u00e1k az esem\u00e9ny hat\u00e1s\u00e1t az\u00e1ltal, hogy el\u0151seg\u00edtik az egy\u00fcttm\u0171k\u00f6d\u00e9st \u00e9s biztos\u00edtj\u00e1k a k\u00fcl\u00f6nb\u00f6z\u0151 tev\u00e9kenys\u00e9gek z\u00f6kken\u0151mentes lebonyol\u00edt\u00e1s\u00e1t.<\/p>\t\t\t\t<\/div>\t\t\t\t<\/div>\n\t\t\t\t<\/div>\n\t\t\t\t\t<\/div>\n\t\t<\/div>\n\t\t\t\t\t<\/div>\n\t\t<\/section>\n\t\t\t\t<section class=\"elementor-section elementor-inner-section elementor-element elementor-element-325c19f7 elementor-section-boxed elementor-section-height-default elementor-section-height-default wpr-particle-no wpr-jarallax-no wpr-parallax-no wpr-sticky-section-no\" data-id=\"325c19f7\" data-element_type=\"section\" data-e-type=\"section\">\n\t\t\t\t\t\t<div class=\"elementor-container elementor-column-gap-default\">\n\t\t\t\t\t<div class=\"elementor-column elementor-col-50 elementor-inner-column elementor-element elementor-element-6b039d4c\" data-id=\"6b039d4c\" data-element_type=\"column\" data-e-type=\"column\" data-settings=\"{&quot;background_background&quot;:&quot;classic&quot;}\">\n\t\t\t<div class=\"elementor-widget-wrap elementor-element-populated\">\n\t\t\t\t\t\t<div class=\"elementor-element elementor-element-4ce4068f elementor-widget elementor-widget-text-editor\" data-id=\"4ce4068f\" data-element_type=\"widget\" data-e-type=\"widget\" data-widget_type=\"text-editor.default\">\n\t\t\t\t<div class=\"elementor-widget-container\">\n\t\t\t\t\t<div class=\"bb-theme-elementor-wrap bb-elementor-custom-color bb-elementor-custom-family bb-elementor-custom-size bb-elementor-custom-line-height\">\t\t\t\t<p>VIZU\u00c1LIS \u00c9S KISEG\u00cdT\u0150 ANYAGOK<\/p>\t\t\t\t<\/div>\t\t\t\t<\/div>\n\t\t\t\t<\/div>\n\t\t\t\t\t<\/div>\n\t\t<\/div>\n\t\t\t\t<div class=\"elementor-column elementor-col-50 elementor-inner-column elementor-element elementor-element-4459ca35\" data-id=\"4459ca35\" data-element_type=\"column\" data-e-type=\"column\" data-settings=\"{&quot;background_background&quot;:&quot;classic&quot;}\">\n\t\t\t<div class=\"elementor-widget-wrap elementor-element-populated\">\n\t\t\t\t\t\t<div class=\"elementor-element elementor-element-190229b6 elementor-widget elementor-widget-text-editor\" data-id=\"190229b6\" data-element_type=\"widget\" data-e-type=\"widget\" data-widget_type=\"text-editor.default\">\n\t\t\t\t<div class=\"elementor-widget-container\">\n\t\t\t\t\t<div class=\"bb-theme-elementor-wrap bb-elementor-custom-family\">\t\t\t\t<p><a href=\"https:\/\/www.instagram.com\/p\/C_sDKeFs0vz\/\">https:\/\/www.instagram.com\/p\/C_sDKeFs0vz\/<\/a><\/p>\t\t\t\t<\/div>\t\t\t\t<\/div>\n\t\t\t\t<\/div>\n\t\t\t\t\t<\/div>\n\t\t<\/div>\n\t\t\t\t\t<\/div>\n\t\t<\/section>\n\t\t\t\t\t<\/div>\n\t\t<\/div>\n\t\t\t\t\t<\/div>\n\t\t<\/section>\n\t\t<div class=\"elementor-element elementor-element-302ff2c e-grid e-con-boxed wpr-particle-no wpr-jarallax-no wpr-parallax-no wpr-sticky-section-no e-con e-parent\" data-id=\"302ff2c\" data-element_type=\"container\" data-e-type=\"container\">\n\t\t\t\t\t<div class=\"e-con-inner\">\n\t\t\t\t\t<\/div>\n\t\t\t\t<\/div>\n\t\t\t\t<\/div>","protected":false},"excerpt":{"rendered":"<p>Back to the Good Practices International Summer Week Sardinia (ISW) GENERAL INFORMATION Location: Sardinia, ItalyOrganization(s) Involved: Associazione TDM 2000 ODVContact Person: Name: Antonio MartisPosition: Event&hellip;<\/p>","protected":false},"author":140,"featured_media":0,"parent":0,"menu_order":0,"comment_status":"closed","ping_status":"closed","template":"","meta":{"_uag_custom_page_level_css":"","footnotes":""},"class_list":["post-4888","page","type-page","status-publish","hentry"],"uagb_featured_image_src":{"full":false,"thumbnail":false,"medium":false,"medium_large":false,"large":false,"1536x1536":false,"2048x2048":false,"trp-custom-language-flag":false,"post-thumbnail":false},"uagb_author_info":{"display_name":"L\u00e1szl\u00f3 Viniczai","author_link":"https:\/\/youthmatchpoint.eu\/hu\/author\/viniczailaszlo\/"},"uagb_comment_info":0,"uagb_excerpt":"Back to the Good Practices International Summer Week Sardinia (ISW) GENERAL INFORMATION Location: Sardinia, ItalyOrganization(s) Involved: Associazione TDM 2000 ODVContact Person: Name: Antonio MartisPosition: Event&hellip;","_links":{"self":[{"href":"https:\/\/youthmatchpoint.eu\/hu\/wp-json\/wp\/v2\/pages\/4888","targetHints":{"allow":["GET"]}}],"collection":[{"href":"https:\/\/youthmatchpoint.eu\/hu\/wp-json\/wp\/v2\/pages"}],"about":[{"href":"https:\/\/youthmatchpoint.eu\/hu\/wp-json\/wp\/v2\/types\/page"}],"author":[{"embeddable":true,"href":"https:\/\/youthmatchpoint.eu\/hu\/wp-json\/wp\/v2\/users\/140"}],"replies":[{"embeddable":true,"href":"https:\/\/youthmatchpoint.eu\/hu\/wp-json\/wp\/v2\/comments?post=4888"}],"version-history":[{"count":13,"href":"https:\/\/youthmatchpoint.eu\/hu\/wp-json\/wp\/v2\/pages\/4888\/revisions"}],"predecessor-version":[{"id":4903,"href":"https:\/\/youthmatchpoint.eu\/hu\/wp-json\/wp\/v2\/pages\/4888\/revisions\/4903"}],"wp:attachment":[{"href":"https:\/\/youthmatchpoint.eu\/hu\/wp-json\/wp\/v2\/media?parent=4888"}],"curies":[{"name":"wp","href":"https:\/\/api.w.org\/{rel}","templated":true}]}}