{"id":5223,"date":"2025-10-17T11:21:24","date_gmt":"2025-10-17T11:21:24","guid":{"rendered":"https:\/\/youthmatchpoint.eu\/?page_id=5223"},"modified":"2025-11-10T12:43:19","modified_gmt":"2025-11-10T12:43:19","slug":"social-entrepreneurship-empowerment-and-cohesion-in-refugee-and-host-communities-in-turkey-project","status":"publish","type":"page","link":"https:\/\/youthmatchpoint.eu\/hu\/social-entrepreneurship-empowerment-and-cohesion-in-refugee-and-host-communities-in-turkey-project\/","title":{"rendered":"Social Entrepreneurship, Empowerment, and Cohesion in Refugee and Host Communities in Turkey Project"},"content":{"rendered":"<div data-elementor-type=\"wp-page\" data-elementor-id=\"5223\" class=\"elementor elementor-5223\" data-elementor-post-type=\"page\">\n\t\t\t\t<div class=\"elementor-element elementor-element-4d2e2b0a e-flex e-con-boxed wpr-particle-no wpr-jarallax-no wpr-parallax-no wpr-sticky-section-no e-con e-parent\" data-id=\"4d2e2b0a\" data-element_type=\"container\" data-e-type=\"container\">\n\t\t\t\t\t<div class=\"e-con-inner\">\n\t\t\t\t<div class=\"elementor-element elementor-element-4558ebad elementor-mobile-align-center elementor-widget elementor-widget-button\" data-id=\"4558ebad\" data-element_type=\"widget\" data-e-type=\"widget\" data-widget_type=\"button.default\">\n\t\t\t\t<div class=\"elementor-widget-container\">\n\t\t\t\t\t\t\t\t\t<div class=\"elementor-button-wrapper\">\n\t\t\t\t\t<a class=\"elementor-button elementor-button-link elementor-size-sm elementor-animation-pop\" href=\"\/hu\/good-practices\/\">\n\t\t\t\t\t\t<span class=\"elementor-button-content-wrapper\">\n\t\t\t\t\t\t\t\t\t<span class=\"elementor-button-text\">Back to the Good Practices<\/span>\n\t\t\t\t\t<\/span>\n\t\t\t\t\t<\/a>\n\t\t\t\t<\/div>\n\t\t\t\t\t\t\t\t<\/div>\n\t\t\t\t<\/div>\n\t\t\t\t\t<\/div>\n\t\t\t\t<\/div>\n\t\t\t\t<section class=\"elementor-section elementor-top-section elementor-element elementor-element-5a9c5e9c elementor-section-stretched elementor-section-boxed elementor-section-height-default elementor-section-height-default wpr-particle-no wpr-jarallax-no wpr-parallax-no wpr-sticky-section-no\" data-id=\"5a9c5e9c\" data-element_type=\"section\" data-e-type=\"section\" data-settings=\"{&quot;stretch_section&quot;:&quot;section-stretched&quot;,&quot;background_background&quot;:&quot;classic&quot;}\">\n\t\t\t\t\t\t<div class=\"elementor-container elementor-column-gap-default\">\n\t\t\t\t\t<div class=\"elementor-column elementor-col-100 elementor-top-column elementor-element elementor-element-644c835e\" data-id=\"644c835e\" data-element_type=\"column\" data-e-type=\"column\">\n\t\t\t<div class=\"elementor-widget-wrap elementor-element-populated\">\n\t\t\t\t\t\t<div class=\"elementor-element elementor-element-21a30857 elementor-widget elementor-widget-heading\" data-id=\"21a30857\" data-element_type=\"widget\" data-e-type=\"widget\" data-widget_type=\"heading.default\">\n\t\t\t\t<div class=\"elementor-widget-container\">\n\t\t\t\t\t<h2 class=\"elementor-heading-title elementor-size-default\">T\u00f6r\u00f6korsz\u00e1g \u2013 Szoci\u00e1lis v\u00e1llalkoz\u00f3i tev\u00e9kenys\u00e9g, felhatalmaz\u00e1s \u00e9s koh\u00e9zi\u00f3 a menek\u00fclt- \u00e9s befogad\u00f3 k\u00f6z\u00f6ss\u00e9gekben T\u00f6r\u00f6korsz\u00e1gban projekt<\/h2>\t\t\t\t<\/div>\n\t\t\t\t<\/div>\n\t\t\t\t<section class=\"elementor-section elementor-inner-section elementor-element elementor-element-40f08e38 elementor-section-boxed elementor-section-height-default elementor-section-height-default wpr-particle-no wpr-jarallax-no wpr-parallax-no wpr-sticky-section-no\" data-id=\"40f08e38\" data-element_type=\"section\" data-e-type=\"section\">\n\t\t\t\t\t\t<div class=\"elementor-container elementor-column-gap-default\">\n\t\t\t\t\t<div class=\"elementor-column elementor-col-50 elementor-inner-column elementor-element elementor-element-291181af\" data-id=\"291181af\" data-element_type=\"column\" data-e-type=\"column\" data-settings=\"{&quot;background_background&quot;:&quot;classic&quot;}\">\n\t\t\t<div class=\"elementor-widget-wrap elementor-element-populated\">\n\t\t\t\t\t\t<div class=\"elementor-element elementor-element-4eb57ecd elementor-widget elementor-widget-text-editor\" data-id=\"4eb57ecd\" data-element_type=\"widget\" data-e-type=\"widget\" data-widget_type=\"text-editor.default\">\n\t\t\t\t<div class=\"elementor-widget-container\">\n\t\t\t\t\t<div class=\"bb-theme-elementor-wrap bb-elementor-custom-color bb-elementor-custom-family bb-elementor-custom-size bb-elementor-custom-line-height\">\t\t\t\t<p>\u00c1LTAL\u00c1NOS INFORM\u00c1CI\u00d3K<\/p>\t\t\t\t<\/div>\t\t\t\t<\/div>\n\t\t\t\t<\/div>\n\t\t\t\t\t<\/div>\n\t\t<\/div>\n\t\t\t\t<div class=\"elementor-column elementor-col-50 elementor-inner-column elementor-element elementor-element-5c504f51\" data-id=\"5c504f51\" data-element_type=\"column\" data-e-type=\"column\" data-settings=\"{&quot;background_background&quot;:&quot;classic&quot;}\">\n\t\t\t<div class=\"elementor-widget-wrap elementor-element-populated\">\n\t\t\t\t\t\t<div class=\"elementor-element elementor-element-1cb9c91a elementor-widget elementor-widget-text-editor\" data-id=\"1cb9c91a\" data-element_type=\"widget\" data-e-type=\"widget\" data-widget_type=\"text-editor.default\">\n\t\t\t\t<div class=\"elementor-widget-container\">\n\t\t\t\t\t<div class=\"bb-theme-elementor-wrap bb-elementor-custom-family\">\t\t\t\t<p>Helysz\u00edn: T\u00f6r\u00f6korsz\u00e1g (Ankara \u00e9s 11 tartom\u00e1ny: Adana, Mersin, Gaziantep, Ad\u0131yaman, Kilis, Mardin, Hatay, Osmaniye, Kahramanmara\u015f, Diyarbak\u0131r \u00e9s \u015eanl\u0131urfa)<br \/>R\u00e9szt vev\u0151 szervezetek: Ipari \u00e9s Technol\u00f3giai Miniszt\u00e9rium (MoIT), Vil\u00e1gbank, Eur\u00f3pai Uni\u00f3<\/p>\t\t\t\t<\/div>\t\t\t\t<\/div>\n\t\t\t\t<\/div>\n\t\t\t\t\t<\/div>\n\t\t<\/div>\n\t\t\t\t\t<\/div>\n\t\t<\/section>\n\t\t\t\t<section class=\"elementor-section elementor-inner-section elementor-element elementor-element-4907bfb elementor-section-boxed elementor-section-height-default elementor-section-height-default wpr-particle-no wpr-jarallax-no wpr-parallax-no wpr-sticky-section-no\" data-id=\"4907bfb\" data-element_type=\"section\" data-e-type=\"section\">\n\t\t\t\t\t\t<div class=\"elementor-container elementor-column-gap-default\">\n\t\t\t\t\t<div class=\"elementor-column elementor-col-50 elementor-inner-column elementor-element elementor-element-79d9168a\" data-id=\"79d9168a\" data-element_type=\"column\" data-e-type=\"column\" data-settings=\"{&quot;background_background&quot;:&quot;classic&quot;}\">\n\t\t\t<div class=\"elementor-widget-wrap elementor-element-populated\">\n\t\t\t\t\t\t<div class=\"elementor-element elementor-element-b2ac1e3 elementor-widget elementor-widget-text-editor\" data-id=\"b2ac1e3\" data-element_type=\"widget\" data-e-type=\"widget\" data-widget_type=\"text-editor.default\">\n\t\t\t\t<div class=\"elementor-widget-container\">\n\t\t\t\t\t<div class=\"bb-theme-elementor-wrap bb-elementor-custom-color bb-elementor-custom-family bb-elementor-custom-size bb-elementor-custom-line-height\">\t\t\t\t<p>HASZNOS LINKEK<\/p>\t\t\t\t<\/div>\t\t\t\t<\/div>\n\t\t\t\t<\/div>\n\t\t\t\t\t<\/div>\n\t\t<\/div>\n\t\t\t\t<div class=\"elementor-column elementor-col-50 elementor-inner-column elementor-element elementor-element-5868b927\" data-id=\"5868b927\" data-element_type=\"column\" data-e-type=\"column\" data-settings=\"{&quot;background_background&quot;:&quot;classic&quot;}\">\n\t\t\t<div class=\"elementor-widget-wrap elementor-element-populated\">\n\t\t\t\t\t\t<div class=\"elementor-element elementor-element-5062b215 elementor-widget elementor-widget-text-editor\" data-id=\"5062b215\" data-element_type=\"widget\" data-e-type=\"widget\" data-widget_type=\"text-editor.default\">\n\t\t\t\t<div class=\"elementor-widget-container\">\n\t\t\t\t\t<div class=\"bb-theme-elementor-wrap bb-elementor-custom-family\">\t\t\t\t<p><a href=\"https:\/\/www.unesco.org\/en\/youth\/global-youth-community\" target=\"_blank\" rel=\"noopener\">https:\/\/documents.worldbank.org\/en\/publication\/documents-reports\/documentdetail\/521501617301088299\/turkey-social-entrepreneurship-empowerment-and-cohesion-in-refugee-and-host-communities-in-turkey-projecthttps:\/\/www.unesco.org\/en\/youth\/global-youth-community<\/a><\/p>\t\t\t\t<\/div>\t\t\t\t<\/div>\n\t\t\t\t<\/div>\n\t\t\t\t\t<\/div>\n\t\t<\/div>\n\t\t\t\t\t<\/div>\n\t\t<\/section>\n\t\t\t\t<section class=\"elementor-section elementor-inner-section elementor-element elementor-element-3e11ac46 elementor-section-boxed elementor-section-height-default elementor-section-height-default wpr-particle-no wpr-jarallax-no wpr-parallax-no wpr-sticky-section-no\" data-id=\"3e11ac46\" data-element_type=\"section\" data-e-type=\"section\">\n\t\t\t\t\t\t<div class=\"elementor-container elementor-column-gap-default\">\n\t\t\t\t\t<div class=\"elementor-column elementor-col-50 elementor-inner-column elementor-element elementor-element-2ee2f0d7\" data-id=\"2ee2f0d7\" data-element_type=\"column\" data-e-type=\"column\" data-settings=\"{&quot;background_background&quot;:&quot;classic&quot;}\">\n\t\t\t<div class=\"elementor-widget-wrap elementor-element-populated\">\n\t\t\t\t\t\t<div class=\"elementor-element elementor-element-505c9585 elementor-widget elementor-widget-text-editor\" data-id=\"505c9585\" data-element_type=\"widget\" data-e-type=\"widget\" data-widget_type=\"text-editor.default\">\n\t\t\t\t<div class=\"elementor-widget-container\">\n\t\t\t\t\t<div class=\"bb-theme-elementor-wrap bb-elementor-custom-color bb-elementor-custom-family bb-elementor-custom-size bb-elementor-custom-line-height\">\t\t\t\t<p>\u00d6SSZEFOGLAL\u00d3<\/p>\t\t\t\t<\/div>\t\t\t\t<\/div>\n\t\t\t\t<\/div>\n\t\t\t\t\t<\/div>\n\t\t<\/div>\n\t\t\t\t<div class=\"elementor-column elementor-col-50 elementor-inner-column elementor-element elementor-element-56af777f\" data-id=\"56af777f\" data-element_type=\"column\" data-e-type=\"column\" data-settings=\"{&quot;background_background&quot;:&quot;classic&quot;}\">\n\t\t\t<div class=\"elementor-widget-wrap elementor-element-populated\">\n\t\t\t\t\t\t<div class=\"elementor-element elementor-element-e9853e9 elementor-widget elementor-widget-text-editor\" data-id=\"e9853e9\" data-element_type=\"widget\" data-e-type=\"widget\" data-widget_type=\"text-editor.default\">\n\t\t\t\t<div class=\"elementor-widget-container\">\n\t\t\t\t\t<div class=\"bb-theme-elementor-wrap bb-elementor-custom-family\">\t\t\t\t<p>A SEECO projekt c\u00e9lja a n\u0151k \u00e9s fiatalok t\u00e1mogat\u00e1sa a t\u00f6r\u00f6korsz\u00e1gi menek\u00fclt- \u00e9s befogad\u00f3 k\u00f6z\u00f6ss\u00e9gekben a gazdas\u00e1gi lehet\u0151s\u00e9gek b\u0151v\u00edt\u00e9se \u00e9s a t\u00e1rsadalmi koh\u00e9zi\u00f3 jav\u00edt\u00e1sa r\u00e9v\u00e9n. Az Eur\u00f3pai Uni\u00f3 \u00e1ltal finansz\u00edrozott \u00e9s a Vil\u00e1gbank \u00e1ltal ir\u00e1ny\u00edtott projektet 11 tartom\u00e1nyban hajtj\u00e1k v\u00e9gre, az Ipari \u00e9s Technol\u00f3giai Miniszt\u00e9rium (MoIT) vezet\u00e9s\u00e9vel. A legfontosabb tev\u00e9kenys\u00e9gek k\u00f6z\u00e9 tartozik a szoci\u00e1lis v\u00e1llalkoz\u00e1sok t\u00e1mogat\u00e1sa, k\u00f6z\u00f6ss\u00e9gi meg\u00e9lhet\u00e9si l\u00e9tes\u00edtm\u00e9nyek l\u00e9trehoz\u00e1sa, valamint a nemzeti \u00e9s helyi szerepl\u0151k kapacit\u00e1s\u00e1nak er\u0151s\u00edt\u00e9se. Az informatikai tev\u00e9kenys\u00e9gek koordin\u00e1l\u00e1s\u00e1ra informatikai szak\u00e9rt\u0151t neveznek ki, aki biztos\u00edtja a projekt hat\u00e9kony megval\u00f3s\u00edt\u00e1s\u00e1t \u00e9s c\u00e9ljainak el\u00e9r\u00e9s\u00e9t.<\/p>\t\t\t\t<\/div>\t\t\t\t<\/div>\n\t\t\t\t<\/div>\n\t\t\t\t\t<\/div>\n\t\t<\/div>\n\t\t\t\t\t<\/div>\n\t\t<\/section>\n\t\t\t\t<section class=\"elementor-section elementor-inner-section elementor-element elementor-element-3b564948 elementor-section-boxed elementor-section-height-default elementor-section-height-default wpr-particle-no wpr-jarallax-no wpr-parallax-no wpr-sticky-section-no\" data-id=\"3b564948\" data-element_type=\"section\" data-e-type=\"section\">\n\t\t\t\t\t\t<div class=\"elementor-container elementor-column-gap-default\">\n\t\t\t\t\t<div class=\"elementor-column elementor-col-50 elementor-inner-column elementor-element elementor-element-10b0e1e6\" data-id=\"10b0e1e6\" data-element_type=\"column\" data-e-type=\"column\" data-settings=\"{&quot;background_background&quot;:&quot;classic&quot;}\">\n\t\t\t<div class=\"elementor-widget-wrap elementor-element-populated\">\n\t\t\t\t\t\t<div class=\"elementor-element elementor-element-5a0836b5 elementor-widget elementor-widget-text-editor\" data-id=\"5a0836b5\" data-element_type=\"widget\" data-e-type=\"widget\" data-widget_type=\"text-editor.default\">\n\t\t\t\t<div class=\"elementor-widget-container\">\n\t\t\t\t\t<div class=\"bb-theme-elementor-wrap bb-elementor-custom-color bb-elementor-custom-family bb-elementor-custom-size bb-elementor-custom-line-height\">\t\t\t\t<p>C\u00c9LKIT\u0170Z\u00c9SEK<\/p>\t\t\t\t<\/div>\t\t\t\t<\/div>\n\t\t\t\t<\/div>\n\t\t\t\t\t<\/div>\n\t\t<\/div>\n\t\t\t\t<div class=\"elementor-column elementor-col-50 elementor-inner-column elementor-element elementor-element-46725026\" data-id=\"46725026\" data-element_type=\"column\" data-e-type=\"column\" data-settings=\"{&quot;background_background&quot;:&quot;classic&quot;}\">\n\t\t\t<div class=\"elementor-widget-wrap elementor-element-populated\">\n\t\t\t\t\t\t<div class=\"elementor-element elementor-element-3cb597fb elementor-widget elementor-widget-text-editor\" data-id=\"3cb597fb\" data-element_type=\"widget\" data-e-type=\"widget\" data-widget_type=\"text-editor.default\">\n\t\t\t\t<div class=\"elementor-widget-container\">\n\t\t\t\t\t<div class=\"bb-theme-elementor-wrap bb-elementor-custom-family\">\t\t\t\t<ul><li>A n\u0151k \u00e9s fiatalok gazdas\u00e1gi lehet\u0151s\u00e9geinek b\u0151v\u00edt\u00e9se a menek\u00fclt- \u00e9s befogad\u00f3 k\u00f6z\u00f6ss\u00e9gekben.<br \/><br \/><\/li><li>A v\u00e1llalkoz\u00e1sok fejleszt\u00e9se r\u00e9v\u00e9n jav\u00edtani a menek\u00fcltek \u00e9s a befogad\u00f3 k\u00f6z\u00f6ss\u00e9gek k\u00f6z\u00f6tti t\u00e1rsadalmi koh\u00e9zi\u00f3t.<br \/><br \/><\/li><li>T\u00e1mogassa a szoci\u00e1lis v\u00e1llalkoz\u00e1sok l\u00e9trehoz\u00e1s\u00e1t \u00e9s fenntarthat\u00f3s\u00e1g\u00e1t.<br \/><br \/><\/li><li>A meg\u00e9lhet\u00e9s fejleszt\u00e9s\u00e9hez sz\u00fcks\u00e9ges int\u00e9zm\u00e9nyi kapacit\u00e1sok meger\u0151s\u00edt\u00e9se.<\/li><\/ul>\t\t\t\t<\/div>\t\t\t\t<\/div>\n\t\t\t\t<\/div>\n\t\t\t\t\t<\/div>\n\t\t<\/div>\n\t\t\t\t\t<\/div>\n\t\t<\/section>\n\t\t\t\t<section class=\"elementor-section elementor-inner-section elementor-element elementor-element-5760e0fa elementor-section-boxed elementor-section-height-default elementor-section-height-default wpr-particle-no wpr-jarallax-no wpr-parallax-no wpr-sticky-section-no\" data-id=\"5760e0fa\" data-element_type=\"section\" data-e-type=\"section\">\n\t\t\t\t\t\t<div class=\"elementor-container elementor-column-gap-default\">\n\t\t\t\t\t<div class=\"elementor-column elementor-col-50 elementor-inner-column elementor-element elementor-element-45fa515\" data-id=\"45fa515\" data-element_type=\"column\" data-e-type=\"column\" data-settings=\"{&quot;background_background&quot;:&quot;classic&quot;}\">\n\t\t\t<div class=\"elementor-widget-wrap elementor-element-populated\">\n\t\t\t\t\t\t<div class=\"elementor-element elementor-element-2b9df62d elementor-widget elementor-widget-text-editor\" data-id=\"2b9df62d\" data-element_type=\"widget\" data-e-type=\"widget\" data-widget_type=\"text-editor.default\">\n\t\t\t\t<div class=\"elementor-widget-container\">\n\t\t\t\t\t<div class=\"bb-theme-elementor-wrap bb-elementor-custom-color bb-elementor-custom-family bb-elementor-custom-size bb-elementor-custom-line-height\">\t\t\t\t<p>KONTEXTUS \u00c9S H\u00c1TT\u00c9R<\/p>\t\t\t\t<\/div>\t\t\t\t<\/div>\n\t\t\t\t<\/div>\n\t\t\t\t\t<\/div>\n\t\t<\/div>\n\t\t\t\t<div class=\"elementor-column elementor-col-50 elementor-inner-column elementor-element elementor-element-33dea6c8\" data-id=\"33dea6c8\" data-element_type=\"column\" data-e-type=\"column\" data-settings=\"{&quot;background_background&quot;:&quot;classic&quot;}\">\n\t\t\t<div class=\"elementor-widget-wrap elementor-element-populated\">\n\t\t\t\t\t\t<div class=\"elementor-element elementor-element-6c4c8296 elementor-widget elementor-widget-text-editor\" data-id=\"6c4c8296\" data-element_type=\"widget\" data-e-type=\"widget\" data-widget_type=\"text-editor.default\">\n\t\t\t\t<div class=\"elementor-widget-container\">\n\t\t\t\t\t<div class=\"bb-theme-elementor-wrap bb-elementor-custom-family\">\t\t\t\t<p>A SEECO projekt a t\u00f6r\u00f6korsz\u00e1gi menek\u00fclt- \u00e9s befogad\u00f3 k\u00f6z\u00f6ss\u00e9gekben \u00e9l\u0151 n\u0151k \u00e9s fiatalok gazdas\u00e1gi \u00e9s t\u00e1rsadalmi kih\u00edv\u00e1saival foglalkozik. A projekt a fenntarthat\u00f3 gazdas\u00e1gi lehet\u0151s\u00e9gek \u00e9s a fokozott t\u00e1rsadalmi koh\u00e9zi\u00f3 ir\u00e1nti ig\u00e9nyre reag\u00e1l, a t\u00e1rsadalmi v\u00e1llalkoz\u00f3i szellemre \u00e9s a k\u00f6z\u00f6ss\u00e9gi alap\u00fa meg\u00e9lhet\u00e9si lehet\u0151s\u00e9gekre \u00f6sszpontos\u00edtva. A c\u00e9lzott tartom\u00e1nyok olyan ter\u00fcletek, ahol nagy sz\u00e1mban \u00e9lnek kiszolg\u00e1ltatott menek\u00fcltek, \u00e9s ahol \u00f6sszehangolt er\u0151fesz\u00edt\u00e9sekre van sz\u00fcks\u00e9g a t\u00e1rsadalmi v\u00e1llalkoz\u00e1sok t\u00e1mogat\u00e1s\u00e1hoz \u00e9s a r\u00e9szv\u00e9teli d\u00f6nt\u00e9shozatali folyamatok el\u0151seg\u00edt\u00e9s\u00e9hez.<\/p>\t\t\t\t<\/div>\t\t\t\t<\/div>\n\t\t\t\t<\/div>\n\t\t\t\t\t<\/div>\n\t\t<\/div>\n\t\t\t\t\t<\/div>\n\t\t<\/section>\n\t\t\t\t<section class=\"elementor-section elementor-inner-section elementor-element elementor-element-29721134 elementor-section-boxed elementor-section-height-default elementor-section-height-default wpr-particle-no wpr-jarallax-no wpr-parallax-no wpr-sticky-section-no\" data-id=\"29721134\" data-element_type=\"section\" data-e-type=\"section\">\n\t\t\t\t\t\t<div class=\"elementor-container elementor-column-gap-default\">\n\t\t\t\t\t<div class=\"elementor-column elementor-col-50 elementor-inner-column elementor-element elementor-element-378b2eac\" data-id=\"378b2eac\" data-element_type=\"column\" data-e-type=\"column\" data-settings=\"{&quot;background_background&quot;:&quot;classic&quot;}\">\n\t\t\t<div class=\"elementor-widget-wrap elementor-element-populated\">\n\t\t\t\t\t\t<div class=\"elementor-element elementor-element-558fc43e elementor-widget elementor-widget-text-editor\" data-id=\"558fc43e\" data-element_type=\"widget\" data-e-type=\"widget\" data-widget_type=\"text-editor.default\">\n\t\t\t\t<div class=\"elementor-widget-container\">\n\t\t\t\t\t<div class=\"bb-theme-elementor-wrap bb-elementor-custom-color bb-elementor-custom-family bb-elementor-custom-size bb-elementor-custom-line-height\">\t\t\t\t<p>MEGVAL\u00d3S\u00cdT\u00c1S: TEV\u00c9KENYS\u00c9GEK \u00c9S M\u00d3DSZEREK<\/p>\t\t\t\t<\/div>\t\t\t\t<\/div>\n\t\t\t\t<\/div>\n\t\t\t\t\t<\/div>\n\t\t<\/div>\n\t\t\t\t<div class=\"elementor-column elementor-col-50 elementor-inner-column elementor-element elementor-element-7d3ee740\" data-id=\"7d3ee740\" data-element_type=\"column\" data-e-type=\"column\" data-settings=\"{&quot;background_background&quot;:&quot;classic&quot;}\">\n\t\t\t<div class=\"elementor-widget-wrap elementor-element-populated\">\n\t\t\t\t\t\t<div class=\"elementor-element elementor-element-1cde2203 elementor-widget elementor-widget-text-editor\" data-id=\"1cde2203\" data-element_type=\"widget\" data-e-type=\"widget\" data-widget_type=\"text-editor.default\">\n\t\t\t\t<div class=\"elementor-widget-container\">\n\t\t\t\t\t<div class=\"bb-theme-elementor-wrap bb-elementor-custom-family\">\t\t\t\t<p>F\u0151bb tev\u00e9kenys\u00e9gek:<\/p><ul><li>Projektmenedzsment inform\u00e1ci\u00f3s rendszer fejleszt\u00e9se \u00e9s karbantart\u00e1sa.<\/li><li>Panaszr\u00f6gz\u00edt\u0151 rendszer \u00e9s projektweboldal l\u00e9trehoz\u00e1sa.<\/li><li>Az informatikai tev\u00e9kenys\u00e9gek koordin\u00e1l\u00e1sa a MoIT-tal \u00e9s m\u00e1s \u00e9rdekelt felekkel.<\/li><li>A rendszerintegr\u00e1ci\u00f3 \u00e9s a jelent\u00e9sk\u00e9sz\u00edt\u00e9s szoftverfejleszt\u00e9s\u00e9nek fel\u00fcgyelete.<\/li><\/ul><p>Innovat\u00edv m\u00f3dszerek:<\/p><ul><li>Bev\u00e1lt polg\u00e1ri technol\u00f3gi\u00e1k haszn\u00e1lata online platformokon.<\/li><li>Digit\u00e1lis t\u00e1j\u00e9koztat\u00e1si strat\u00e9gia megval\u00f3s\u00edt\u00e1sa a kedvezm\u00e9nyezettek \u00e9s a partnerek sz\u00e1m\u00e1ra.<\/li><\/ul><p>Forr\u00e1sok:<\/p><ul><li>P\u00e9nz\u00fcgyi: 39,5 milli\u00f3 eur\u00f3 uni\u00f3s finansz\u00edroz\u00e1s.<br \/>Ember: IT-szak\u00e9rt\u0151, MoIT IT-oszt\u00e1ly, PIU-tan\u00e1csad\u00f3k.<\/li><li>Technikai: Szoftverfejleszt\u00e9s, webszolg\u00e1ltat\u00e1sok \u00e9s IT-infrastrukt\u00fara.<\/li><\/ul><p>Partnerek \u00e9s Stakeholderek:<\/p><ul><li>MoIT, Vil\u00e1gbank, Eur\u00f3pai Uni\u00f3, kiv\u00e1lasztott fejleszt\u00e9si \u00fcgyn\u00f6ks\u00e9gek (DA-k).<\/li><\/ul>\t\t\t\t<\/div>\t\t\t\t<\/div>\n\t\t\t\t<\/div>\n\t\t\t\t\t<\/div>\n\t\t<\/div>\n\t\t\t\t\t<\/div>\n\t\t<\/section>\n\t\t\t\t<section class=\"elementor-section elementor-inner-section elementor-element elementor-element-46c84e7c elementor-section-boxed elementor-section-height-default elementor-section-height-default wpr-particle-no wpr-jarallax-no wpr-parallax-no wpr-sticky-section-no\" data-id=\"46c84e7c\" data-element_type=\"section\" data-e-type=\"section\" data-settings=\"{&quot;background_background&quot;:&quot;classic&quot;}\">\n\t\t\t\t\t\t<div class=\"elementor-container elementor-column-gap-default\">\n\t\t\t\t\t<div class=\"elementor-column elementor-col-50 elementor-inner-column elementor-element elementor-element-6e17e32b\" data-id=\"6e17e32b\" data-element_type=\"column\" data-e-type=\"column\" data-settings=\"{&quot;background_background&quot;:&quot;classic&quot;}\">\n\t\t\t<div class=\"elementor-widget-wrap elementor-element-populated\">\n\t\t\t\t\t\t<div class=\"elementor-element elementor-element-3bbe4ceb elementor-widget elementor-widget-text-editor\" data-id=\"3bbe4ceb\" data-element_type=\"widget\" data-e-type=\"widget\" data-widget_type=\"text-editor.default\">\n\t\t\t\t<div class=\"elementor-widget-container\">\n\t\t\t\t\t<div class=\"bb-theme-elementor-wrap bb-elementor-custom-color bb-elementor-custom-family bb-elementor-custom-size bb-elementor-custom-line-height\">\t\t\t\t<p>A PROJEKT EREDM\u00c9NYEI \u00c9S A TANULS\u00c1GOK<\/p>\t\t\t\t<\/div>\t\t\t\t<\/div>\n\t\t\t\t<\/div>\n\t\t\t\t\t<\/div>\n\t\t<\/div>\n\t\t\t\t<div class=\"elementor-column elementor-col-50 elementor-inner-column elementor-element elementor-element-6babdb36\" data-id=\"6babdb36\" data-element_type=\"column\" data-e-type=\"column\" data-settings=\"{&quot;background_background&quot;:&quot;classic&quot;}\">\n\t\t\t<div class=\"elementor-widget-wrap elementor-element-populated\">\n\t\t\t\t\t\t<div class=\"elementor-element elementor-element-3aa465d1 elementor-widget elementor-widget-text-editor\" data-id=\"3aa465d1\" data-element_type=\"widget\" data-e-type=\"widget\" data-widget_type=\"text-editor.default\">\n\t\t\t\t<div class=\"elementor-widget-container\">\n\t\t\t\t\t<div class=\"bb-theme-elementor-wrap bb-elementor-custom-family\">\t\t\t\t<p>F\u0151 eredm\u00e9nyek:<\/p><ul><li>A n\u0151k \u00e9s a fiatalok jav\u00e1t szolg\u00e1l\u00f3 funkcion\u00e1lis szoci\u00e1lis v\u00e1llalkoz\u00e1sok l\u00e9trehoz\u00e1sa.<\/li><li>K\u00f6z\u00f6ss\u00e9gi alap\u00fa meg\u00e9lhet\u00e9si lehet\u0151s\u00e9gek fejleszt\u00e9se.<\/li><li>Er\u0151s\u00f6d\u00f6tt az int\u00e9zm\u00e9nyi kapacit\u00e1s nemzeti \u00e9s helyi szinten.<\/li><\/ul><p>Tanuls\u00e1gok:<\/p><ul><li>A helyi k\u00f6z\u00f6ss\u00e9gek d\u00f6nt\u00e9shozatali folyamatokban val\u00f3 r\u00e9szv\u00e9tel\u00e9nek fontoss\u00e1ga.<\/li><li>A megl\u00e9v\u0151 IT-rendszerek \u00e9s az \u00fajonnan kifejlesztett szoftverek integr\u00e1l\u00e1s\u00e1nak kih\u00edv\u00e1sai.<\/li><li>A fenntarthat\u00f3s\u00e1g \u00e9rdek\u00e9ben folyamatos technikai t\u00e1mogat\u00e1sra \u00e9s k\u00e9pz\u00e9sre van sz\u00fcks\u00e9g.<\/li><\/ul>\t\t\t\t<\/div>\t\t\t\t<\/div>\n\t\t\t\t<\/div>\n\t\t\t\t\t<\/div>\n\t\t<\/div>\n\t\t\t\t\t<\/div>\n\t\t<\/section>\n\t\t\t\t<section class=\"elementor-section elementor-inner-section elementor-element elementor-element-37bb4190 elementor-section-boxed elementor-section-height-default elementor-section-height-default wpr-particle-no wpr-jarallax-no wpr-parallax-no wpr-sticky-section-no\" data-id=\"37bb4190\" data-element_type=\"section\" data-e-type=\"section\">\n\t\t\t\t\t\t<div class=\"elementor-container elementor-column-gap-default\">\n\t\t\t\t\t<div class=\"elementor-column elementor-col-50 elementor-inner-column elementor-element elementor-element-2a1965dc\" data-id=\"2a1965dc\" data-element_type=\"column\" data-e-type=\"column\" data-settings=\"{&quot;background_background&quot;:&quot;classic&quot;}\">\n\t\t\t<div class=\"elementor-widget-wrap elementor-element-populated\">\n\t\t\t\t\t\t<div class=\"elementor-element elementor-element-597d7081 elementor-widget elementor-widget-text-editor\" data-id=\"597d7081\" data-element_type=\"widget\" data-e-type=\"widget\" data-widget_type=\"text-editor.default\">\n\t\t\t\t<div class=\"elementor-widget-container\">\n\t\t\t\t\t<div class=\"bb-theme-elementor-wrap bb-elementor-custom-color bb-elementor-custom-family bb-elementor-custom-size bb-elementor-custom-line-height\">\t\t\t\t<p>HAT\u00c1S<\/p>\t\t\t\t<\/div>\t\t\t\t<\/div>\n\t\t\t\t<\/div>\n\t\t\t\t\t<\/div>\n\t\t<\/div>\n\t\t\t\t<div class=\"elementor-column elementor-col-50 elementor-inner-column elementor-element elementor-element-610794e5\" data-id=\"610794e5\" data-element_type=\"column\" data-e-type=\"column\" data-settings=\"{&quot;background_background&quot;:&quot;classic&quot;}\">\n\t\t\t<div class=\"elementor-widget-wrap elementor-element-populated\">\n\t\t\t\t\t\t<div class=\"elementor-element elementor-element-3c60b7 elementor-widget elementor-widget-text-editor\" data-id=\"3c60b7\" data-element_type=\"widget\" data-e-type=\"widget\" data-widget_type=\"text-editor.default\">\n\t\t\t\t<div class=\"elementor-widget-container\">\n\t\t\t\t\t<div class=\"bb-theme-elementor-wrap bb-elementor-custom-family\">\t\t\t\t<p>A k\u00f6z\u00f6ss\u00e9gre gyakorolt hat\u00e1s: A projekt jelent\u0151sen jav\u00edtotta a menek\u00fclt- \u00e9s befogad\u00f3 k\u00f6z\u00f6ss\u00e9gekben \u00e9l\u0151 n\u0151k \u00e9s fiatalok gazdas\u00e1gi lehet\u0151s\u00e9geit, el\u0151seg\u00edtve a t\u00e1rsadalmi koh\u00e9zi\u00f3t \u00e9s hozz\u00e1j\u00e1rulva a helyi fejl\u0151d\u00e9shez.<br \/><br \/>Fiatalok bevon\u00e1sa: A fiatalok akt\u00edvan r\u00e9szt vettek a t\u00e1rsadalmi v\u00e1llalkoz\u00f3i tev\u00e9kenys\u00e9gekben \u00e9s a k\u00f6z\u00f6ss\u00e9gi elk\u00f6telezetts\u00e9get c\u00e9lz\u00f3 kezdem\u00e9nyez\u00e9sekben, hozz\u00e1j\u00e1rulva a projekt siker\u00e9hez.<\/p>\t\t\t\t<\/div>\t\t\t\t<\/div>\n\t\t\t\t<\/div>\n\t\t\t\t\t<\/div>\n\t\t<\/div>\n\t\t\t\t\t<\/div>\n\t\t<\/section>\n\t\t\t\t<section class=\"elementor-section elementor-inner-section elementor-element elementor-element-40cb0f0b elementor-section-boxed elementor-section-height-default elementor-section-height-default wpr-particle-no wpr-jarallax-no wpr-parallax-no wpr-sticky-section-no\" data-id=\"40cb0f0b\" data-element_type=\"section\" data-e-type=\"section\">\n\t\t\t\t\t\t<div class=\"elementor-container elementor-column-gap-default\">\n\t\t\t\t\t<div class=\"elementor-column elementor-col-50 elementor-inner-column elementor-element elementor-element-2ce58355\" data-id=\"2ce58355\" data-element_type=\"column\" data-e-type=\"column\" data-settings=\"{&quot;background_background&quot;:&quot;classic&quot;}\">\n\t\t\t<div class=\"elementor-widget-wrap elementor-element-populated\">\n\t\t\t\t\t\t<div class=\"elementor-element elementor-element-3a2de9a8 elementor-widget elementor-widget-text-editor\" data-id=\"3a2de9a8\" data-element_type=\"widget\" data-e-type=\"widget\" data-widget_type=\"text-editor.default\">\n\t\t\t\t<div class=\"elementor-widget-container\">\n\t\t\t\t\t<div class=\"bb-theme-elementor-wrap bb-elementor-custom-color bb-elementor-custom-family bb-elementor-custom-size bb-elementor-custom-line-height\">\t\t\t\t<p>Tov\u00e1bbi inform\u00e1ci\u00f3k<\/p>\t\t\t\t<\/div>\t\t\t\t<\/div>\n\t\t\t\t<\/div>\n\t\t\t\t\t<\/div>\n\t\t<\/div>\n\t\t\t\t<div class=\"elementor-column elementor-col-50 elementor-inner-column elementor-element elementor-element-669612c6\" data-id=\"669612c6\" data-element_type=\"column\" data-e-type=\"column\" data-settings=\"{&quot;background_background&quot;:&quot;classic&quot;}\">\n\t\t\t<div class=\"elementor-widget-wrap elementor-element-populated\">\n\t\t\t\t\t\t<div class=\"elementor-element elementor-element-7ce9b597 elementor-widget elementor-widget-text-editor\" data-id=\"7ce9b597\" data-element_type=\"widget\" data-e-type=\"widget\" data-widget_type=\"text-editor.default\">\n\t\t\t\t<div class=\"elementor-widget-container\">\n\t\t\t\t\t<div class=\"bb-theme-elementor-wrap bb-elementor-custom-family\">\t\t\t\t<p>A SEECO projekt v\u00e1rhat\u00f3an 2024 utols\u00f3 negyed\u00e9v\u00e9ben z\u00e1rul le. A projekt nagy hangs\u00falyt fektet a fenntarthat\u00f3s\u00e1gra, c\u00e9lja az IT-rendszerek \u00e9s a k\u00f6z\u00f6ss\u00e9gi l\u00e9tes\u00edtm\u00e9nyek hossz\u00fa t\u00e1v\u00fa haszn\u00e1lat\u00e1nak biztos\u00edt\u00e1sa a projekt megval\u00f3s\u00edt\u00e1sa sor\u00e1n.<\/p>\t\t\t\t<\/div>\t\t\t\t<\/div>\n\t\t\t\t<\/div>\n\t\t\t\t\t<\/div>\n\t\t<\/div>\n\t\t\t\t\t<\/div>\n\t\t<\/section>\n\t\t\t\t\t<\/div>\n\t\t<\/div>\n\t\t\t\t\t<\/div>\n\t\t<\/section>\n\t\t\t\t<\/div>","protected":false},"excerpt":{"rendered":"<p>Back to the Good Practices Turkey &#8211; Social Entrepreneurship, Empowerment, and Cohesion in Refugee and Host Communities in Turkey Project GENERAL INFORMATION Location: Turkey (Ankara&hellip;<\/p>","protected":false},"author":140,"featured_media":0,"parent":0,"menu_order":0,"comment_status":"closed","ping_status":"closed","template":"","meta":{"_uag_custom_page_level_css":"","footnotes":""},"class_list":["post-5223","page","type-page","status-publish","hentry"],"uagb_featured_image_src":{"full":false,"thumbnail":false,"medium":false,"medium_large":false,"large":false,"1536x1536":false,"2048x2048":false,"trp-custom-language-flag":false,"post-thumbnail":false},"uagb_author_info":{"display_name":"L\u00e1szl\u00f3 Viniczai","author_link":"https:\/\/youthmatchpoint.eu\/hu\/author\/viniczailaszlo\/"},"uagb_comment_info":0,"uagb_excerpt":"Back to the Good Practices Turkey &#8211; Social Entrepreneurship, Empowerment, and Cohesion in Refugee and Host Communities in Turkey Project GENERAL INFORMATION Location: Turkey (Ankara&hellip;","_links":{"self":[{"href":"https:\/\/youthmatchpoint.eu\/hu\/wp-json\/wp\/v2\/pages\/5223","targetHints":{"allow":["GET"]}}],"collection":[{"href":"https:\/\/youthmatchpoint.eu\/hu\/wp-json\/wp\/v2\/pages"}],"about":[{"href":"https:\/\/youthmatchpoint.eu\/hu\/wp-json\/wp\/v2\/types\/page"}],"author":[{"embeddable":true,"href":"https:\/\/youthmatchpoint.eu\/hu\/wp-json\/wp\/v2\/users\/140"}],"replies":[{"embeddable":true,"href":"https:\/\/youthmatchpoint.eu\/hu\/wp-json\/wp\/v2\/comments?post=5223"}],"version-history":[{"count":35,"href":"https:\/\/youthmatchpoint.eu\/hu\/wp-json\/wp\/v2\/pages\/5223\/revisions"}],"predecessor-version":[{"id":5458,"href":"https:\/\/youthmatchpoint.eu\/hu\/wp-json\/wp\/v2\/pages\/5223\/revisions\/5458"}],"wp:attachment":[{"href":"https:\/\/youthmatchpoint.eu\/hu\/wp-json\/wp\/v2\/media?parent=5223"}],"curies":[{"name":"wp","href":"https:\/\/api.w.org\/{rel}","templated":true}]}}