{"id":5223,"date":"2025-10-17T11:21:24","date_gmt":"2025-10-17T11:21:24","guid":{"rendered":"https:\/\/youthmatchpoint.eu\/?page_id=5223"},"modified":"2025-11-10T12:43:19","modified_gmt":"2025-11-10T12:43:19","slug":"social-entrepreneurship-empowerment-and-cohesion-in-refugee-and-host-communities-in-turkey-project","status":"publish","type":"page","link":"https:\/\/youthmatchpoint.eu\/it\/social-entrepreneurship-empowerment-and-cohesion-in-refugee-and-host-communities-in-turkey-project\/","title":{"rendered":"Social Entrepreneurship, Empowerment, and Cohesion in Refugee and Host Communities in Turkey Project"},"content":{"rendered":"<div data-elementor-type=\"wp-page\" data-elementor-id=\"5223\" class=\"elementor elementor-5223\" data-elementor-post-type=\"page\">\n\t\t\t\t<div class=\"elementor-element elementor-element-4d2e2b0a e-flex e-con-boxed wpr-particle-no wpr-jarallax-no wpr-parallax-no wpr-sticky-section-no e-con e-parent\" data-id=\"4d2e2b0a\" data-element_type=\"container\" data-e-type=\"container\">\n\t\t\t\t\t<div class=\"e-con-inner\">\n\t\t\t\t<div class=\"elementor-element elementor-element-4558ebad elementor-mobile-align-center elementor-widget elementor-widget-button\" data-id=\"4558ebad\" data-element_type=\"widget\" data-e-type=\"widget\" data-widget_type=\"button.default\">\n\t\t\t\t<div class=\"elementor-widget-container\">\n\t\t\t\t\t\t\t\t\t<div class=\"elementor-button-wrapper\">\n\t\t\t\t\t<a class=\"elementor-button elementor-button-link elementor-size-sm elementor-animation-pop\" href=\"\/it\/good-practices\/\">\n\t\t\t\t\t\t<span class=\"elementor-button-content-wrapper\">\n\t\t\t\t\t\t\t\t\t<span class=\"elementor-button-text\">Torna alle Buone Pratiche<\/span>\n\t\t\t\t\t<\/span>\n\t\t\t\t\t<\/a>\n\t\t\t\t<\/div>\n\t\t\t\t\t\t\t\t<\/div>\n\t\t\t\t<\/div>\n\t\t\t\t\t<\/div>\n\t\t\t\t<\/div>\n\t\t\t\t<section class=\"elementor-section elementor-top-section elementor-element elementor-element-5a9c5e9c elementor-section-stretched elementor-section-boxed elementor-section-height-default elementor-section-height-default wpr-particle-no wpr-jarallax-no wpr-parallax-no wpr-sticky-section-no\" data-id=\"5a9c5e9c\" data-element_type=\"section\" data-e-type=\"section\" data-settings=\"{&quot;stretch_section&quot;:&quot;section-stretched&quot;,&quot;background_background&quot;:&quot;classic&quot;}\">\n\t\t\t\t\t\t<div class=\"elementor-container elementor-column-gap-default\">\n\t\t\t\t\t<div class=\"elementor-column elementor-col-100 elementor-top-column elementor-element elementor-element-644c835e\" data-id=\"644c835e\" data-element_type=\"column\" data-e-type=\"column\">\n\t\t\t<div class=\"elementor-widget-wrap elementor-element-populated\">\n\t\t\t\t\t\t<div class=\"elementor-element elementor-element-21a30857 elementor-widget elementor-widget-heading\" data-id=\"21a30857\" data-element_type=\"widget\" data-e-type=\"widget\" data-widget_type=\"heading.default\">\n\t\t\t\t<div class=\"elementor-widget-container\">\n\t\t\t\t\t<h2 class=\"elementor-heading-title elementor-size-default\">Turkey - Social Entrepreneurship, Empowerment, and Cohesion in Refugee and Host Communities in Turkey Project<\/h2>\t\t\t\t<\/div>\n\t\t\t\t<\/div>\n\t\t\t\t<section class=\"elementor-section elementor-inner-section elementor-element elementor-element-40f08e38 elementor-section-boxed elementor-section-height-default elementor-section-height-default wpr-particle-no wpr-jarallax-no wpr-parallax-no wpr-sticky-section-no\" data-id=\"40f08e38\" data-element_type=\"section\" data-e-type=\"section\">\n\t\t\t\t\t\t<div class=\"elementor-container elementor-column-gap-default\">\n\t\t\t\t\t<div class=\"elementor-column elementor-col-50 elementor-inner-column elementor-element elementor-element-291181af\" data-id=\"291181af\" data-element_type=\"column\" data-e-type=\"column\" data-settings=\"{&quot;background_background&quot;:&quot;classic&quot;}\">\n\t\t\t<div class=\"elementor-widget-wrap elementor-element-populated\">\n\t\t\t\t\t\t<div class=\"elementor-element elementor-element-4eb57ecd elementor-widget elementor-widget-text-editor\" data-id=\"4eb57ecd\" data-element_type=\"widget\" data-e-type=\"widget\" data-widget_type=\"text-editor.default\">\n\t\t\t\t<div class=\"elementor-widget-container\">\n\t\t\t\t\t<div class=\"bb-theme-elementor-wrap bb-elementor-custom-color bb-elementor-custom-family bb-elementor-custom-size bb-elementor-custom-line-height\">\t\t\t\t<p>INFORMAZIONI GENERALI<\/p>\t\t\t\t<\/div>\t\t\t\t<\/div>\n\t\t\t\t<\/div>\n\t\t\t\t\t<\/div>\n\t\t<\/div>\n\t\t\t\t<div class=\"elementor-column elementor-col-50 elementor-inner-column elementor-element elementor-element-5c504f51\" data-id=\"5c504f51\" data-element_type=\"column\" data-e-type=\"column\" data-settings=\"{&quot;background_background&quot;:&quot;classic&quot;}\">\n\t\t\t<div class=\"elementor-widget-wrap elementor-element-populated\">\n\t\t\t\t\t\t<div class=\"elementor-element elementor-element-1cb9c91a elementor-widget elementor-widget-text-editor\" data-id=\"1cb9c91a\" data-element_type=\"widget\" data-e-type=\"widget\" data-widget_type=\"text-editor.default\">\n\t\t\t\t<div class=\"elementor-widget-container\">\n\t\t\t\t\t<div class=\"bb-theme-elementor-wrap bb-elementor-custom-family\">\t\t\t\t<p>Ubicazione: Turchia (Ankara e 11 province: Adana, Mersin, Gaziantep, Ad\u0131yaman, Kilis, Mardin, Hatay, Osmaniye, Kahramanmara\u015f, Diyarbak\u0131r e \u015eanl\u0131urfa)<br \/>Organizzazioni coinvolte: Ministero dell'Industria e della Tecnologia (MoIT), Banca Mondiale, Unione Europea<\/p>\t\t\t\t<\/div>\t\t\t\t<\/div>\n\t\t\t\t<\/div>\n\t\t\t\t\t<\/div>\n\t\t<\/div>\n\t\t\t\t\t<\/div>\n\t\t<\/section>\n\t\t\t\t<section class=\"elementor-section elementor-inner-section elementor-element elementor-element-4907bfb elementor-section-boxed elementor-section-height-default elementor-section-height-default wpr-particle-no wpr-jarallax-no wpr-parallax-no wpr-sticky-section-no\" data-id=\"4907bfb\" data-element_type=\"section\" data-e-type=\"section\">\n\t\t\t\t\t\t<div class=\"elementor-container elementor-column-gap-default\">\n\t\t\t\t\t<div class=\"elementor-column elementor-col-50 elementor-inner-column elementor-element elementor-element-79d9168a\" data-id=\"79d9168a\" data-element_type=\"column\" data-e-type=\"column\" data-settings=\"{&quot;background_background&quot;:&quot;classic&quot;}\">\n\t\t\t<div class=\"elementor-widget-wrap elementor-element-populated\">\n\t\t\t\t\t\t<div class=\"elementor-element elementor-element-b2ac1e3 elementor-widget elementor-widget-text-editor\" data-id=\"b2ac1e3\" data-element_type=\"widget\" data-e-type=\"widget\" data-widget_type=\"text-editor.default\">\n\t\t\t\t<div class=\"elementor-widget-container\">\n\t\t\t\t\t<div class=\"bb-theme-elementor-wrap bb-elementor-custom-color bb-elementor-custom-family bb-elementor-custom-size bb-elementor-custom-line-height\">\t\t\t\t<p>LINK UTILI<\/p>\t\t\t\t<\/div>\t\t\t\t<\/div>\n\t\t\t\t<\/div>\n\t\t\t\t\t<\/div>\n\t\t<\/div>\n\t\t\t\t<div class=\"elementor-column elementor-col-50 elementor-inner-column elementor-element elementor-element-5868b927\" data-id=\"5868b927\" data-element_type=\"column\" data-e-type=\"column\" data-settings=\"{&quot;background_background&quot;:&quot;classic&quot;}\">\n\t\t\t<div class=\"elementor-widget-wrap elementor-element-populated\">\n\t\t\t\t\t\t<div class=\"elementor-element elementor-element-5062b215 elementor-widget elementor-widget-text-editor\" data-id=\"5062b215\" data-element_type=\"widget\" data-e-type=\"widget\" data-widget_type=\"text-editor.default\">\n\t\t\t\t<div class=\"elementor-widget-container\">\n\t\t\t\t\t<div class=\"bb-theme-elementor-wrap bb-elementor-custom-family\">\t\t\t\t<p><a href=\"https:\/\/www.unesco.org\/en\/youth\/global-youth-community\" target=\"_blank\" rel=\"noopener\">https:\/\/documents.worldbank.org\/en\/publication\/documents-reports\/documentdetail\/521501617301088299\/turkey-social-entrepreneurship-empowerment-and-cohesion-in-refugee-and-host-communities-in-turkey-projecthttps:\/\/www.unesco.org\/en\/youth\/global-youth-community<\/a><\/p>\t\t\t\t<\/div>\t\t\t\t<\/div>\n\t\t\t\t<\/div>\n\t\t\t\t\t<\/div>\n\t\t<\/div>\n\t\t\t\t\t<\/div>\n\t\t<\/section>\n\t\t\t\t<section class=\"elementor-section elementor-inner-section elementor-element elementor-element-3e11ac46 elementor-section-boxed elementor-section-height-default elementor-section-height-default wpr-particle-no wpr-jarallax-no wpr-parallax-no wpr-sticky-section-no\" data-id=\"3e11ac46\" data-element_type=\"section\" data-e-type=\"section\">\n\t\t\t\t\t\t<div class=\"elementor-container elementor-column-gap-default\">\n\t\t\t\t\t<div class=\"elementor-column elementor-col-50 elementor-inner-column elementor-element elementor-element-2ee2f0d7\" data-id=\"2ee2f0d7\" data-element_type=\"column\" data-e-type=\"column\" data-settings=\"{&quot;background_background&quot;:&quot;classic&quot;}\">\n\t\t\t<div class=\"elementor-widget-wrap elementor-element-populated\">\n\t\t\t\t\t\t<div class=\"elementor-element elementor-element-505c9585 elementor-widget elementor-widget-text-editor\" data-id=\"505c9585\" data-element_type=\"widget\" data-e-type=\"widget\" data-widget_type=\"text-editor.default\">\n\t\t\t\t<div class=\"elementor-widget-container\">\n\t\t\t\t\t<div class=\"bb-theme-elementor-wrap bb-elementor-custom-color bb-elementor-custom-family bb-elementor-custom-size bb-elementor-custom-line-height\">\t\t\t\t<p>SOMMARIO<\/p>\t\t\t\t<\/div>\t\t\t\t<\/div>\n\t\t\t\t<\/div>\n\t\t\t\t\t<\/div>\n\t\t<\/div>\n\t\t\t\t<div class=\"elementor-column elementor-col-50 elementor-inner-column elementor-element elementor-element-56af777f\" data-id=\"56af777f\" data-element_type=\"column\" data-e-type=\"column\" data-settings=\"{&quot;background_background&quot;:&quot;classic&quot;}\">\n\t\t\t<div class=\"elementor-widget-wrap elementor-element-populated\">\n\t\t\t\t\t\t<div class=\"elementor-element elementor-element-e9853e9 elementor-widget elementor-widget-text-editor\" data-id=\"e9853e9\" data-element_type=\"widget\" data-e-type=\"widget\" data-widget_type=\"text-editor.default\">\n\t\t\t\t<div class=\"elementor-widget-container\">\n\t\t\t\t\t<div class=\"bb-theme-elementor-wrap bb-elementor-custom-family\">\t\t\t\t<p>Il progetto SEECO mira a sostenere le donne e i giovani all'interno delle comunit\u00e0 di rifugiati e ospitanti in Turchia, ampliando le opportunit\u00e0 economiche e migliorando la coesione sociale. Il progetto, finanziato dall'Unione Europea e gestito dalla Banca Mondiale, sar\u00e0 attuato in 11 province con il Ministero dell'Industria e della Tecnologia (MoIT) come istituzione capofila. Le attivit\u00e0 principali comprendono il sostegno alle imprese sociali, la creazione di strutture comunitarie per il sostentamento e il rafforzamento delle capacit\u00e0 degli attori nazionali e locali. Sar\u00e0 nominato uno specialista IT per coordinare tutte le attivit\u00e0 relative all'IT, garantendo l'efficace realizzazione del progetto e il raggiungimento dei suoi obiettivi.<\/p>\t\t\t\t<\/div>\t\t\t\t<\/div>\n\t\t\t\t<\/div>\n\t\t\t\t\t<\/div>\n\t\t<\/div>\n\t\t\t\t\t<\/div>\n\t\t<\/section>\n\t\t\t\t<section class=\"elementor-section elementor-inner-section elementor-element elementor-element-3b564948 elementor-section-boxed elementor-section-height-default elementor-section-height-default wpr-particle-no wpr-jarallax-no wpr-parallax-no wpr-sticky-section-no\" data-id=\"3b564948\" data-element_type=\"section\" data-e-type=\"section\">\n\t\t\t\t\t\t<div class=\"elementor-container elementor-column-gap-default\">\n\t\t\t\t\t<div class=\"elementor-column elementor-col-50 elementor-inner-column elementor-element elementor-element-10b0e1e6\" data-id=\"10b0e1e6\" data-element_type=\"column\" data-e-type=\"column\" data-settings=\"{&quot;background_background&quot;:&quot;classic&quot;}\">\n\t\t\t<div class=\"elementor-widget-wrap elementor-element-populated\">\n\t\t\t\t\t\t<div class=\"elementor-element elementor-element-5a0836b5 elementor-widget elementor-widget-text-editor\" data-id=\"5a0836b5\" data-element_type=\"widget\" data-e-type=\"widget\" data-widget_type=\"text-editor.default\">\n\t\t\t\t<div class=\"elementor-widget-container\">\n\t\t\t\t\t<div class=\"bb-theme-elementor-wrap bb-elementor-custom-color bb-elementor-custom-family bb-elementor-custom-size bb-elementor-custom-line-height\">\t\t\t\t<p>OBIETTIVI<\/p>\t\t\t\t<\/div>\t\t\t\t<\/div>\n\t\t\t\t<\/div>\n\t\t\t\t\t<\/div>\n\t\t<\/div>\n\t\t\t\t<div class=\"elementor-column elementor-col-50 elementor-inner-column elementor-element elementor-element-46725026\" data-id=\"46725026\" data-element_type=\"column\" data-e-type=\"column\" data-settings=\"{&quot;background_background&quot;:&quot;classic&quot;}\">\n\t\t\t<div class=\"elementor-widget-wrap elementor-element-populated\">\n\t\t\t\t\t\t<div class=\"elementor-element elementor-element-3cb597fb elementor-widget elementor-widget-text-editor\" data-id=\"3cb597fb\" data-element_type=\"widget\" data-e-type=\"widget\" data-widget_type=\"text-editor.default\">\n\t\t\t\t<div class=\"elementor-widget-container\">\n\t\t\t\t\t<div class=\"bb-theme-elementor-wrap bb-elementor-custom-family\">\t\t\t\t<ul><li>Ampliare le opportunit\u00e0 economiche per le donne e i giovani nelle comunit\u00e0 di rifugiati e ospitanti.<br \/><br \/><\/li><li>Migliorare la coesione sociale tra le comunit\u00e0 di rifugiati e quelle ospitanti attraverso lo sviluppo imprenditoriale.<br \/><br \/><\/li><li>Sostenere la creazione e la sostenibilit\u00e0 delle imprese sociali.<br \/><br \/><\/li><li>Rafforzare le capacit\u00e0 istituzionali per lo sviluppo dei mezzi di sussistenza.<\/li><\/ul>\t\t\t\t<\/div>\t\t\t\t<\/div>\n\t\t\t\t<\/div>\n\t\t\t\t\t<\/div>\n\t\t<\/div>\n\t\t\t\t\t<\/div>\n\t\t<\/section>\n\t\t\t\t<section class=\"elementor-section elementor-inner-section elementor-element elementor-element-5760e0fa elementor-section-boxed elementor-section-height-default elementor-section-height-default wpr-particle-no wpr-jarallax-no wpr-parallax-no wpr-sticky-section-no\" data-id=\"5760e0fa\" data-element_type=\"section\" data-e-type=\"section\">\n\t\t\t\t\t\t<div class=\"elementor-container elementor-column-gap-default\">\n\t\t\t\t\t<div class=\"elementor-column elementor-col-50 elementor-inner-column elementor-element elementor-element-45fa515\" data-id=\"45fa515\" data-element_type=\"column\" data-e-type=\"column\" data-settings=\"{&quot;background_background&quot;:&quot;classic&quot;}\">\n\t\t\t<div class=\"elementor-widget-wrap elementor-element-populated\">\n\t\t\t\t\t\t<div class=\"elementor-element elementor-element-2b9df62d elementor-widget elementor-widget-text-editor\" data-id=\"2b9df62d\" data-element_type=\"widget\" data-e-type=\"widget\" data-widget_type=\"text-editor.default\">\n\t\t\t\t<div class=\"elementor-widget-container\">\n\t\t\t\t\t<div class=\"bb-theme-elementor-wrap bb-elementor-custom-color bb-elementor-custom-family bb-elementor-custom-size bb-elementor-custom-line-height\">\t\t\t\t<p>CONTESTO E BACKGROUND<\/p>\t\t\t\t<\/div>\t\t\t\t<\/div>\n\t\t\t\t<\/div>\n\t\t\t\t\t<\/div>\n\t\t<\/div>\n\t\t\t\t<div class=\"elementor-column elementor-col-50 elementor-inner-column elementor-element elementor-element-33dea6c8\" data-id=\"33dea6c8\" data-element_type=\"column\" data-e-type=\"column\" data-settings=\"{&quot;background_background&quot;:&quot;classic&quot;}\">\n\t\t\t<div class=\"elementor-widget-wrap elementor-element-populated\">\n\t\t\t\t\t\t<div class=\"elementor-element elementor-element-6c4c8296 elementor-widget elementor-widget-text-editor\" data-id=\"6c4c8296\" data-element_type=\"widget\" data-e-type=\"widget\" data-widget_type=\"text-editor.default\">\n\t\t\t\t<div class=\"elementor-widget-container\">\n\t\t\t\t\t<div class=\"bb-theme-elementor-wrap bb-elementor-custom-family\">\t\t\t\t<p>Il progetto SEECO affronta le sfide economiche e sociali che devono affrontare le donne e i giovani nelle comunit\u00e0 di rifugiati e ospitanti in tutta la Turchia. Il progetto risponde alla necessit\u00e0 di opportunit\u00e0 economiche sostenibili e di una maggiore coesione sociale, concentrandosi sull'imprenditoria sociale e sulle strutture di sussistenza basate sulla comunit\u00e0. Le province interessate sono aree con un'alta concentrazione di rifugiati vulnerabili, che richiedono sforzi coordinati per sostenere le imprese sociali e facilitare i processi decisionali partecipativi.<\/p>\t\t\t\t<\/div>\t\t\t\t<\/div>\n\t\t\t\t<\/div>\n\t\t\t\t\t<\/div>\n\t\t<\/div>\n\t\t\t\t\t<\/div>\n\t\t<\/section>\n\t\t\t\t<section class=\"elementor-section elementor-inner-section elementor-element elementor-element-29721134 elementor-section-boxed elementor-section-height-default elementor-section-height-default wpr-particle-no wpr-jarallax-no wpr-parallax-no wpr-sticky-section-no\" data-id=\"29721134\" data-element_type=\"section\" data-e-type=\"section\">\n\t\t\t\t\t\t<div class=\"elementor-container elementor-column-gap-default\">\n\t\t\t\t\t<div class=\"elementor-column elementor-col-50 elementor-inner-column elementor-element elementor-element-378b2eac\" data-id=\"378b2eac\" data-element_type=\"column\" data-e-type=\"column\" data-settings=\"{&quot;background_background&quot;:&quot;classic&quot;}\">\n\t\t\t<div class=\"elementor-widget-wrap elementor-element-populated\">\n\t\t\t\t\t\t<div class=\"elementor-element elementor-element-558fc43e elementor-widget elementor-widget-text-editor\" data-id=\"558fc43e\" data-element_type=\"widget\" data-e-type=\"widget\" data-widget_type=\"text-editor.default\">\n\t\t\t\t<div class=\"elementor-widget-container\">\n\t\t\t\t\t<div class=\"bb-theme-elementor-wrap bb-elementor-custom-color bb-elementor-custom-family bb-elementor-custom-size bb-elementor-custom-line-height\">\t\t\t\t<p>ATTUAZIONE: ATTIVIT\u00c0 E METODOLOGIE<\/p>\t\t\t\t<\/div>\t\t\t\t<\/div>\n\t\t\t\t<\/div>\n\t\t\t\t\t<\/div>\n\t\t<\/div>\n\t\t\t\t<div class=\"elementor-column elementor-col-50 elementor-inner-column elementor-element elementor-element-7d3ee740\" data-id=\"7d3ee740\" data-element_type=\"column\" data-e-type=\"column\" data-settings=\"{&quot;background_background&quot;:&quot;classic&quot;}\">\n\t\t\t<div class=\"elementor-widget-wrap elementor-element-populated\">\n\t\t\t\t\t\t<div class=\"elementor-element elementor-element-1cde2203 elementor-widget elementor-widget-text-editor\" data-id=\"1cde2203\" data-element_type=\"widget\" data-e-type=\"widget\" data-widget_type=\"text-editor.default\">\n\t\t\t\t<div class=\"elementor-widget-container\">\n\t\t\t\t\t<div class=\"bb-theme-elementor-wrap bb-elementor-custom-family\">\t\t\t\t<p>Attivit\u00e0 Chiave:<\/p><ul><li>Sviluppo e manutenzione di un sistema informativo per la gestione dei progetti.<\/li><li>Istituzione di un sistema di registrazione dei reclami e di un sito web dedicato al progetto.<\/li><li>Coordinamento delle attivit\u00e0 relative all'IT con il MoIT e altre parti interessate.<\/li><li>Supervision of software development for system integration and report generation.<\/li><\/ul><p>\u2013 Metodologie ed Approcci Innovativi<\/p><ul><li>Utilizzo di tecnologie civiche collaudate per le piattaforme online.<\/li><li>Attuazione di una strategia di sensibilizzazione digitale per i beneficiari e i partner.<\/li><\/ul><p>Risorse<\/p><ul><li>Finanziario: 39,5 milioni di euro di finanziamenti UE.<br \/>Umani: specialisti IT, dipartimento IT del MoIT, consulenti PIU.<\/li><li>Tecnico: sviluppo software, servizi web e infrastruttura IT.<\/li><\/ul><p>Partners e Stakeholders:<\/p><ul><li>MoIT, Banca mondiale, Unione europea, agenzie di sviluppo selezionate (DA).<\/li><\/ul>\t\t\t\t<\/div>\t\t\t\t<\/div>\n\t\t\t\t<\/div>\n\t\t\t\t\t<\/div>\n\t\t<\/div>\n\t\t\t\t\t<\/div>\n\t\t<\/section>\n\t\t\t\t<section class=\"elementor-section elementor-inner-section elementor-element elementor-element-46c84e7c elementor-section-boxed elementor-section-height-default elementor-section-height-default wpr-particle-no wpr-jarallax-no wpr-parallax-no wpr-sticky-section-no\" data-id=\"46c84e7c\" data-element_type=\"section\" data-e-type=\"section\" data-settings=\"{&quot;background_background&quot;:&quot;classic&quot;}\">\n\t\t\t\t\t\t<div class=\"elementor-container elementor-column-gap-default\">\n\t\t\t\t\t<div class=\"elementor-column elementor-col-50 elementor-inner-column elementor-element elementor-element-6e17e32b\" data-id=\"6e17e32b\" data-element_type=\"column\" data-e-type=\"column\" data-settings=\"{&quot;background_background&quot;:&quot;classic&quot;}\">\n\t\t\t<div class=\"elementor-widget-wrap elementor-element-populated\">\n\t\t\t\t\t\t<div class=\"elementor-element elementor-element-3bbe4ceb elementor-widget elementor-widget-text-editor\" data-id=\"3bbe4ceb\" data-element_type=\"widget\" data-e-type=\"widget\" data-widget_type=\"text-editor.default\">\n\t\t\t\t<div class=\"elementor-widget-container\">\n\t\t\t\t\t<div class=\"bb-theme-elementor-wrap bb-elementor-custom-color bb-elementor-custom-family bb-elementor-custom-size bb-elementor-custom-line-height\">\t\t\t\t<p>RISULTATI DEL PROGETTO E LEZIONI APPRESE<\/p>\t\t\t\t<\/div>\t\t\t\t<\/div>\n\t\t\t\t<\/div>\n\t\t\t\t\t<\/div>\n\t\t<\/div>\n\t\t\t\t<div class=\"elementor-column elementor-col-50 elementor-inner-column elementor-element elementor-element-6babdb36\" data-id=\"6babdb36\" data-element_type=\"column\" data-e-type=\"column\" data-settings=\"{&quot;background_background&quot;:&quot;classic&quot;}\">\n\t\t\t<div class=\"elementor-widget-wrap elementor-element-populated\">\n\t\t\t\t\t\t<div class=\"elementor-element elementor-element-3aa465d1 elementor-widget elementor-widget-text-editor\" data-id=\"3aa465d1\" data-element_type=\"widget\" data-e-type=\"widget\" data-widget_type=\"text-editor.default\">\n\t\t\t\t<div class=\"elementor-widget-container\">\n\t\t\t\t\t<div class=\"bb-theme-elementor-wrap bb-elementor-custom-family\">\t\t\t\t<p>Risultati principali<\/p><ul><li>Creazione di imprese sociali funzionali a beneficio delle donne e dei giovani.<\/li><li>Sviluppo di strutture comunitarie per il sostentamento.<\/li><li>Rafforzamento delle capacit\u00e0 istituzionali a livello nazionale e locale.<\/li><\/ul><p>Lezioni Apprese<\/p><ul><li>L'importanza del coinvolgimento locale nei processi decisionali.<\/li><li>Sfide nell'integrazione dei sistemi IT esistenti con il software di nuova concezione.<\/li><li>La necessit\u00e0 di un supporto tecnico e di una formazione continua per la sostenibilit\u00e0.<\/li><\/ul>\t\t\t\t<\/div>\t\t\t\t<\/div>\n\t\t\t\t<\/div>\n\t\t\t\t\t<\/div>\n\t\t<\/div>\n\t\t\t\t\t<\/div>\n\t\t<\/section>\n\t\t\t\t<section class=\"elementor-section elementor-inner-section elementor-element elementor-element-37bb4190 elementor-section-boxed elementor-section-height-default elementor-section-height-default wpr-particle-no wpr-jarallax-no wpr-parallax-no wpr-sticky-section-no\" data-id=\"37bb4190\" data-element_type=\"section\" data-e-type=\"section\">\n\t\t\t\t\t\t<div class=\"elementor-container elementor-column-gap-default\">\n\t\t\t\t\t<div class=\"elementor-column elementor-col-50 elementor-inner-column elementor-element elementor-element-2a1965dc\" data-id=\"2a1965dc\" data-element_type=\"column\" data-e-type=\"column\" data-settings=\"{&quot;background_background&quot;:&quot;classic&quot;}\">\n\t\t\t<div class=\"elementor-widget-wrap elementor-element-populated\">\n\t\t\t\t\t\t<div class=\"elementor-element elementor-element-597d7081 elementor-widget elementor-widget-text-editor\" data-id=\"597d7081\" data-element_type=\"widget\" data-e-type=\"widget\" data-widget_type=\"text-editor.default\">\n\t\t\t\t<div class=\"elementor-widget-container\">\n\t\t\t\t\t<div class=\"bb-theme-elementor-wrap bb-elementor-custom-color bb-elementor-custom-family bb-elementor-custom-size bb-elementor-custom-line-height\">\t\t\t\t<p>IMPATTO<\/p>\t\t\t\t<\/div>\t\t\t\t<\/div>\n\t\t\t\t<\/div>\n\t\t\t\t\t<\/div>\n\t\t<\/div>\n\t\t\t\t<div class=\"elementor-column elementor-col-50 elementor-inner-column elementor-element elementor-element-610794e5\" data-id=\"610794e5\" data-element_type=\"column\" data-e-type=\"column\" data-settings=\"{&quot;background_background&quot;:&quot;classic&quot;}\">\n\t\t\t<div class=\"elementor-widget-wrap elementor-element-populated\">\n\t\t\t\t\t\t<div class=\"elementor-element elementor-element-3c60b7 elementor-widget elementor-widget-text-editor\" data-id=\"3c60b7\" data-element_type=\"widget\" data-e-type=\"widget\" data-widget_type=\"text-editor.default\">\n\t\t\t\t<div class=\"elementor-widget-container\">\n\t\t\t\t\t<div class=\"bb-theme-elementor-wrap bb-elementor-custom-family\">\t\t\t\t<p>Impatto sulla comunit\u00e0: il progetto ha migliorato significativamente le opportunit\u00e0 economiche disponibili per le donne e i giovani nelle comunit\u00e0 di rifugiati e ospitanti, favorendo la coesione sociale e contribuendo allo sviluppo locale.<br \/><br \/>Coinvolgimento dei giovani: i giovani hanno partecipato attivamente alle attivit\u00e0 di imprenditoria sociale e alle iniziative di coinvolgimento della comunit\u00e0, contribuendo al successo del progetto.<\/p>\t\t\t\t<\/div>\t\t\t\t<\/div>\n\t\t\t\t<\/div>\n\t\t\t\t\t<\/div>\n\t\t<\/div>\n\t\t\t\t\t<\/div>\n\t\t<\/section>\n\t\t\t\t<section class=\"elementor-section elementor-inner-section elementor-element elementor-element-40cb0f0b elementor-section-boxed elementor-section-height-default elementor-section-height-default wpr-particle-no wpr-jarallax-no wpr-parallax-no wpr-sticky-section-no\" data-id=\"40cb0f0b\" data-element_type=\"section\" data-e-type=\"section\">\n\t\t\t\t\t\t<div class=\"elementor-container elementor-column-gap-default\">\n\t\t\t\t\t<div class=\"elementor-column elementor-col-50 elementor-inner-column elementor-element elementor-element-2ce58355\" data-id=\"2ce58355\" data-element_type=\"column\" data-e-type=\"column\" data-settings=\"{&quot;background_background&quot;:&quot;classic&quot;}\">\n\t\t\t<div class=\"elementor-widget-wrap elementor-element-populated\">\n\t\t\t\t\t\t<div class=\"elementor-element elementor-element-3a2de9a8 elementor-widget elementor-widget-text-editor\" data-id=\"3a2de9a8\" data-element_type=\"widget\" data-e-type=\"widget\" data-widget_type=\"text-editor.default\">\n\t\t\t\t<div class=\"elementor-widget-container\">\n\t\t\t\t\t<div class=\"bb-theme-elementor-wrap bb-elementor-custom-color bb-elementor-custom-family bb-elementor-custom-size bb-elementor-custom-line-height\">\t\t\t\t<p>INFORMAZIONI AGGIUNTIVE<\/p>\t\t\t\t<\/div>\t\t\t\t<\/div>\n\t\t\t\t<\/div>\n\t\t\t\t\t<\/div>\n\t\t<\/div>\n\t\t\t\t<div class=\"elementor-column elementor-col-50 elementor-inner-column elementor-element elementor-element-669612c6\" data-id=\"669612c6\" data-element_type=\"column\" data-e-type=\"column\" data-settings=\"{&quot;background_background&quot;:&quot;classic&quot;}\">\n\t\t\t<div class=\"elementor-widget-wrap elementor-element-populated\">\n\t\t\t\t\t\t<div class=\"elementor-element elementor-element-7ce9b597 elementor-widget elementor-widget-text-editor\" data-id=\"7ce9b597\" data-element_type=\"widget\" data-e-type=\"widget\" data-widget_type=\"text-editor.default\">\n\t\t\t\t<div class=\"elementor-widget-container\">\n\t\t\t\t\t<div class=\"bb-theme-elementor-wrap bb-elementor-custom-family\">\t\t\t\t<p>Il progetto SEECO dovrebbe concludersi nell'ultimo trimestre del 2024. Il progetto \u00e8 fortemente incentrato sulla sostenibilit\u00e0 e mira a garantire l'utilizzo a lungo termine dei sistemi informatici e delle strutture comunitarie realizzati durante la sua attuazione.<\/p>\t\t\t\t<\/div>\t\t\t\t<\/div>\n\t\t\t\t<\/div>\n\t\t\t\t\t<\/div>\n\t\t<\/div>\n\t\t\t\t\t<\/div>\n\t\t<\/section>\n\t\t\t\t\t<\/div>\n\t\t<\/div>\n\t\t\t\t\t<\/div>\n\t\t<\/section>\n\t\t\t\t<\/div>","protected":false},"excerpt":{"rendered":"<p>Back to the Good Practices Turkey &#8211; Social Entrepreneurship, Empowerment, and Cohesion in Refugee and Host Communities in Turkey Project GENERAL INFORMATION Location: Turkey (Ankara&hellip;<\/p>","protected":false},"author":140,"featured_media":0,"parent":0,"menu_order":0,"comment_status":"closed","ping_status":"closed","template":"","meta":{"_uag_custom_page_level_css":"","footnotes":""},"class_list":["post-5223","page","type-page","status-publish","hentry"],"uagb_featured_image_src":{"full":false,"thumbnail":false,"medium":false,"medium_large":false,"large":false,"1536x1536":false,"2048x2048":false,"trp-custom-language-flag":false,"post-thumbnail":false},"uagb_author_info":{"display_name":"L\u00e1szl\u00f3 Viniczai","author_link":"https:\/\/youthmatchpoint.eu\/it\/author\/viniczailaszlo\/"},"uagb_comment_info":0,"uagb_excerpt":"Back to the Good Practices Turkey &#8211; Social Entrepreneurship, Empowerment, and Cohesion in Refugee and Host Communities in Turkey Project GENERAL INFORMATION Location: Turkey (Ankara&hellip;","_links":{"self":[{"href":"https:\/\/youthmatchpoint.eu\/it\/wp-json\/wp\/v2\/pages\/5223","targetHints":{"allow":["GET"]}}],"collection":[{"href":"https:\/\/youthmatchpoint.eu\/it\/wp-json\/wp\/v2\/pages"}],"about":[{"href":"https:\/\/youthmatchpoint.eu\/it\/wp-json\/wp\/v2\/types\/page"}],"author":[{"embeddable":true,"href":"https:\/\/youthmatchpoint.eu\/it\/wp-json\/wp\/v2\/users\/140"}],"replies":[{"embeddable":true,"href":"https:\/\/youthmatchpoint.eu\/it\/wp-json\/wp\/v2\/comments?post=5223"}],"version-history":[{"count":35,"href":"https:\/\/youthmatchpoint.eu\/it\/wp-json\/wp\/v2\/pages\/5223\/revisions"}],"predecessor-version":[{"id":5458,"href":"https:\/\/youthmatchpoint.eu\/it\/wp-json\/wp\/v2\/pages\/5223\/revisions\/5458"}],"wp:attachment":[{"href":"https:\/\/youthmatchpoint.eu\/it\/wp-json\/wp\/v2\/media?parent=5223"}],"curies":[{"name":"wp","href":"https:\/\/api.w.org\/{rel}","templated":true}]}}